{"id":1413,"date":"2023-04-13T23:25:46","date_gmt":"2023-04-13T21:25:46","guid":{"rendered":"https:\/\/proto-fest.com\/staging\/?page_id=1413"},"modified":"2023-08-03T09:05:42","modified_gmt":"2023-08-03T07:05:42","slug":"the-sweet-melody-music-by-cecilia-aymi","status":"publish","type":"page","link":"https:\/\/proto-fest.com\/en\/the-sweet-melody-music-by-cecilia-aymi\/","title":{"rendered":"LA DOL\u00c7A MELODIA. M\u00fasica trobada and Cec\u00edlia Aym\u00ed"},"content":{"rendered":"<p>[vc_row unlock_row_content=&#8221;yes&#8221; row_height_percent=&#8221;0&#8243; override_padding=&#8221;yes&#8221; h_padding=&#8221;2&#8243; top_padding=&#8221;2&#8243; bottom_padding=&#8221;4&#8243; back_color=&#8221;color-jevc&#8221; overlay_alpha=&#8221;50&#8243; gutter_size=&#8221;3&#8243; column_width_percent=&#8221;100&#8243; shift_y=&#8221;0&#8243; z_index=&#8221;0&#8243; inverted_device_order=&#8221;yes&#8221; uncode_shortcode_id=&#8221;192280&#8243; back_color_type=&#8221;uncode-palette&#8221;][vc_column column_width_percent=&#8221;100&#8243; gutter_size=&#8221;1&#8243; style=&#8221;dark&#8221; overlay_alpha=&#8221;50&#8243; shift_x=&#8221;0&#8243; shift_y=&#8221;0&#8243; shift_y_down=&#8221;0&#8243; z_index=&#8221;0&#8243; medium_width=&#8221;0&#8243; mobile_width=&#8221;0&#8243; width=&#8221;1\/2&#8243;][vc_empty_space empty_h=&#8221;0&#8243;][vc_custom_heading heading_semantic=&#8221;h1&#8243; text_font=&#8221;font-555555&#8243; text_size=&#8221;fontsize-828701&#8243; text_height=&#8221;fontheight-262409&#8243; mobile_visibility=&#8221;yes&#8221; uncode_shortcode_id=&#8221;532994&#8243;]<em>La dol\u00e7a melodia<\/em><br \/>\nBaroque music[\/vc_custom_heading][vc_custom_heading heading_semantic=&#8221;h3&#8243; text_font=&#8221;font-187764&#8243; text_transform=&#8221;uppercase&#8221; mobile_visibility=&#8221;yes&#8221; uncode_shortcode_id=&#8221;825865&#8243;]M\u00daSICA TROBADA<br \/>\nAND CEC\u00cdLIA AYM\u00cd<br \/>\nCONCERT<\/p>\n<p>[\/vc_custom_heading][vc_custom_heading text_font=&#8221;font-105735&#8243; text_size=&#8221;h5&#8243; uncode_shortcode_id=&#8221;487049&#8243;]Wednesday 19 July,<br \/>\nat 20:00[\/vc_custom_heading][vc_empty_space empty_h=&#8221;0&#8243;][vc_custom_heading text_font=&#8221;font-555555&#8243; text_size=&#8221;h3&#8243; text_height=&#8221;fontheight-139874&#8243; mobile_visibility=&#8221;yes&#8221; uncode_shortcode_id=&#8221;193865&#8243;]Reials<br \/>\nCol\u00b7legis<br \/>\nin Tortosa[\/vc_custom_heading][vc_custom_heading heading_semantic=&#8221;h3&#8243; text_font=&#8221;font-942005&#8243; text_size=&#8221;h5&#8243; text_weight=&#8221;400&#8243; uncode_shortcode_id=&#8221;701152&#8243;]<a href=\"https:\/\/goo.gl\/maps\/1cVLq2VSaFJsEjbz7\" target=\"_blank\" rel=\"noopener\">See location<\/a><br \/>\nTickets: \u20ac5*<br \/>\n<em>*Includes a wine tasting from Celler Mas de Manxol<\/em>[\/vc_custom_heading][vc_empty_space empty_h=&#8221;2&#8243;][vc_column_text text_lead=&#8221;yes&#8221; uncode_shortcode_id=&#8221;118521&#8243;]<em>La dol\u00e7a melodia<\/em> is a programme of music dedicated to the composer and chapel choir master Pasqual Fuentes Alc\u00e0sser. Studying the composer, his music and texts, gives us an insight into eighteenth-century Valencia, a reality not too different from the present day. It is the history of a city of contrasts, of remarkable stories and everyday ones, in which we can recognize ourselves and feel identified. Performed here by the M\u00fasica Trobada group and the soprano Cecilia Aymi, <em>La dol\u00e7a melodia<\/em> is an excellent example of his work.<\/p>\n<p><strong>The music of Pasqual Fuentes Alc\u00e0sser<\/strong><br \/>\nPasqual Fuentes\u2019 compositions are surprising and captivating for a variety of reasons: the vast quantity of work he produced, the quality and use of a new musical language, the strong influence of the Italian style of music, his use of the Valencian language in some pieces, his elaborate vocal compositions, or the use of popular and traditional music. Furthermore, among the hundreds of pieces he wrote, we can find delightful gems such as the Missa per a la Mare de D\u00e9u dels Desemparats, from 1767.<\/p>\n<p>Fuentes\u2019 music can be found in many archives around the Spanish peninsula such as Cadiz Cathedral, the Escorial Monastery, Tarragona Cathedral, the National Library of Catalonia, Girona Cathedral, and the archives of Valencia.<\/p>\n<p>Research carried out by M\u00fasica Trobada has led to the recovery of about twenty of his compositions, many of which have been included in two recordings: lamentations and short popular pieces (villancets) in Valencian. The group has also performed his music at the Zarzuela Theatre in Madrid, and at festivals in V\u00e9lez Blanco, Pen\u00edscola and the Pyrenees.<\/p>\n<p><a href=\"https:\/\/www.youtube.com\/watch?v=oTjIBhf28Uk&amp;t=70s\" target=\"_blank\" rel=\"noopener\">Amor y bravura (Georg Friedrich H\u00e4ndel) performed by M\u00fasica Trobada<\/a>[\/vc_column_text][vc_empty_space empty_h=&#8221;2&#8243;][vc_raw_html]JTNDaWZyYW1lJTIwd2lkdGglM0QlMjI1NjAlMjIlMjBoZWlnaHQlM0QlMjIzMTUlMjIlMjBzcmMlM0QlMjJodHRwcyUzQSUyRiUyRnd3dy55b3V0dWJlLmNvbSUyRmVtYmVkJTJGb1RqSUJoZjI4VWslMjIlMjB0aXRsZSUzRCUyMllvdVR1YmUlMjB2aWRlbyUyMHBsYXllciUyMiUyMGZyYW1lYm9yZGVyJTNEJTIyMCUyMiUyMGFsbG93JTNEJTIyYWNjZWxlcm9tZXRlciUzQiUyMGF1dG9wbGF5JTNCJTIwY2xpcGJvYXJkLXdyaXRlJTNCJTIwZW5jcnlwdGVkLW1lZGlhJTNCJTIwZ3lyb3Njb3BlJTNCJTIwcGljdHVyZS1pbi1waWN0dXJlJTNCJTIwd2ViLXNoYXJlJTIyJTIwYWxsb3dmdWxsc2NyZWVuJTNFJTNDJTJGaWZyYW1lJTNF[\/vc_raw_html][\/vc_column][vc_column column_width_percent=&#8221;100&#8243; gutter_size=&#8221;2&#8243; style=&#8221;dark&#8221; overlay_alpha=&#8221;50&#8243; shift_x=&#8221;0&#8243; shift_y=&#8221;0&#8243; shift_y_down=&#8221;0&#8243; z_index=&#8221;0&#8243; medium_width=&#8221;0&#8243; mobile_width=&#8221;0&#8243; width=&#8221;1\/2&#8243;][vc_empty_space empty_h=&#8221;0&#8243;][vc_single_image media=&#8221;1656&#8243; media_width_percent=&#8221;80&#8243; uncode_shortcode_id=&#8221;146192&#8243;][\/vc_column][\/vc_row]<\/p>\n","protected":false},"excerpt":{"rendered":"<p>[vc_row unlock_row_content=&#8221;yes&#8221; row_height_percent=&#8221;0&#8243; override_padding=&#8221;yes&#8221; h_padding=&#8221;2&#8243; top_padding=&#8221;2&#8243; bottom_padding=&#8221;4&#8243; back_color=&#8221;color-jevc&#8221; overlay_alpha=&#8221;50&#8243; gutter_size=&#8221;3&#8243; column_width_percent=&#8221;100&#8243; shift_y=&#8221;0&#8243; z_index=&#8221;0&#8243; inverted_device_order=&#8221;yes&#8221; uncode_shortcode_id=&#8221;192280&#8243; back_color_type=&#8221;uncode-palette&#8221;][vc_column column_width_percent=&#8221;100&#8243; gutter_size=&#8221;1&#8243; style=&#8221;dark&#8221; overlay_alpha=&#8221;50&#8243; [&hellip;]<\/p>\n","protected":false},"author":1,"featured_media":0,"parent":0,"menu_order":0,"comment_status":"closed","ping_status":"closed","template":"","meta":{"_monsterinsights_skip_tracking":false,"_monsterinsights_sitenote_active":false,"_monsterinsights_sitenote_note":"","_monsterinsights_sitenote_category":0,"footnotes":""},"yoast_head":"<!-- This site is optimized with the Yoast SEO plugin v21.3 - https:\/\/yoast.com\/wordpress\/plugins\/seo\/ -->\n<title>LA DOL\u00c7A MELODIA. M\u00fasica trobada and Cec\u00edlia Aym\u00ed - Proto-fest<\/title>\n<meta name=\"description\" content=\"La dol\u00e7a melodia is a programme of music dedicated to the composer and chapel choir master Pasqual Fuentes Alc\u00e0sser performed by the M\u00fasica Trobada group and Cecilia Aymi.\" \/>\n<meta name=\"robots\" content=\"index, follow, max-snippet:-1, max-image-preview:large, max-video-preview:-1\" \/>\n<link rel=\"canonical\" href=\"https:\/\/proto-fest.com\/en\/the-sweet-melody-music-by-cecilia-aymi\/\" \/>\n<meta property=\"og:locale\" content=\"en_US\" \/>\n<meta property=\"og:type\" content=\"article\" \/>\n<meta property=\"og:title\" content=\"LA DOL\u00c7A MELODIA. M\u00fasica trobada and Cec\u00edlia Aym\u00ed - Proto-fest\" \/>\n<meta property=\"og:description\" content=\"La dol\u00e7a melodia is a programme of music dedicated to the composer and chapel choir master Pasqual Fuentes Alc\u00e0sser performed by the M\u00fasica Trobada group and Cecilia Aymi.\" \/>\n<meta property=\"og:url\" content=\"https:\/\/proto-fest.com\/en\/the-sweet-melody-music-by-cecilia-aymi\/\" \/>\n<meta property=\"og:site_name\" content=\"Proto-fest\" \/>\n<meta property=\"article:modified_time\" content=\"2023-08-03T07:05:42+00:00\" \/>\n<meta name=\"twitter:card\" content=\"summary_large_image\" \/>\n<meta name=\"twitter:label1\" content=\"Est. reading time\" \/>\n\t<meta name=\"twitter:data1\" content=\"3 minutes\" \/>\n<script type=\"application\/ld+json\" class=\"yoast-schema-graph\">{\"@context\":\"https:\/\/schema.org\",\"@graph\":[{\"@type\":\"WebPage\",\"@id\":\"https:\/\/proto-fest.com\/en\/the-sweet-melody-music-by-cecilia-aymi\/\",\"url\":\"https:\/\/proto-fest.com\/en\/the-sweet-melody-music-by-cecilia-aymi\/\",\"name\":\"LA DOL\u00c7A MELODIA. M\u00fasica trobada and Cec\u00edlia Aym\u00ed - Proto-fest\",\"isPartOf\":{\"@id\":\"https:\/\/proto-fest.com\/en\/#website\"},\"datePublished\":\"2023-04-13T21:25:46+00:00\",\"dateModified\":\"2023-08-03T07:05:42+00:00\",\"description\":\"La dol\u00e7a melodia is a programme of music dedicated to the composer and chapel choir master Pasqual Fuentes Alc\u00e0sser performed by the M\u00fasica Trobada group and Cecilia Aymi.\",\"breadcrumb\":{\"@id\":\"https:\/\/proto-fest.com\/en\/the-sweet-melody-music-by-cecilia-aymi\/#breadcrumb\"},\"inLanguage\":\"en-US\",\"potentialAction\":[{\"@type\":\"ReadAction\",\"target\":[\"https:\/\/proto-fest.com\/en\/the-sweet-melody-music-by-cecilia-aymi\/\"]}]},{\"@type\":\"BreadcrumbList\",\"@id\":\"https:\/\/proto-fest.com\/en\/the-sweet-melody-music-by-cecilia-aymi\/#breadcrumb\",\"itemListElement\":[{\"@type\":\"ListItem\",\"position\":1,\"name\":\"Home\",\"item\":\"https:\/\/proto-fest.com\/en\/\"},{\"@type\":\"ListItem\",\"position\":2,\"name\":\"LA DOL\u00c7A MELODIA. M\u00fasica trobada and Cec\u00edlia Aym\u00ed\"}]},{\"@type\":\"WebSite\",\"@id\":\"https:\/\/proto-fest.com\/en\/#website\",\"url\":\"https:\/\/proto-fest.com\/en\/\",\"name\":\"Proto-fest\",\"description\":\"Festival de m\u00fasica Tortosa\",\"publisher\":{\"@id\":\"https:\/\/proto-fest.com\/en\/#organization\"},\"potentialAction\":[{\"@type\":\"SearchAction\",\"target\":{\"@type\":\"EntryPoint\",\"urlTemplate\":\"https:\/\/proto-fest.com\/en\/?s={search_term_string}\"},\"query-input\":\"required name=search_term_string\"}],\"inLanguage\":\"en-US\"},{\"@type\":\"Organization\",\"@id\":\"https:\/\/proto-fest.com\/en\/#organization\",\"name\":\"Proto-fest\",\"url\":\"https:\/\/proto-fest.com\/en\/\",\"logo\":{\"@type\":\"ImageObject\",\"inLanguage\":\"en-US\",\"@id\":\"https:\/\/proto-fest.com\/en\/#\/schema\/logo\/image\/\",\"url\":\"https:\/\/proto-fest.com\/wp-content\/uploads\/2026\/04\/cropped-cropped-logo_proto6_header-01-1-1.png\",\"contentUrl\":\"https:\/\/proto-fest.com\/wp-content\/uploads\/2026\/04\/cropped-cropped-logo_proto6_header-01-1-1.png\",\"width\":323,\"height\":143,\"caption\":\"Proto-fest\"},\"image\":{\"@id\":\"https:\/\/proto-fest.com\/en\/#\/schema\/logo\/image\/\"}}]}<\/script>\n<!-- \/ Yoast SEO plugin. -->","yoast_head_json":{"title":"LA DOL\u00c7A MELODIA. M\u00fasica trobada and Cec\u00edlia Aym\u00ed - Proto-fest","description":"La dol\u00e7a melodia is a programme of music dedicated to the composer and chapel choir master Pasqual Fuentes Alc\u00e0sser performed by the M\u00fasica Trobada group and Cecilia Aymi.","robots":{"index":"index","follow":"follow","max-snippet":"max-snippet:-1","max-image-preview":"max-image-preview:large","max-video-preview":"max-video-preview:-1"},"canonical":"https:\/\/proto-fest.com\/en\/the-sweet-melody-music-by-cecilia-aymi\/","og_locale":"en_US","og_type":"article","og_title":"LA DOL\u00c7A MELODIA. M\u00fasica trobada and Cec\u00edlia Aym\u00ed - Proto-fest","og_description":"La dol\u00e7a melodia is a programme of music dedicated to the composer and chapel choir master Pasqual Fuentes Alc\u00e0sser performed by the M\u00fasica Trobada group and Cecilia Aymi.","og_url":"https:\/\/proto-fest.com\/en\/the-sweet-melody-music-by-cecilia-aymi\/","og_site_name":"Proto-fest","article_modified_time":"2023-08-03T07:05:42+00:00","twitter_card":"summary_large_image","twitter_misc":{"Est. reading time":"3 minutes"},"schema":{"@context":"https:\/\/schema.org","@graph":[{"@type":"WebPage","@id":"https:\/\/proto-fest.com\/en\/the-sweet-melody-music-by-cecilia-aymi\/","url":"https:\/\/proto-fest.com\/en\/the-sweet-melody-music-by-cecilia-aymi\/","name":"LA DOL\u00c7A MELODIA. M\u00fasica trobada and Cec\u00edlia Aym\u00ed - Proto-fest","isPartOf":{"@id":"https:\/\/proto-fest.com\/en\/#website"},"datePublished":"2023-04-13T21:25:46+00:00","dateModified":"2023-08-03T07:05:42+00:00","description":"La dol\u00e7a melodia is a programme of music dedicated to the composer and chapel choir master Pasqual Fuentes Alc\u00e0sser performed by the M\u00fasica Trobada group and Cecilia Aymi.","breadcrumb":{"@id":"https:\/\/proto-fest.com\/en\/the-sweet-melody-music-by-cecilia-aymi\/#breadcrumb"},"inLanguage":"en-US","potentialAction":[{"@type":"ReadAction","target":["https:\/\/proto-fest.com\/en\/the-sweet-melody-music-by-cecilia-aymi\/"]}]},{"@type":"BreadcrumbList","@id":"https:\/\/proto-fest.com\/en\/the-sweet-melody-music-by-cecilia-aymi\/#breadcrumb","itemListElement":[{"@type":"ListItem","position":1,"name":"Home","item":"https:\/\/proto-fest.com\/en\/"},{"@type":"ListItem","position":2,"name":"LA DOL\u00c7A MELODIA. M\u00fasica trobada and Cec\u00edlia Aym\u00ed"}]},{"@type":"WebSite","@id":"https:\/\/proto-fest.com\/en\/#website","url":"https:\/\/proto-fest.com\/en\/","name":"Proto-fest","description":"Festival de m\u00fasica Tortosa","publisher":{"@id":"https:\/\/proto-fest.com\/en\/#organization"},"potentialAction":[{"@type":"SearchAction","target":{"@type":"EntryPoint","urlTemplate":"https:\/\/proto-fest.com\/en\/?s={search_term_string}"},"query-input":"required name=search_term_string"}],"inLanguage":"en-US"},{"@type":"Organization","@id":"https:\/\/proto-fest.com\/en\/#organization","name":"Proto-fest","url":"https:\/\/proto-fest.com\/en\/","logo":{"@type":"ImageObject","inLanguage":"en-US","@id":"https:\/\/proto-fest.com\/en\/#\/schema\/logo\/image\/","url":"https:\/\/proto-fest.com\/wp-content\/uploads\/2026\/04\/cropped-cropped-logo_proto6_header-01-1-1.png","contentUrl":"https:\/\/proto-fest.com\/wp-content\/uploads\/2026\/04\/cropped-cropped-logo_proto6_header-01-1-1.png","width":323,"height":143,"caption":"Proto-fest"},"image":{"@id":"https:\/\/proto-fest.com\/en\/#\/schema\/logo\/image\/"}}]}},"_links":{"self":[{"href":"https:\/\/proto-fest.com\/en\/wp-json\/wp\/v2\/pages\/1413"}],"collection":[{"href":"https:\/\/proto-fest.com\/en\/wp-json\/wp\/v2\/pages"}],"about":[{"href":"https:\/\/proto-fest.com\/en\/wp-json\/wp\/v2\/types\/page"}],"author":[{"embeddable":true,"href":"https:\/\/proto-fest.com\/en\/wp-json\/wp\/v2\/users\/1"}],"replies":[{"embeddable":true,"href":"https:\/\/proto-fest.com\/en\/wp-json\/wp\/v2\/comments?post=1413"}],"version-history":[{"count":10,"href":"https:\/\/proto-fest.com\/en\/wp-json\/wp\/v2\/pages\/1413\/revisions"}],"predecessor-version":[{"id":2257,"href":"https:\/\/proto-fest.com\/en\/wp-json\/wp\/v2\/pages\/1413\/revisions\/2257"}],"wp:attachment":[{"href":"https:\/\/proto-fest.com\/en\/wp-json\/wp\/v2\/media?parent=1413"}],"curies":[{"name":"wp","href":"https:\/\/api.w.org\/{rel}","templated":true}]}}