{"id":59149,"date":"2025-05-07T20:39:16","date_gmt":"2025-05-07T18:39:16","guid":{"rendered":"https:\/\/proto-fest.com\/masterclasses-2025\/"},"modified":"2026-04-03T08:50:58","modified_gmt":"2026-04-03T06:50:58","slug":"masterclasses-2026","status":"publish","type":"page","link":"https:\/\/proto-fest.com\/en\/masterclasses-2026\/","title":{"rendered":"MASTERCLASSES 2026"},"content":{"rendered":"<p>[vc_row][vc_column width=&#8221;1\/1&#8243;][vc_custom_heading text_font=&#8221;font-813966&#8243; text_size=&#8221;fontsize-556981&#8243; uncode_shortcode_id=&#8221;114249&#8243; el_class=&#8221;center&#8221;]Masterclasses[\/vc_custom_heading][vc_empty_space empty_h=&#8221;2&#8243;][vc_custom_heading heading_semantic=&#8221;h3&#8243; text_font=&#8221;font-105735&#8243; uncode_shortcode_id=&#8221;435865&#8243;]<strong>PROTO-FEST TRAINING<\/strong>[\/vc_custom_heading][vc_custom_heading heading_semantic=&#8221;h5&#8243; text_font=&#8221;font-555555&#8243; text_size=&#8221;h5&#8243; uncode_shortcode_id=&#8221;106991&#8243;]<strong>Proto-fest has been firmly committed to training since its very first edition. This is why the festival\u2019s general programme of activities includes masterclasses in small groups for bandonean, violin, viola, chamber music, and choral and orchestral voice and performance.<\/strong><\/p>\n<p><strong>\u00a0<\/strong><\/p>\n<p><span style=\"font-weight: 400;\">The teaching staff will include renowned names such as violinist <strong>Rivka Golani<\/strong>\u00a0(professor at the Trinity College London); bandoneon player and composer <strong>Marcelo Mercadante<\/strong>\u00a0(collaborator with artists such as Joan Manuel Serrat, Miguel Poveda and S\u00edlvia P\u00e9rez Cruz); counter tenor and pianist <strong>Jordi Dom\u00e8nech<\/strong>\u00a0(having performed at the Liceu and specialising in baroque music); choir and orchestra conductor <strong>Francesc Valldecabres<\/strong>\u00a0(professor at the Professional Conservatory of Catarroja and conductor of Orfe\u00f3 Universitari de Val\u00e8ncia); and <strong>Mireia Andreu<\/strong>, stage manager and theatre professor.<\/span>[\/vc_custom_heading][vc_empty_space empty_h=&#8221;2&#8243;][\/vc_column][\/vc_row][vc_row row_height_percent=&#8221;0&#8243; back_color=&#8221;color-jevc&#8221; overlay_alpha=&#8221;50&#8243; gutter_size=&#8221;3&#8243; column_width_percent=&#8221;100&#8243; shift_y=&#8221;0&#8243; z_index=&#8221;0&#8243; uncode_shortcode_id=&#8221;144207&#8243; back_color_type=&#8221;uncode-palette&#8221;][vc_column column_width_percent=&#8221;100&#8243; align_horizontal=&#8221;align_center&#8221; gutter_size=&#8221;3&#8243; overlay_alpha=&#8221;50&#8243; shift_x=&#8221;0&#8243; shift_y=&#8221;0&#8243; shift_y_down=&#8221;0&#8243; z_index=&#8221;0&#8243; medium_width=&#8221;0&#8243; mobile_width=&#8221;0&#8243; width=&#8221;1\/1&#8243; uncode_shortcode_id=&#8221;785902&#8243;][vc_button size=&#8221;btn-xl&#8221; border_width=&#8221;0&#8243; link=&#8221;url:https%3A%2F%2Fproto-fest.com%2Fen%2Fincripcions-masterclasses-2025%2F|title:Inscripcions%20Masterclasses%202025&#8243; uncode_shortcode_id=&#8221;543919&#8243;]REGISTRATION[\/vc_button][vc_custom_heading text_color=&#8221;color-jevc&#8221; heading_semantic=&#8221;h3&#8243; text_font=&#8221;font-555555&#8243; text_size=&#8221;h4&#8243; uncode_shortcode_id=&#8221;212544&#8243; el_class=&#8221;center&#8221; text_color_type=&#8221;uncode-palette&#8221;][\/vc_custom_heading][\/vc_column][\/vc_row][vc_row unlock_row_content=&#8221;yes&#8221; row_height_percent=&#8221;0&#8243; override_padding=&#8221;yes&#8221; h_padding=&#8221;2&#8243; top_padding=&#8221;2&#8243; bottom_padding=&#8221;2&#8243; overlay_alpha=&#8221;50&#8243; gutter_size=&#8221;3&#8243; column_width_percent=&#8221;100&#8243; shift_y=&#8221;0&#8243; z_index=&#8221;0&#8243; uncode_shortcode_id=&#8221;738588&#8243;][vc_column width=&#8221;1\/1&#8243;][vc_separator sep_color=&#8221;color-prif&#8221; el_width=&#8221;100%&#8221; el_height=&#8221;1px&#8221;][\/vc_column][\/vc_row][vc_row unlock_row_content=&#8221;yes&#8221; row_height_percent=&#8221;35&#8243; override_padding=&#8221;yes&#8221; h_padding=&#8221;2&#8243; top_padding=&#8221;4&#8243; bottom_padding=&#8221;2&#8243; overlay_alpha=&#8221;50&#8243; gutter_size=&#8221;3&#8243; column_width_percent=&#8221;100&#8243; shift_y=&#8221;0&#8243; z_index=&#8221;0&#8243; uncode_shortcode_id=&#8221;147351&#8243;][vc_column column_width_percent=&#8221;100&#8243; gutter_size=&#8221;1&#8243; overlay_alpha=&#8221;50&#8243; shift_x=&#8221;0&#8243; shift_y=&#8221;0&#8243; shift_y_down=&#8221;0&#8243; z_index=&#8221;0&#8243; medium_width=&#8221;0&#8243; mobile_width=&#8221;0&#8243; width=&#8221;1\/3&#8243;][vc_single_image media=&#8221;58394&#8243; media_lightbox=&#8221;yes&#8221; media_width_percent=&#8221;100&#8243; uncode_shortcode_id=&#8221;857526&#8243;][\/vc_column][vc_column width=&#8221;1\/3&#8243;][vc_custom_heading heading_semantic=&#8221;h3&#8243; text_font=&#8221;font-105735&#8243; uncode_shortcode_id=&#8221;121558&#8243;]<strong>OPERA STUDIO, BAROQUE OPERA MASTERCLASS <\/strong><strong>with Jordi Dom\u00e8nech<\/strong>[\/vc_custom_heading][vc_empty_space empty_h=&#8221;1&#8243;][vc_custom_heading heading_semantic=&#8221;h3&#8243; text_font=&#8221;font-555555&#8243; text_size=&#8221;h4&#8243; uncode_shortcode_id=&#8221;223907&#8243;]<strong>23 to 27 July<\/strong><\/p>\n<p><strong>10 a.m. to 2 p.m. and 4 p.m. to 7 p.m.<\/strong><\/p>\n<p><strong>Price: \u20ac290 (classes) \/ \u20ac390 (classes + accommodation)<\/strong>[\/vc_custom_heading][vc_empty_space empty_h=&#8221;1&#8243;][\/vc_column][vc_column width=&#8221;1\/3&#8243;][vc_custom_heading heading_semantic=&#8221;h3&#8243; text_font=&#8221;font-555555&#8243; text_size=&#8221;h4&#8243; uncode_shortcode_id=&#8221;390991&#8243;]<\/p>\n<p data-start=\"1332\" data-end=\"1953\">Following the positive reception at the <strong>Proto-fest 2025<\/strong> edition, this year the festival once again offers an intensive five-day workshop dedicated to the study of arias by Baroque composers. This programme combines musical and stage training with rehearsals of recitatives and arias under the guidance of <strong>pianist and singer Jordi Dom\u00e8nech<\/strong>, along with performance coaching led by <strong>stage director and theatre teacher Mireia Andreu.<\/strong> The sessions will feature harpsichord accompaniment by Josep Mateu. The workshop will culminate in a staged performance with orchestral accompaniment, as part of the <strong>Proto-fest 2026 programme<\/strong>.<\/p>\n<p data-start=\"1955\" data-end=\"2560\"><strong>Jordi Dom\u00e8nech<\/strong> has worked with numerous ensembles specialising in early and Baroque music. He has performed with orchestras such as Orphenica Lyra, Europa Galante, NeoBarock, La Colombina, Early Opera Company, London Baroque and Al Ayre Espa\u00f1ol, among others. His career has taken him to major European festivals of early music and Baroque opera, and he has performed in international theatres and concert halls such as La Scala in Milan, the Hamburg State Opera and the Gran Teatre del Liceu in Barcelona. He is regarded as one of the leading performers in our country specialising in Baroque repertoire.<\/p>\n<p data-start=\"997\" data-end=\"1537\"><strong>To participate in this programme,<\/strong> each student must select two Baroque opera arias with their preceding recitative \u2014if applicable\u2014 or alternatively one aria and one duet. The works must be written for string orchestra or basso continuo alone and must be performed from memory. Based on the repertoire proposed by the participants, the workshop director may suggest adjustments, propose new works, and coordinate duet scenes. For any questions related to the repertoire, you may contact Jordi Dom\u00e8nech directly at <strong><a class=\"decorated-link cursor-pointer\" rel=\"noopener\" data-start=\"1510\" data-end=\"1536\">domenechjordi222@gmail.com<\/a>.<\/strong><\/p>\n<p data-start=\"1539\" data-end=\"1835\">Participation in the masterclass will require a pre-selection process through the submission of a video by the applicant, lasting between 3 and 10 minutes, along with a brief CV. It should be sent to: <a class=\"decorated-link cursor-pointer\" rel=\"noopener\" data-start=\"1740\" data-end=\"1759\">festproto@gmail.com<\/a>.<\/p>\n<p data-start=\"1539\" data-end=\"1835\">The organisation will contact participants to confirm their participation.<\/p>\n<p>[\/vc_custom_heading][\/vc_column][\/vc_row][vc_row unlock_row_content=&#8221;yes&#8221; row_height_percent=&#8221;0&#8243; override_padding=&#8221;yes&#8221; h_padding=&#8221;2&#8243; top_padding=&#8221;2&#8243; bottom_padding=&#8221;2&#8243; overlay_alpha=&#8221;50&#8243; gutter_size=&#8221;3&#8243; column_width_percent=&#8221;100&#8243; shift_y=&#8221;0&#8243; z_index=&#8221;0&#8243; uncode_shortcode_id=&#8221;738588&#8243;][vc_column width=&#8221;1\/1&#8243;][vc_separator sep_color=&#8221;color-prif&#8221; el_width=&#8221;100%&#8221; el_height=&#8221;1px&#8221;][\/vc_column][\/vc_row]<\/p>\n","protected":false},"excerpt":{"rendered":"<p>[vc_row][vc_column width=&#8221;1\/1&#8243;][vc_custom_heading text_font=&#8221;font-813966&#8243; text_size=&#8221;fontsize-556981&#8243; uncode_shortcode_id=&#8221;114249&#8243; el_class=&#8221;center&#8221;]Masterclasses[\/vc_custom_heading][vc_empty_space empty_h=&#8221;2&#8243;][vc_custom_heading heading_semantic=&#8221;h3&#8243; text_font=&#8221;font-105735&#8243; uncode_shortcode_id=&#8221;435865&#8243;]PROTO-FEST TRAINING[\/vc_custom_heading][vc_custom_heading heading_semantic=&#8221;h5&#8243; text_font=&#8221;font-555555&#8243; text_size=&#8221;h5&#8243; uncode_shortcode_id=&#8221;106991&#8243;]Proto-fest has been firmly committed to [&hellip;]<\/p>\n","protected":false},"author":1,"featured_media":0,"parent":0,"menu_order":0,"comment_status":"closed","ping_status":"closed","template":"","meta":{"_monsterinsights_skip_tracking":false,"_monsterinsights_sitenote_active":false,"_monsterinsights_sitenote_note":"","_monsterinsights_sitenote_category":0,"footnotes":""},"yoast_head":"<!-- This site is optimized with the Yoast SEO plugin v21.3 - https:\/\/yoast.com\/wordpress\/plugins\/seo\/ -->\n<title>MASTERCLASSES 2026 - Proto-fest<\/title>\n<meta name=\"description\" content=\"Del 23 de juliol al 2 d&#039;agost de 2025 tindr\u00e0 lloc la 5\u00aa edici\u00f3 del Proto-fest. Festival de M\u00fasica de Tortosa que inundar\u00e0 amb m\u00fasica la ciutat.\" \/>\n<meta name=\"robots\" content=\"index, follow, max-snippet:-1, max-image-preview:large, max-video-preview:-1\" \/>\n<link rel=\"canonical\" href=\"https:\/\/proto-fest.com\/en\/masterclasses-2026\/\" \/>\n<meta property=\"og:locale\" content=\"en_US\" \/>\n<meta property=\"og:type\" content=\"article\" \/>\n<meta property=\"og:title\" content=\"Proto-fest. Festival de M\u00fasica de Tortosa\" \/>\n<meta property=\"og:description\" content=\"Del 23 de juliol al 2 d&#039;agost de 2025 torna el Festival de M\u00fasica de Tortosa que inundar\u00e0 amb m\u00fasica la ciutat.\" \/>\n<meta property=\"og:url\" content=\"https:\/\/proto-fest.com\/en\/masterclasses-2026\/\" \/>\n<meta property=\"og:site_name\" content=\"Proto-fest\" \/>\n<meta property=\"article:modified_time\" content=\"2026-04-03T06:50:58+00:00\" \/>\n<meta property=\"og:image\" content=\"https:\/\/proto-fest.com\/wp-content\/uploads\/2025\/05\/logo_proto5_social-01.png\" \/>\n\t<meta property=\"og:image:width\" content=\"200\" \/>\n\t<meta property=\"og:image:height\" content=\"200\" \/>\n\t<meta property=\"og:image:type\" content=\"image\/png\" \/>\n<meta name=\"twitter:card\" content=\"summary_large_image\" \/>\n<meta name=\"twitter:title\" content=\"Proto-fest. Festival de M\u00fasica de Tortosa\" \/>\n<meta name=\"twitter:description\" content=\"Del 23 de juliol al 2 d&#039;agost de 2025 torna el Festival de M\u00fasica de Tortosa que inundar\u00e0 amb m\u00fasica la ciutat.\" \/>\n<meta name=\"twitter:image\" content=\"https:\/\/proto-fest.com\/wp-content\/uploads\/2025\/05\/logo_proto5_social-01.png\" \/>\n<meta name=\"twitter:label1\" content=\"Est. reading time\" \/>\n\t<meta name=\"twitter:data1\" content=\"4 minutes\" \/>\n<script type=\"application\/ld+json\" class=\"yoast-schema-graph\">{\"@context\":\"https:\/\/schema.org\",\"@graph\":[{\"@type\":\"WebPage\",\"@id\":\"https:\/\/proto-fest.com\/en\/masterclasses-2026\/\",\"url\":\"https:\/\/proto-fest.com\/en\/masterclasses-2026\/\",\"name\":\"MASTERCLASSES 2026 - Proto-fest\",\"isPartOf\":{\"@id\":\"https:\/\/proto-fest.com\/en\/#website\"},\"datePublished\":\"2025-05-07T18:39:16+00:00\",\"dateModified\":\"2026-04-03T06:50:58+00:00\",\"description\":\"Del 23 de juliol al 2 d'agost de 2025 tindr\u00e0 lloc la 5\u00aa edici\u00f3 del Proto-fest. Festival de M\u00fasica de Tortosa que inundar\u00e0 amb m\u00fasica la ciutat.\",\"breadcrumb\":{\"@id\":\"https:\/\/proto-fest.com\/en\/masterclasses-2026\/#breadcrumb\"},\"inLanguage\":\"en-US\",\"potentialAction\":[{\"@type\":\"ReadAction\",\"target\":[\"https:\/\/proto-fest.com\/en\/masterclasses-2026\/\"]}]},{\"@type\":\"BreadcrumbList\",\"@id\":\"https:\/\/proto-fest.com\/en\/masterclasses-2026\/#breadcrumb\",\"itemListElement\":[{\"@type\":\"ListItem\",\"position\":1,\"name\":\"Home\",\"item\":\"https:\/\/proto-fest.com\/en\/\"},{\"@type\":\"ListItem\",\"position\":2,\"name\":\"Proto-fest\"}]},{\"@type\":\"WebSite\",\"@id\":\"https:\/\/proto-fest.com\/en\/#website\",\"url\":\"https:\/\/proto-fest.com\/en\/\",\"name\":\"Proto-fest\",\"description\":\"Festival de m\u00fasica Tortosa\",\"publisher\":{\"@id\":\"https:\/\/proto-fest.com\/en\/#organization\"},\"potentialAction\":[{\"@type\":\"SearchAction\",\"target\":{\"@type\":\"EntryPoint\",\"urlTemplate\":\"https:\/\/proto-fest.com\/en\/?s={search_term_string}\"},\"query-input\":\"required name=search_term_string\"}],\"inLanguage\":\"en-US\"},{\"@type\":\"Organization\",\"@id\":\"https:\/\/proto-fest.com\/en\/#organization\",\"name\":\"Proto-fest\",\"url\":\"https:\/\/proto-fest.com\/en\/\",\"logo\":{\"@type\":\"ImageObject\",\"inLanguage\":\"en-US\",\"@id\":\"https:\/\/proto-fest.com\/en\/#\/schema\/logo\/image\/\",\"url\":\"https:\/\/proto-fest.com\/wp-content\/uploads\/2026\/04\/cropped-cropped-logo_proto6_header-01-1-1.png\",\"contentUrl\":\"https:\/\/proto-fest.com\/wp-content\/uploads\/2026\/04\/cropped-cropped-logo_proto6_header-01-1-1.png\",\"width\":323,\"height\":143,\"caption\":\"Proto-fest\"},\"image\":{\"@id\":\"https:\/\/proto-fest.com\/en\/#\/schema\/logo\/image\/\"}}]}<\/script>\n<!-- \/ Yoast SEO plugin. -->","yoast_head_json":{"title":"MASTERCLASSES 2026 - Proto-fest","description":"Del 23 de juliol al 2 d'agost de 2025 tindr\u00e0 lloc la 5\u00aa edici\u00f3 del Proto-fest. Festival de M\u00fasica de Tortosa que inundar\u00e0 amb m\u00fasica la ciutat.","robots":{"index":"index","follow":"follow","max-snippet":"max-snippet:-1","max-image-preview":"max-image-preview:large","max-video-preview":"max-video-preview:-1"},"canonical":"https:\/\/proto-fest.com\/en\/masterclasses-2026\/","og_locale":"en_US","og_type":"article","og_title":"Proto-fest. Festival de M\u00fasica de Tortosa","og_description":"Del 23 de juliol al 2 d'agost de 2025 torna el Festival de M\u00fasica de Tortosa que inundar\u00e0 amb m\u00fasica la ciutat.","og_url":"https:\/\/proto-fest.com\/en\/masterclasses-2026\/","og_site_name":"Proto-fest","article_modified_time":"2026-04-03T06:50:58+00:00","og_image":[{"width":200,"height":200,"url":"https:\/\/proto-fest.com\/wp-content\/uploads\/2025\/05\/logo_proto5_social-01.png","type":"image\/png"}],"twitter_card":"summary_large_image","twitter_title":"Proto-fest. Festival de M\u00fasica de Tortosa","twitter_description":"Del 23 de juliol al 2 d'agost de 2025 torna el Festival de M\u00fasica de Tortosa que inundar\u00e0 amb m\u00fasica la ciutat.","twitter_image":"https:\/\/proto-fest.com\/wp-content\/uploads\/2025\/05\/logo_proto5_social-01.png","twitter_misc":{"Est. reading time":"4 minutes"},"schema":{"@context":"https:\/\/schema.org","@graph":[{"@type":"WebPage","@id":"https:\/\/proto-fest.com\/en\/masterclasses-2026\/","url":"https:\/\/proto-fest.com\/en\/masterclasses-2026\/","name":"MASTERCLASSES 2026 - Proto-fest","isPartOf":{"@id":"https:\/\/proto-fest.com\/en\/#website"},"datePublished":"2025-05-07T18:39:16+00:00","dateModified":"2026-04-03T06:50:58+00:00","description":"Del 23 de juliol al 2 d'agost de 2025 tindr\u00e0 lloc la 5\u00aa edici\u00f3 del Proto-fest. Festival de M\u00fasica de Tortosa que inundar\u00e0 amb m\u00fasica la ciutat.","breadcrumb":{"@id":"https:\/\/proto-fest.com\/en\/masterclasses-2026\/#breadcrumb"},"inLanguage":"en-US","potentialAction":[{"@type":"ReadAction","target":["https:\/\/proto-fest.com\/en\/masterclasses-2026\/"]}]},{"@type":"BreadcrumbList","@id":"https:\/\/proto-fest.com\/en\/masterclasses-2026\/#breadcrumb","itemListElement":[{"@type":"ListItem","position":1,"name":"Home","item":"https:\/\/proto-fest.com\/en\/"},{"@type":"ListItem","position":2,"name":"Proto-fest"}]},{"@type":"WebSite","@id":"https:\/\/proto-fest.com\/en\/#website","url":"https:\/\/proto-fest.com\/en\/","name":"Proto-fest","description":"Festival de m\u00fasica Tortosa","publisher":{"@id":"https:\/\/proto-fest.com\/en\/#organization"},"potentialAction":[{"@type":"SearchAction","target":{"@type":"EntryPoint","urlTemplate":"https:\/\/proto-fest.com\/en\/?s={search_term_string}"},"query-input":"required name=search_term_string"}],"inLanguage":"en-US"},{"@type":"Organization","@id":"https:\/\/proto-fest.com\/en\/#organization","name":"Proto-fest","url":"https:\/\/proto-fest.com\/en\/","logo":{"@type":"ImageObject","inLanguage":"en-US","@id":"https:\/\/proto-fest.com\/en\/#\/schema\/logo\/image\/","url":"https:\/\/proto-fest.com\/wp-content\/uploads\/2026\/04\/cropped-cropped-logo_proto6_header-01-1-1.png","contentUrl":"https:\/\/proto-fest.com\/wp-content\/uploads\/2026\/04\/cropped-cropped-logo_proto6_header-01-1-1.png","width":323,"height":143,"caption":"Proto-fest"},"image":{"@id":"https:\/\/proto-fest.com\/en\/#\/schema\/logo\/image\/"}}]}},"_links":{"self":[{"href":"https:\/\/proto-fest.com\/en\/wp-json\/wp\/v2\/pages\/59149"}],"collection":[{"href":"https:\/\/proto-fest.com\/en\/wp-json\/wp\/v2\/pages"}],"about":[{"href":"https:\/\/proto-fest.com\/en\/wp-json\/wp\/v2\/types\/page"}],"author":[{"embeddable":true,"href":"https:\/\/proto-fest.com\/en\/wp-json\/wp\/v2\/users\/1"}],"replies":[{"embeddable":true,"href":"https:\/\/proto-fest.com\/en\/wp-json\/wp\/v2\/comments?post=59149"}],"version-history":[{"count":13,"href":"https:\/\/proto-fest.com\/en\/wp-json\/wp\/v2\/pages\/59149\/revisions"}],"predecessor-version":[{"id":60015,"href":"https:\/\/proto-fest.com\/en\/wp-json\/wp\/v2\/pages\/59149\/revisions\/60015"}],"wp:attachment":[{"href":"https:\/\/proto-fest.com\/en\/wp-json\/wp\/v2\/media?parent=59149"}],"curies":[{"name":"wp","href":"https:\/\/api.w.org\/{rel}","templated":true}]}}