{"id":59848,"date":"2025-06-21T14:14:53","date_gmt":"2025-06-21T12:14:53","guid":{"rendered":"https:\/\/proto-fest.com\/concert-canco-argentina\/"},"modified":"2025-07-28T17:56:53","modified_gmt":"2025-07-28T15:56:53","slug":"concert-canco-argentina","status":"publish","type":"page","link":"https:\/\/proto-fest.com\/en\/concert-canco-argentina\/","title":{"rendered":"CONCERT: CAN\u00c7\u00d3 ARGENTINA."},"content":{"rendered":"<p>[vc_row row_height_percent=&#8221;0&#8243; back_color=&#8221;color-jevc&#8221; overlay_alpha=&#8221;50&#8243; gutter_size=&#8221;3&#8243; column_width_percent=&#8221;100&#8243; shift_y=&#8221;0&#8243; z_index=&#8221;0&#8243; uncode_shortcode_id=&#8221;181188&#8243; back_color_type=&#8221;uncode-palette&#8221;][vc_column width=&#8221;1\/1&#8243;][vc_custom_heading text_color=&#8221;color-jevc&#8221; heading_semantic=&#8221;h1&#8243; text_font=&#8221;font-555555&#8243; text_size=&#8221;h1&#8243; uncode_shortcode_id=&#8221;168449&#8243; text_color_type=&#8221;uncode-palette&#8221;]<span class=\"font-555555\" style=\"font-weight: 400; color: #ffffff;\"><span style=\"font-weight: 400;\">CAN\u00c7\u00d3 ARGENTINA (ARGENTINE SONG)<\/span><\/span>[\/vc_custom_heading][vc_custom_heading text_color=&#8221;color-jevc&#8221; heading_semantic=&#8221;h1&#8243; text_font=&#8221;font-813966&#8243; text_size=&#8221;fontsize-828701&#8243; uncode_shortcode_id=&#8221;168979&#8243; text_color_type=&#8221;uncode-palette&#8221;]<\/p>\n<h2><span class=\"font-187764 font-102516 font-813966\" style=\"font-weight: 400; color: #ffffff;\"><span style=\"font-weight: 400;\">with Mercedes Gancedo and Quimey Urquiaga<\/span><\/span><\/h2>\n<p>[\/vc_custom_heading][\/vc_column][\/vc_row][vc_row unlock_row=&#8221;&#8221; row_height_percent=&#8221;0&#8243; back_color=&#8221;color-xsdn&#8221; overlay_alpha=&#8221;50&#8243; gutter_size=&#8221;3&#8243; column_width_percent=&#8221;100&#8243; shift_y=&#8221;0&#8243; z_index=&#8221;0&#8243; inverted_device_order=&#8221;yes&#8221; uncode_shortcode_id=&#8221;188268&#8243; back_color_type=&#8221;uncode-palette&#8221;][vc_column column_width_percent=&#8221;100&#8243; position_vertical=&#8221;middle&#8221; gutter_size=&#8221;1&#8243; style=&#8221;dark&#8221; overlay_alpha=&#8221;50&#8243; shift_x=&#8221;0&#8243; shift_y=&#8221;0&#8243; shift_y_down=&#8221;0&#8243; z_index=&#8221;0&#8243; medium_width=&#8221;0&#8243; mobile_width=&#8221;0&#8243; width=&#8221;1\/2&#8243; uncode_shortcode_id=&#8221;107810&#8243;][vc_custom_heading text_font=&#8221;font-105735&#8243; text_size=&#8221;h4&#8243; uncode_shortcode_id=&#8221;201594&#8243;]<span style=\"color: #000000;\">Tuesday, 29th,<\/span><br \/>\n<span style=\"color: #000000;\">20.30 h<br \/>\n<\/span>[\/vc_custom_heading][vc_empty_space empty_h=&#8221;0&#8243;][vc_custom_heading heading_semantic=&#8221;h5&#8243; text_font=&#8221;font-555555&#8243; text_size=&#8221;h4&#8243; uncode_shortcode_id=&#8221;201897&#8243;]<span style=\"color: #000000;\">Reials Col\u00b7legis<\/span>[\/vc_custom_heading][vc_custom_heading heading_semantic=&#8221;h3&#8243; text_font=&#8221;font-942005&#8243; text_size=&#8221;h5&#8243; text_weight=&#8221;400&#8243; uncode_shortcode_id=&#8221;100828&#8243;]<span style=\"color: #000000;\"><a style=\"color: #000000;\" href=\"https:\/\/maps.app.goo.gl\/ZEHxDTV5vbFMqoR48\" target=\"_blank\" rel=\"noopener\">See location<\/a><\/span>[\/vc_custom_heading][vc_empty_space empty_h=&#8221;0&#8243;][vc_custom_heading heading_semantic=&#8221;h5&#8243; text_font=&#8221;font-555555&#8243; text_size=&#8221;h5&#8243; uncode_shortcode_id=&#8221;945832&#8243;]<span style=\"color: #000000;\">Ticket: 6\u20ac<\/span>[\/vc_custom_heading][vc_empty_space empty_h=&#8221;0&#8243;][vc_button size=&#8221;btn-xl&#8221; border_width=&#8221;0&#8243; button_color_type=&#8221;uncode-solid&#8221; button_color_solid=&#8221;#ffdc00&#8243; uncode_shortcode_id=&#8221;116751&#8243; el_class=&#8221;butonins&#8221; link=&#8221;title:Can%C3%A7%C3%B3%20argentina&#8221;]TICKETS SOLD OUT[\/vc_button][\/vc_column][vc_column width=&#8221;1\/2&#8243;][vc_single_image media=&#8221;59424&#8243; media_width_percent=&#8221;100&#8243; uncode_shortcode_id=&#8221;178156&#8243;][\/vc_column][\/vc_row][vc_row][vc_column width=&#8221;1\/1&#8243;][vc_separator sep_color=&#8221;color-jevc&#8221; uncode_shortcode_id=&#8221;102172&#8243; sep_color_type=&#8221;uncode-palette&#8221;][vc_custom_heading heading_semantic=&#8221;h5&#8243; text_font=&#8221;font-555555&#8243; text_size=&#8221;h4&#8243; uncode_shortcode_id=&#8221;151141&#8243;]<span style=\"font-weight: 400;\">This repertoire will focus on Argentine music, with emblematic works by composers such as Carlos Guastavino, L\u00eda Cimaglia and Alberto Ginastera. The evening will include representative pieces such as \u201cLa rosa y el sauce\u201d and \u201cPueblito, mi pueblo\u201d by Guastavino, characterised by their lyrical beauty and deep roots in Argentine folklore tradition. Intimate and evocative songs by L\u00eda Cimaglia, such as \u201cBotoncito\u201d and \u201cBalada\u201d, will also be performed, giving the programme a more personal, touching feel. The concert will end with the lively, vibrant rhythms of Ginastera, with compositions such as \u201cDanza de la moza donosa\u201d and \u201cCinco canciones populares argentinas\u201d, which show the wealth and diversity of Argentina\u2019s musical heritage. This performance provides a unique opportunity to enjoy the fusion between piano and voice in a journey through the most authentic Argentine music.<\/span>[\/vc_custom_heading][vc_separator sep_color=&#8221;color-jevc&#8221; uncode_shortcode_id=&#8221;102172&#8243; sep_color_type=&#8221;uncode-palette&#8221;][vc_column_text text_lead=&#8221;yes&#8221; text_color=&#8221;color-jevc&#8221; uncode_shortcode_id=&#8221;152474&#8243; text_color_type=&#8221;uncode-palette&#8221;]<span style=\"color: #000000;\"><strong>PERFORMERS<\/strong><\/span><\/p>\n<p><span style=\"font-weight: 400;\"><strong>Mercedes Gancedo<\/strong>Argentine soprano, made her d\u00e9but at the age of 18 as Despina in Cos\u00ec fan tutte. Trained with masters such as Jaume Aragall, Teresa Berganza and Montserrat Caball\u00e9, she combines her operatic side with intense lieder and symphonic activity. She has won competitions such as the Francesc Vi\u00f1as, the Premi Primer Palau and the Competizione dell\u2019Opera. She has performed roles such as Elle <em>(La voix humaine)<\/em>, Barbarina, Papagena and Suor Genovieffa at theatres such as the Gran Teatre del Liceu and the Teatro Real, under the batten of conductors such as Gustavo Dudamel and Riccardo Frizza. She has also taken part in festivals such as the Schubert\u00edada and LIFE Victoria, and she recorded the album <em>Cooking America!<\/em> with pianist Beatriz Miralles<\/span><span style=\"font-family: -apple-system, BlinkMacSystemFont, 'Segoe UI', Roboto, Oxygen-Sans, Ubuntu, Cantarell, 'Helvetica Neue', sans-serif;\">.<\/span><\/p>\n<p>&nbsp;<\/p>\n<p><span style=\"font-weight: 400;\"><strong>Quimey Urquiaga<\/strong>, an Argentine pianist born in Bah\u00eda Blanca in 1989, he trained in piano, orchestra conducting, and musical education at the National University of La Plata and the Gilardo Gilardi Conservatory. In 2021, he earned a <em>Vict\u00f2ria del \u00c0ngels<\/em> Master\u2019s degree in Lied from ESMUC, where he continues to collaborate as a pianist. He has taken part in masterclasses with leading figures such as S. Lepper and F. Lott. He has performed at the Festival LIFE Victoria and has been Dame Felicity Lott\u2019s pianist. In 2021, he recorded his first album of Argentine chamber song with soprano Soledad Cardoso. He has performed as venues such as Teatro Argentino, Auditori Manuel de Falla and Cercle del Liceu. In 2024, he was pianist in the Tenor Vi\u00f1as Competition and made his d\u00e9but in London with Mercedes Gancedo<\/span><span style=\"font-family: -apple-system, BlinkMacSystemFont, 'Segoe UI', Roboto, Oxygen-Sans, Ubuntu, Cantarell, 'Helvetica Neue', sans-serif;\">.<\/span>[\/vc_column_text][\/vc_column][\/vc_row]<\/p>\n","protected":false},"excerpt":{"rendered":"<p>[vc_row row_height_percent=&#8221;0&#8243; back_color=&#8221;color-jevc&#8221; overlay_alpha=&#8221;50&#8243; gutter_size=&#8221;3&#8243; column_width_percent=&#8221;100&#8243; shift_y=&#8221;0&#8243; z_index=&#8221;0&#8243; uncode_shortcode_id=&#8221;181188&#8243; back_color_type=&#8221;uncode-palette&#8221;][vc_column width=&#8221;1\/1&#8243;][vc_custom_heading text_color=&#8221;color-jevc&#8221; heading_semantic=&#8221;h1&#8243; text_font=&#8221;font-555555&#8243; text_size=&#8221;h1&#8243; uncode_shortcode_id=&#8221;168449&#8243; text_color_type=&#8221;uncode-palette&#8221;]CAN\u00c7\u00d3 ARGENTINA (ARGENTINE SONG)[\/vc_custom_heading][vc_custom_heading [&hellip;]<\/p>\n","protected":false},"author":1,"featured_media":0,"parent":0,"menu_order":0,"comment_status":"closed","ping_status":"closed","template":"","meta":{"_monsterinsights_skip_tracking":false,"_monsterinsights_sitenote_active":false,"_monsterinsights_sitenote_note":"","_monsterinsights_sitenote_category":0,"footnotes":""},"yoast_head":"<!-- This site is optimized with the Yoast SEO plugin v21.3 - https:\/\/yoast.com\/wordpress\/plugins\/seo\/ -->\n<title>CONCERT: CAN\u00c7\u00d3 ARGENTINA. - Proto-fest<\/title>\n<meta name=\"description\" content=\"A c\u00e0rrec de Mercedes Gancedo (soprano) i Quimey Urquiaga (pianista) al Proto-fest 5, Festival de M\u00fasica de Tortosa.\" \/>\n<meta name=\"robots\" content=\"index, follow, max-snippet:-1, max-image-preview:large, max-video-preview:-1\" \/>\n<link rel=\"canonical\" href=\"https:\/\/proto-fest.com\/en\/concert-canco-argentina\/\" \/>\n<meta property=\"og:locale\" content=\"en_US\" \/>\n<meta property=\"og:type\" content=\"article\" \/>\n<meta property=\"og:title\" content=\"CONCERT: CAN\u00c7\u00d3 ARGENTINA\" \/>\n<meta property=\"og:description\" content=\"A c\u00e0rrec de Mercedes Gancedo (soprano) i Quimey Urquiaga (pianista) al Proto-fest 5, Festival de M\u00fasica de Tortosa.\" \/>\n<meta property=\"og:url\" content=\"https:\/\/proto-fest.com\/en\/concert-canco-argentina\/\" \/>\n<meta property=\"og:site_name\" content=\"Proto-fest\" \/>\n<meta property=\"article:modified_time\" content=\"2025-07-28T15:56:53+00:00\" \/>\n<meta property=\"og:image\" content=\"https:\/\/proto-fest.com\/wp-content\/uploads\/2025\/05\/logo_proto5_social-01.png\" \/>\n\t<meta property=\"og:image:width\" content=\"200\" \/>\n\t<meta property=\"og:image:height\" content=\"200\" \/>\n\t<meta property=\"og:image:type\" content=\"image\/png\" \/>\n<meta name=\"twitter:card\" content=\"summary_large_image\" \/>\n<meta name=\"twitter:title\" content=\"CONCERT INAUGURAL: L\u2019OMBRA DE FARINELLI\" \/>\n<meta name=\"twitter:description\" content=\"A c\u00e0rrec d&#039;Aurora Pe\u00f1a i Jordi Dom\u00e8nech al Proto-fest 5, Festival de M\u00fasica de Tortosa.\" \/>\n<meta name=\"twitter:image\" content=\"https:\/\/proto-fest.com\/wp-content\/uploads\/2025\/05\/logo_proto5_social-01.png\" \/>\n<meta name=\"twitter:label1\" content=\"Est. reading time\" \/>\n\t<meta name=\"twitter:data1\" content=\"3 minutes\" \/>\n<script type=\"application\/ld+json\" class=\"yoast-schema-graph\">{\"@context\":\"https:\/\/schema.org\",\"@graph\":[{\"@type\":\"WebPage\",\"@id\":\"https:\/\/proto-fest.com\/en\/concert-canco-argentina\/\",\"url\":\"https:\/\/proto-fest.com\/en\/concert-canco-argentina\/\",\"name\":\"CONCERT: CAN\u00c7\u00d3 ARGENTINA. - Proto-fest\",\"isPartOf\":{\"@id\":\"https:\/\/proto-fest.com\/en\/#website\"},\"datePublished\":\"2025-06-21T12:14:53+00:00\",\"dateModified\":\"2025-07-28T15:56:53+00:00\",\"description\":\"A c\u00e0rrec de Mercedes Gancedo (soprano) i Quimey Urquiaga (pianista) al Proto-fest 5, Festival de M\u00fasica de Tortosa.\",\"breadcrumb\":{\"@id\":\"https:\/\/proto-fest.com\/en\/concert-canco-argentina\/#breadcrumb\"},\"inLanguage\":\"en-US\",\"potentialAction\":[{\"@type\":\"ReadAction\",\"target\":[\"https:\/\/proto-fest.com\/en\/concert-canco-argentina\/\"]}]},{\"@type\":\"BreadcrumbList\",\"@id\":\"https:\/\/proto-fest.com\/en\/concert-canco-argentina\/#breadcrumb\",\"itemListElement\":[{\"@type\":\"ListItem\",\"position\":1,\"name\":\"Home\",\"item\":\"https:\/\/proto-fest.com\/en\/\"},{\"@type\":\"ListItem\",\"position\":2,\"name\":\"CONCERT: CAN\u00c7\u00d3 ARGENTINA.\"}]},{\"@type\":\"WebSite\",\"@id\":\"https:\/\/proto-fest.com\/en\/#website\",\"url\":\"https:\/\/proto-fest.com\/en\/\",\"name\":\"Proto-fest\",\"description\":\"Festival de m\u00fasica Tortosa\",\"publisher\":{\"@id\":\"https:\/\/proto-fest.com\/en\/#organization\"},\"potentialAction\":[{\"@type\":\"SearchAction\",\"target\":{\"@type\":\"EntryPoint\",\"urlTemplate\":\"https:\/\/proto-fest.com\/en\/?s={search_term_string}\"},\"query-input\":\"required name=search_term_string\"}],\"inLanguage\":\"en-US\"},{\"@type\":\"Organization\",\"@id\":\"https:\/\/proto-fest.com\/en\/#organization\",\"name\":\"Proto-fest\",\"url\":\"https:\/\/proto-fest.com\/en\/\",\"logo\":{\"@type\":\"ImageObject\",\"inLanguage\":\"en-US\",\"@id\":\"https:\/\/proto-fest.com\/en\/#\/schema\/logo\/image\/\",\"url\":\"https:\/\/proto-fest.com\/wp-content\/uploads\/2026\/04\/cropped-cropped-logo_proto6_header-01-1-1.png\",\"contentUrl\":\"https:\/\/proto-fest.com\/wp-content\/uploads\/2026\/04\/cropped-cropped-logo_proto6_header-01-1-1.png\",\"width\":323,\"height\":143,\"caption\":\"Proto-fest\"},\"image\":{\"@id\":\"https:\/\/proto-fest.com\/en\/#\/schema\/logo\/image\/\"}}]}<\/script>\n<!-- \/ Yoast SEO plugin. -->","yoast_head_json":{"title":"CONCERT: CAN\u00c7\u00d3 ARGENTINA. - Proto-fest","description":"A c\u00e0rrec de Mercedes Gancedo (soprano) i Quimey Urquiaga (pianista) al Proto-fest 5, Festival de M\u00fasica de Tortosa.","robots":{"index":"index","follow":"follow","max-snippet":"max-snippet:-1","max-image-preview":"max-image-preview:large","max-video-preview":"max-video-preview:-1"},"canonical":"https:\/\/proto-fest.com\/en\/concert-canco-argentina\/","og_locale":"en_US","og_type":"article","og_title":"CONCERT: CAN\u00c7\u00d3 ARGENTINA","og_description":"A c\u00e0rrec de Mercedes Gancedo (soprano) i Quimey Urquiaga (pianista) al Proto-fest 5, Festival de M\u00fasica de Tortosa.","og_url":"https:\/\/proto-fest.com\/en\/concert-canco-argentina\/","og_site_name":"Proto-fest","article_modified_time":"2025-07-28T15:56:53+00:00","og_image":[{"width":200,"height":200,"url":"https:\/\/proto-fest.com\/wp-content\/uploads\/2025\/05\/logo_proto5_social-01.png","type":"image\/png"}],"twitter_card":"summary_large_image","twitter_title":"CONCERT INAUGURAL: L\u2019OMBRA DE FARINELLI","twitter_description":"A c\u00e0rrec d'Aurora Pe\u00f1a i Jordi Dom\u00e8nech al Proto-fest 5, Festival de M\u00fasica de Tortosa.","twitter_image":"https:\/\/proto-fest.com\/wp-content\/uploads\/2025\/05\/logo_proto5_social-01.png","twitter_misc":{"Est. reading time":"3 minutes"},"schema":{"@context":"https:\/\/schema.org","@graph":[{"@type":"WebPage","@id":"https:\/\/proto-fest.com\/en\/concert-canco-argentina\/","url":"https:\/\/proto-fest.com\/en\/concert-canco-argentina\/","name":"CONCERT: CAN\u00c7\u00d3 ARGENTINA. - Proto-fest","isPartOf":{"@id":"https:\/\/proto-fest.com\/en\/#website"},"datePublished":"2025-06-21T12:14:53+00:00","dateModified":"2025-07-28T15:56:53+00:00","description":"A c\u00e0rrec de Mercedes Gancedo (soprano) i Quimey Urquiaga (pianista) al Proto-fest 5, Festival de M\u00fasica de Tortosa.","breadcrumb":{"@id":"https:\/\/proto-fest.com\/en\/concert-canco-argentina\/#breadcrumb"},"inLanguage":"en-US","potentialAction":[{"@type":"ReadAction","target":["https:\/\/proto-fest.com\/en\/concert-canco-argentina\/"]}]},{"@type":"BreadcrumbList","@id":"https:\/\/proto-fest.com\/en\/concert-canco-argentina\/#breadcrumb","itemListElement":[{"@type":"ListItem","position":1,"name":"Home","item":"https:\/\/proto-fest.com\/en\/"},{"@type":"ListItem","position":2,"name":"CONCERT: CAN\u00c7\u00d3 ARGENTINA."}]},{"@type":"WebSite","@id":"https:\/\/proto-fest.com\/en\/#website","url":"https:\/\/proto-fest.com\/en\/","name":"Proto-fest","description":"Festival de m\u00fasica Tortosa","publisher":{"@id":"https:\/\/proto-fest.com\/en\/#organization"},"potentialAction":[{"@type":"SearchAction","target":{"@type":"EntryPoint","urlTemplate":"https:\/\/proto-fest.com\/en\/?s={search_term_string}"},"query-input":"required name=search_term_string"}],"inLanguage":"en-US"},{"@type":"Organization","@id":"https:\/\/proto-fest.com\/en\/#organization","name":"Proto-fest","url":"https:\/\/proto-fest.com\/en\/","logo":{"@type":"ImageObject","inLanguage":"en-US","@id":"https:\/\/proto-fest.com\/en\/#\/schema\/logo\/image\/","url":"https:\/\/proto-fest.com\/wp-content\/uploads\/2026\/04\/cropped-cropped-logo_proto6_header-01-1-1.png","contentUrl":"https:\/\/proto-fest.com\/wp-content\/uploads\/2026\/04\/cropped-cropped-logo_proto6_header-01-1-1.png","width":323,"height":143,"caption":"Proto-fest"},"image":{"@id":"https:\/\/proto-fest.com\/en\/#\/schema\/logo\/image\/"}}]}},"_links":{"self":[{"href":"https:\/\/proto-fest.com\/en\/wp-json\/wp\/v2\/pages\/59848"}],"collection":[{"href":"https:\/\/proto-fest.com\/en\/wp-json\/wp\/v2\/pages"}],"about":[{"href":"https:\/\/proto-fest.com\/en\/wp-json\/wp\/v2\/types\/page"}],"author":[{"embeddable":true,"href":"https:\/\/proto-fest.com\/en\/wp-json\/wp\/v2\/users\/1"}],"replies":[{"embeddable":true,"href":"https:\/\/proto-fest.com\/en\/wp-json\/wp\/v2\/comments?post=59848"}],"version-history":[{"count":2,"href":"https:\/\/proto-fest.com\/en\/wp-json\/wp\/v2\/pages\/59848\/revisions"}],"predecessor-version":[{"id":59939,"href":"https:\/\/proto-fest.com\/en\/wp-json\/wp\/v2\/pages\/59848\/revisions\/59939"}],"wp:attachment":[{"href":"https:\/\/proto-fest.com\/en\/wp-json\/wp\/v2\/media?parent=59848"}],"curies":[{"name":"wp","href":"https:\/\/api.w.org\/{rel}","templated":true}]}}