{"id":59874,"date":"2025-06-21T14:27:33","date_gmt":"2025-06-21T12:27:33","guid":{"rendered":"https:\/\/proto-fest.com\/concert-viola-violi-i-musica-de-cambra\/"},"modified":"2025-08-01T10:04:29","modified_gmt":"2025-08-01T08:04:29","slug":"concert-viola-violi-i-musica-de-cambra","status":"publish","type":"page","link":"https:\/\/proto-fest.com\/en\/concert-viola-violi-i-musica-de-cambra\/","title":{"rendered":"CONCERT: VIOLA, VIOL\u00cd I M\u00daSICA DE CAMBRA."},"content":{"rendered":"<p>[vc_row row_height_percent=&#8221;0&#8243; back_color=&#8221;color-jevc&#8221; overlay_alpha=&#8221;50&#8243; gutter_size=&#8221;3&#8243; column_width_percent=&#8221;100&#8243; shift_y=&#8221;0&#8243; z_index=&#8221;0&#8243; uncode_shortcode_id=&#8221;181188&#8243; back_color_type=&#8221;uncode-palette&#8221;][vc_column width=&#8221;1\/1&#8243;][vc_custom_heading text_color=&#8221;color-jevc&#8221; heading_semantic=&#8221;h1&#8243; text_font=&#8221;font-555555&#8243; text_size=&#8221;h1&#8243; uncode_shortcode_id=&#8221;513146&#8243; text_color_type=&#8221;uncode-palette&#8221;]<span class=\"font-555555\" style=\"font-weight: 400; color: #ffffff;\"><span style=\"font-weight: 400;\">VIOLA, VIOL\u00cd I M\u00daSICA DE CAMBRA (VIOLA, VIOLIN AND CHAMBER MUSIC)<\/span><\/span>[\/vc_custom_heading][vc_custom_heading text_color=&#8221;color-jevc&#8221; heading_semantic=&#8221;h1&#8243; text_font=&#8221;font-813966&#8243; text_size=&#8221;fontsize-828701&#8243; uncode_shortcode_id=&#8221;210607&#8243; text_color_type=&#8221;uncode-palette&#8221;]<\/p>\n<h2><span class=\"font-187764 font-102516 font-813966\" style=\"font-weight: 400; color: #ffffff;\"><span style=\"font-weight: 400;\">Students from Rivka Golani\u2019s masterclass<\/span><\/span><\/h2>\n<h2><span class=\"font-187764 font-102516 font-813966\" style=\"font-weight: 400; color: #ffffff;\"><span style=\"font-weight: 400;\">Miquel Esquinas, piano accompaniment<\/span><\/span><\/h2>\n<p>[\/vc_custom_heading][\/vc_column][\/vc_row][vc_row unlock_row=&#8221;&#8221; row_height_percent=&#8221;0&#8243; back_color=&#8221;color-xsdn&#8221; overlay_alpha=&#8221;50&#8243; gutter_size=&#8221;3&#8243; column_width_percent=&#8221;100&#8243; shift_y=&#8221;0&#8243; z_index=&#8221;0&#8243; inverted_device_order=&#8221;yes&#8221; uncode_shortcode_id=&#8221;188268&#8243; back_color_type=&#8221;uncode-palette&#8221;][vc_column column_width_percent=&#8221;100&#8243; position_vertical=&#8221;middle&#8221; gutter_size=&#8221;1&#8243; style=&#8221;dark&#8221; overlay_alpha=&#8221;50&#8243; shift_x=&#8221;0&#8243; shift_y=&#8221;0&#8243; shift_y_down=&#8221;0&#8243; z_index=&#8221;0&#8243; medium_width=&#8221;0&#8243; mobile_width=&#8221;0&#8243; width=&#8221;1\/2&#8243; uncode_shortcode_id=&#8221;107810&#8243;][vc_custom_heading text_font=&#8221;font-105735&#8243; text_size=&#8221;h4&#8243; uncode_shortcode_id=&#8221;167302&#8243;]<span style=\"color: #000000;\">Wednesday, 30th,<\/span><br \/>\n<span style=\"color: #000000;\">18.00 h<br \/>\n<\/span>[\/vc_custom_heading][vc_empty_space empty_h=&#8221;0&#8243;][vc_custom_heading heading_semantic=&#8221;h5&#8243; text_font=&#8221;font-555555&#8243; text_size=&#8221;h4&#8243; uncode_shortcode_id=&#8221;616748&#8243;]<span style=\"color: #000000;\">Tortosa Museum Educational Room<\/span>[\/vc_custom_heading][vc_custom_heading heading_semantic=&#8221;h3&#8243; text_font=&#8221;font-942005&#8243; text_size=&#8221;h5&#8243; text_weight=&#8221;400&#8243; uncode_shortcode_id=&#8221;683405&#8243;]<span style=\"color: #000000;\"><a style=\"color: #000000;\" href=\"https:\/\/maps.app.goo.gl\/h1SjzFuym9HRFaQ98\" target=\"_blank\" rel=\"noopener\">See location<\/a><\/span>[\/vc_custom_heading][vc_empty_space empty_h=&#8221;0&#8243;][vc_custom_heading heading_semantic=&#8221;h5&#8243; text_font=&#8221;font-555555&#8243; text_size=&#8221;h5&#8243; uncode_shortcode_id=&#8221;101455&#8243;]<span style=\"color: #000000;\">Free admission with reservation.<\/span>[\/vc_custom_heading][vc_empty_space empty_h=&#8221;0&#8243;][vc_button size=&#8221;btn-xl&#8221; border_width=&#8221;0&#8243; button_color_type=&#8221;uncode-solid&#8221; button_color_solid=&#8221;#ffdc00&#8243; uncode_shortcode_id=&#8221;160289&#8243; el_class=&#8221;butonins&#8221; link=&#8221;title:Viola%2C%20viol%C3%AD%20i%20m%C3%BAsica%20de%20cambra&#8221;]TICKETS SOLD OUT[\/vc_button][\/vc_column][vc_column width=&#8221;1\/2&#8243;][vc_single_image media=&#8221;59429&#8243; media_width_percent=&#8221;100&#8243; uncode_shortcode_id=&#8221;151630&#8243;][\/vc_column][\/vc_row][vc_row][vc_column width=&#8221;1\/1&#8243;][vc_separator sep_color=&#8221;color-jevc&#8221; uncode_shortcode_id=&#8221;102172&#8243; sep_color_type=&#8221;uncode-palette&#8221;][vc_custom_heading heading_semantic=&#8221;h5&#8243; text_font=&#8221;font-555555&#8243; text_size=&#8221;h4&#8243; uncode_shortcode_id=&#8221;925671&#8243;]<span style=\"font-weight: 400;\">This concert will <strong>end the viola, violin and chamber music masterclass<\/strong> that <strong>Rivka Golani<\/strong> has given as part of the PROTO-FEST 2025 training programme. Golani is one of the most noteworthy violinists of the 20th and 21st centuries. She has performed as a soloist with orchestras such as the Israel Philharmonic Orchestra, the BBC Symphony Orchestra, the Royal Concertgebouw Orchestra, and the Boston Symphony Orchestra. As a teacher, she has trained violinists at Trinity Laban in London, at the Royal Academy, and at the University of Toronto. She has directed festivals such as Fort MacLeod and SOWECA, and has worked with the Blackfoot community in Canada on musical and cultural projects. She has received many different awards: Ambassador of Canadian Music ( 2009 ), Musician of the Year in Hungary ( 2011 ), the Eagle Feather of the Blackfoot ( 2011 ), an Honorary Doctorate from Lethbridge University ( 2013 ), and recognition for her recordings in Hungary.<\/span>[\/vc_custom_heading][vc_separator sep_color=&#8221;color-jevc&#8221; uncode_shortcode_id=&#8221;102172&#8243; sep_color_type=&#8221;uncode-palette&#8221;][\/vc_column][\/vc_row]<\/p>\n","protected":false},"excerpt":{"rendered":"<p>[vc_row row_height_percent=&#8221;0&#8243; back_color=&#8221;color-jevc&#8221; overlay_alpha=&#8221;50&#8243; gutter_size=&#8221;3&#8243; column_width_percent=&#8221;100&#8243; shift_y=&#8221;0&#8243; z_index=&#8221;0&#8243; uncode_shortcode_id=&#8221;181188&#8243; back_color_type=&#8221;uncode-palette&#8221;][vc_column width=&#8221;1\/1&#8243;][vc_custom_heading text_color=&#8221;color-jevc&#8221; heading_semantic=&#8221;h1&#8243; text_font=&#8221;font-555555&#8243; text_size=&#8221;h1&#8243; uncode_shortcode_id=&#8221;513146&#8243; text_color_type=&#8221;uncode-palette&#8221;]VIOLA, VIOL\u00cd I M\u00daSICA [&hellip;]<\/p>\n","protected":false},"author":1,"featured_media":0,"parent":0,"menu_order":0,"comment_status":"closed","ping_status":"closed","template":"","meta":{"_monsterinsights_skip_tracking":false,"_monsterinsights_sitenote_active":false,"_monsterinsights_sitenote_note":"","_monsterinsights_sitenote_category":0,"footnotes":""},"yoast_head":"<!-- This site is optimized with the Yoast SEO plugin v21.3 - https:\/\/yoast.com\/wordpress\/plugins\/seo\/ -->\n<title>CONCERT: VIOLA, VIOL\u00cd I M\u00daSICA DE CAMBRA. - Proto-fest<\/title>\n<meta name=\"description\" content=\"A c\u00e0rrec de l&#039;alumnat de la masterclass de Rivka Golani, amb l&#039;acompanyament pian\u00edstic de Miquel Esquinas.\" \/>\n<meta name=\"robots\" content=\"index, follow, max-snippet:-1, max-image-preview:large, max-video-preview:-1\" \/>\n<link rel=\"canonical\" href=\"https:\/\/proto-fest.com\/en\/concert-viola-violi-i-musica-de-cambra\/\" \/>\n<meta property=\"og:locale\" content=\"en_US\" \/>\n<meta property=\"og:type\" content=\"article\" \/>\n<meta property=\"og:title\" content=\"CONCERT: VIOLA, VIOL\u00cd I M\u00daSICA DE CAMBRA\" \/>\n<meta property=\"og:description\" content=\"A c\u00e0rrec de l&#039;alumnat de la masterclass de Rivka Golani, amb l&#039;acompanyament pian\u00edstic de Miquel Esquinas.\" \/>\n<meta property=\"og:url\" content=\"https:\/\/proto-fest.com\/en\/concert-viola-violi-i-musica-de-cambra\/\" \/>\n<meta property=\"og:site_name\" content=\"Proto-fest\" \/>\n<meta property=\"article:modified_time\" content=\"2025-08-01T08:04:29+00:00\" \/>\n<meta property=\"og:image\" content=\"https:\/\/proto-fest.com\/wp-content\/uploads\/2025\/05\/logo_proto5_social-01.png\" \/>\n\t<meta property=\"og:image:width\" content=\"200\" \/>\n\t<meta property=\"og:image:height\" content=\"200\" \/>\n\t<meta property=\"og:image:type\" content=\"image\/png\" \/>\n<meta name=\"twitter:card\" content=\"summary_large_image\" \/>\n<meta name=\"twitter:title\" content=\"CONCERT: VIOLA, VIOL\u00cd I M\u00daSICA DE CAMBRA\" \/>\n<meta name=\"twitter:description\" content=\"A c\u00e0rrec de l&#039;alumnat de la masterclass de Rivka Golani, amb l&#039;acompanyament pian\u00edstic de Miquel Esquinas.\" \/>\n<meta name=\"twitter:image\" content=\"https:\/\/proto-fest.com\/wp-content\/uploads\/2025\/05\/logo_proto5_social-01.png\" \/>\n<meta name=\"twitter:label1\" content=\"Est. reading time\" \/>\n\t<meta name=\"twitter:data1\" content=\"2 minutes\" \/>\n<script type=\"application\/ld+json\" class=\"yoast-schema-graph\">{\"@context\":\"https:\/\/schema.org\",\"@graph\":[{\"@type\":\"WebPage\",\"@id\":\"https:\/\/proto-fest.com\/en\/concert-viola-violi-i-musica-de-cambra\/\",\"url\":\"https:\/\/proto-fest.com\/en\/concert-viola-violi-i-musica-de-cambra\/\",\"name\":\"CONCERT: VIOLA, VIOL\u00cd I M\u00daSICA DE CAMBRA. - Proto-fest\",\"isPartOf\":{\"@id\":\"https:\/\/proto-fest.com\/en\/#website\"},\"datePublished\":\"2025-06-21T12:27:33+00:00\",\"dateModified\":\"2025-08-01T08:04:29+00:00\",\"description\":\"A c\u00e0rrec de l'alumnat de la masterclass de Rivka Golani, amb l'acompanyament pian\u00edstic de Miquel Esquinas.\",\"breadcrumb\":{\"@id\":\"https:\/\/proto-fest.com\/en\/concert-viola-violi-i-musica-de-cambra\/#breadcrumb\"},\"inLanguage\":\"en-US\",\"potentialAction\":[{\"@type\":\"ReadAction\",\"target\":[\"https:\/\/proto-fest.com\/en\/concert-viola-violi-i-musica-de-cambra\/\"]}]},{\"@type\":\"BreadcrumbList\",\"@id\":\"https:\/\/proto-fest.com\/en\/concert-viola-violi-i-musica-de-cambra\/#breadcrumb\",\"itemListElement\":[{\"@type\":\"ListItem\",\"position\":1,\"name\":\"Home\",\"item\":\"https:\/\/proto-fest.com\/en\/\"},{\"@type\":\"ListItem\",\"position\":2,\"name\":\"CONCERT: VIOLA, VIOL\u00cd I M\u00daSICA DE CAMBRA.\"}]},{\"@type\":\"WebSite\",\"@id\":\"https:\/\/proto-fest.com\/en\/#website\",\"url\":\"https:\/\/proto-fest.com\/en\/\",\"name\":\"Proto-fest\",\"description\":\"Festival de m\u00fasica Tortosa\",\"publisher\":{\"@id\":\"https:\/\/proto-fest.com\/en\/#organization\"},\"potentialAction\":[{\"@type\":\"SearchAction\",\"target\":{\"@type\":\"EntryPoint\",\"urlTemplate\":\"https:\/\/proto-fest.com\/en\/?s={search_term_string}\"},\"query-input\":\"required name=search_term_string\"}],\"inLanguage\":\"en-US\"},{\"@type\":\"Organization\",\"@id\":\"https:\/\/proto-fest.com\/en\/#organization\",\"name\":\"Proto-fest\",\"url\":\"https:\/\/proto-fest.com\/en\/\",\"logo\":{\"@type\":\"ImageObject\",\"inLanguage\":\"en-US\",\"@id\":\"https:\/\/proto-fest.com\/en\/#\/schema\/logo\/image\/\",\"url\":\"https:\/\/proto-fest.com\/wp-content\/uploads\/2026\/04\/cropped-cropped-logo_proto6_header-01-1-1.png\",\"contentUrl\":\"https:\/\/proto-fest.com\/wp-content\/uploads\/2026\/04\/cropped-cropped-logo_proto6_header-01-1-1.png\",\"width\":323,\"height\":143,\"caption\":\"Proto-fest\"},\"image\":{\"@id\":\"https:\/\/proto-fest.com\/en\/#\/schema\/logo\/image\/\"}}]}<\/script>\n<!-- \/ Yoast SEO plugin. -->","yoast_head_json":{"title":"CONCERT: VIOLA, VIOL\u00cd I M\u00daSICA DE CAMBRA. - Proto-fest","description":"A c\u00e0rrec de l'alumnat de la masterclass de Rivka Golani, amb l'acompanyament pian\u00edstic de Miquel Esquinas.","robots":{"index":"index","follow":"follow","max-snippet":"max-snippet:-1","max-image-preview":"max-image-preview:large","max-video-preview":"max-video-preview:-1"},"canonical":"https:\/\/proto-fest.com\/en\/concert-viola-violi-i-musica-de-cambra\/","og_locale":"en_US","og_type":"article","og_title":"CONCERT: VIOLA, VIOL\u00cd I M\u00daSICA DE CAMBRA","og_description":"A c\u00e0rrec de l'alumnat de la masterclass de Rivka Golani, amb l'acompanyament pian\u00edstic de Miquel Esquinas.","og_url":"https:\/\/proto-fest.com\/en\/concert-viola-violi-i-musica-de-cambra\/","og_site_name":"Proto-fest","article_modified_time":"2025-08-01T08:04:29+00:00","og_image":[{"width":200,"height":200,"url":"https:\/\/proto-fest.com\/wp-content\/uploads\/2025\/05\/logo_proto5_social-01.png","type":"image\/png"}],"twitter_card":"summary_large_image","twitter_title":"CONCERT: VIOLA, VIOL\u00cd I M\u00daSICA DE CAMBRA","twitter_description":"A c\u00e0rrec de l'alumnat de la masterclass de Rivka Golani, amb l'acompanyament pian\u00edstic de Miquel Esquinas.","twitter_image":"https:\/\/proto-fest.com\/wp-content\/uploads\/2025\/05\/logo_proto5_social-01.png","twitter_misc":{"Est. reading time":"2 minutes"},"schema":{"@context":"https:\/\/schema.org","@graph":[{"@type":"WebPage","@id":"https:\/\/proto-fest.com\/en\/concert-viola-violi-i-musica-de-cambra\/","url":"https:\/\/proto-fest.com\/en\/concert-viola-violi-i-musica-de-cambra\/","name":"CONCERT: VIOLA, VIOL\u00cd I M\u00daSICA DE CAMBRA. - Proto-fest","isPartOf":{"@id":"https:\/\/proto-fest.com\/en\/#website"},"datePublished":"2025-06-21T12:27:33+00:00","dateModified":"2025-08-01T08:04:29+00:00","description":"A c\u00e0rrec de l'alumnat de la masterclass de Rivka Golani, amb l'acompanyament pian\u00edstic de Miquel Esquinas.","breadcrumb":{"@id":"https:\/\/proto-fest.com\/en\/concert-viola-violi-i-musica-de-cambra\/#breadcrumb"},"inLanguage":"en-US","potentialAction":[{"@type":"ReadAction","target":["https:\/\/proto-fest.com\/en\/concert-viola-violi-i-musica-de-cambra\/"]}]},{"@type":"BreadcrumbList","@id":"https:\/\/proto-fest.com\/en\/concert-viola-violi-i-musica-de-cambra\/#breadcrumb","itemListElement":[{"@type":"ListItem","position":1,"name":"Home","item":"https:\/\/proto-fest.com\/en\/"},{"@type":"ListItem","position":2,"name":"CONCERT: VIOLA, VIOL\u00cd I M\u00daSICA DE CAMBRA."}]},{"@type":"WebSite","@id":"https:\/\/proto-fest.com\/en\/#website","url":"https:\/\/proto-fest.com\/en\/","name":"Proto-fest","description":"Festival de m\u00fasica Tortosa","publisher":{"@id":"https:\/\/proto-fest.com\/en\/#organization"},"potentialAction":[{"@type":"SearchAction","target":{"@type":"EntryPoint","urlTemplate":"https:\/\/proto-fest.com\/en\/?s={search_term_string}"},"query-input":"required name=search_term_string"}],"inLanguage":"en-US"},{"@type":"Organization","@id":"https:\/\/proto-fest.com\/en\/#organization","name":"Proto-fest","url":"https:\/\/proto-fest.com\/en\/","logo":{"@type":"ImageObject","inLanguage":"en-US","@id":"https:\/\/proto-fest.com\/en\/#\/schema\/logo\/image\/","url":"https:\/\/proto-fest.com\/wp-content\/uploads\/2026\/04\/cropped-cropped-logo_proto6_header-01-1-1.png","contentUrl":"https:\/\/proto-fest.com\/wp-content\/uploads\/2026\/04\/cropped-cropped-logo_proto6_header-01-1-1.png","width":323,"height":143,"caption":"Proto-fest"},"image":{"@id":"https:\/\/proto-fest.com\/en\/#\/schema\/logo\/image\/"}}]}},"_links":{"self":[{"href":"https:\/\/proto-fest.com\/en\/wp-json\/wp\/v2\/pages\/59874"}],"collection":[{"href":"https:\/\/proto-fest.com\/en\/wp-json\/wp\/v2\/pages"}],"about":[{"href":"https:\/\/proto-fest.com\/en\/wp-json\/wp\/v2\/types\/page"}],"author":[{"embeddable":true,"href":"https:\/\/proto-fest.com\/en\/wp-json\/wp\/v2\/users\/1"}],"replies":[{"embeddable":true,"href":"https:\/\/proto-fest.com\/en\/wp-json\/wp\/v2\/comments?post=59874"}],"version-history":[{"count":2,"href":"https:\/\/proto-fest.com\/en\/wp-json\/wp\/v2\/pages\/59874\/revisions"}],"predecessor-version":[{"id":59954,"href":"https:\/\/proto-fest.com\/en\/wp-json\/wp\/v2\/pages\/59874\/revisions\/59954"}],"wp:attachment":[{"href":"https:\/\/proto-fest.com\/en\/wp-json\/wp\/v2\/media?parent=59874"}],"curies":[{"name":"wp","href":"https:\/\/api.w.org\/{rel}","templated":true}]}}