{"id":59880,"date":"2025-06-21T13:11:05","date_gmt":"2025-06-21T11:11:05","guid":{"rendered":"https:\/\/proto-fest.com\/espectacle-esquerda-2-batec-la-ferida-que-respira\/"},"modified":"2025-07-28T17:55:22","modified_gmt":"2025-07-28T15:55:22","slug":"espectacle-esquerda-2-batec-la-ferida-que-respira","status":"publish","type":"page","link":"https:\/\/proto-fest.com\/en\/espectacle-esquerda-2-batec-la-ferida-que-respira\/","title":{"rendered":"ESPECTACLE: ESQUERDA II &#8211; BATEC. LA FERIDA QUE RESPIRA."},"content":{"rendered":"<p>[vc_row row_height_percent=&#8221;0&#8243; back_color=&#8221;color-jevc&#8221; overlay_alpha=&#8221;50&#8243; gutter_size=&#8221;3&#8243; column_width_percent=&#8221;100&#8243; shift_y=&#8221;0&#8243; z_index=&#8221;0&#8243; uncode_shortcode_id=&#8221;181188&#8243; back_color_type=&#8221;uncode-palette&#8221;][vc_column width=&#8221;1\/1&#8243;][vc_custom_heading text_color=&#8221;color-jevc&#8221; heading_semantic=&#8221;h1&#8243; text_font=&#8221;font-555555&#8243; text_size=&#8221;h1&#8243; uncode_shortcode_id=&#8221;156647&#8243; text_color_type=&#8221;uncode-palette&#8221;]<span class=\"font-555555\" style=\"font-weight: 400; color: #ffffff;\"><span style=\"font-weight: 400;\">ESQUERDA II: BATEC (CREVICE II: HEARTBEAT)<br \/>\nLA FERIDA QUE RESPIRA (THE WOUND THAT BREATHES)<br \/>\n<\/span><\/span>[\/vc_custom_heading][vc_custom_heading text_color=&#8221;color-jevc&#8221; heading_semantic=&#8221;h1&#8243; text_font=&#8221;font-813966&#8243; text_size=&#8221;fontsize-828701&#8243; uncode_shortcode_id=&#8221;868626&#8243; text_color_type=&#8221;uncode-palette&#8221;]<\/p>\n<h2><span class=\"font-187764 font-102516 font-813966\" style=\"font-weight: 400; color: #ffffff;\"><span style=\"font-weight: 400;\">Proto-fest 2025 Opera Studio students and a chamber instrumental ensemble formed by Sara Balasch (first violin), Elisabet Bataller (second violin), Nina Sunyer (viola), Joan Palet (cello), Robert Cases (theorbo), Nina Alcanyiz (oboe), and Josep Mateu (harpsichord)<\/span><\/span><\/h2>\n<h2><span class=\"font-187764 font-102516 font-813966\" style=\"font-weight: 400; color: #ffffff;\"><span style=\"font-weight: 400;\">Jordi Dom\u00e8nech, musical direction.<\/span><\/span><\/h2>\n<h2><span class=\"font-187764 font-102516 font-813966\" style=\"font-weight: 400; color: #ffffff;\"><span style=\"font-weight: 400;\">Mireia Andreu and Jaume Mart\u00ednez, stage direction.<\/span><\/span><\/h2>\n<p>[\/vc_custom_heading][\/vc_column][\/vc_row][vc_row unlock_row=&#8221;&#8221; row_height_percent=&#8221;0&#8243; back_color=&#8221;color-xsdn&#8221; overlay_alpha=&#8221;50&#8243; gutter_size=&#8221;3&#8243; column_width_percent=&#8221;100&#8243; shift_y=&#8221;0&#8243; z_index=&#8221;0&#8243; inverted_device_order=&#8221;yes&#8221; uncode_shortcode_id=&#8221;188268&#8243; back_color_type=&#8221;uncode-palette&#8221;][vc_column column_width_percent=&#8221;100&#8243; position_vertical=&#8221;middle&#8221; gutter_size=&#8221;1&#8243; style=&#8221;dark&#8221; overlay_alpha=&#8221;50&#8243; shift_x=&#8221;0&#8243; shift_y=&#8221;0&#8243; shift_y_down=&#8221;0&#8243; z_index=&#8221;0&#8243; medium_width=&#8221;0&#8243; mobile_width=&#8221;0&#8243; width=&#8221;1\/2&#8243; uncode_shortcode_id=&#8221;107810&#8243;][vc_custom_heading text_font=&#8221;font-105735&#8243; text_size=&#8221;h4&#8243; uncode_shortcode_id=&#8221;122244&#8243;]<span style=\"color: #000000;\">Monday, 28th,<\/span><br \/>\n<span style=\"color: #000000;\">20.00 h<br \/>\n<\/span>[\/vc_custom_heading][vc_empty_space empty_h=&#8221;0&#8243;][vc_custom_heading heading_semantic=&#8221;h5&#8243; text_font=&#8221;font-555555&#8243; text_size=&#8221;h4&#8243; uncode_shortcode_id=&#8221;267261&#8243;]<span style=\"color: #000000;\">Cripta de l&#8217;Esgl\u00e9sia de la Reparaci\u00f3<\/span>[\/vc_custom_heading][vc_custom_heading heading_semantic=&#8221;h3&#8243; text_font=&#8221;font-942005&#8243; text_size=&#8221;h5&#8243; text_weight=&#8221;400&#8243; uncode_shortcode_id=&#8221;181686&#8243;]<span style=\"color: #000000;\"><a style=\"color: #000000;\" href=\"https:\/\/maps.app.goo.gl\/XpTzKwgVPGSJkexx9\" target=\"_blank\" rel=\"noopener\">See location<\/a><\/span>[\/vc_custom_heading][vc_empty_space empty_h=&#8221;0&#8243;][vc_custom_heading heading_semantic=&#8221;h5&#8243; text_font=&#8221;font-555555&#8243; text_size=&#8221;h5&#8243; uncode_shortcode_id=&#8221;155699&#8243;]<span style=\"color: #000000;\">Ticket: 6\u20ac<\/span>[\/vc_custom_heading][vc_empty_space empty_h=&#8221;0&#8243;][vc_button size=&#8221;btn-xl&#8221; border_width=&#8221;0&#8243; button_color_type=&#8221;uncode-solid&#8221; button_color_solid=&#8221;#ffdc00&#8243; uncode_shortcode_id=&#8221;209275&#8243; el_class=&#8221;butonins&#8221; link=&#8221;title:Esquerda%20II&#8221;]TICKETS SOLD OUT[\/vc_button][\/vc_column][vc_column width=&#8221;1\/2&#8243;][vc_single_image media=&#8221;59414&#8243; media_width_percent=&#8221;100&#8243; uncode_shortcode_id=&#8221;714319&#8243;][\/vc_column][\/vc_row][vc_row][vc_column width=&#8221;1\/1&#8243;][vc_separator sep_color=&#8221;color-jevc&#8221; uncode_shortcode_id=&#8221;102172&#8243; sep_color_type=&#8221;uncode-palette&#8221;][vc_custom_heading heading_semantic=&#8221;h5&#8243; text_font=&#8221;font-555555&#8243; text_size=&#8221;h4&#8243; uncode_shortcode_id=&#8221;138402&#8243;]<span style=\"font-weight: 400;\">A heart that felt nothing awakens with the first breath. Here, each tear is an ancient name that starts beating under the skin; each silent breath, a pact of resistance. Blood and fragility are no longer condemnations, but springs gushing with hope: a river of light running through the bones. The notes burst open like flowers in a desert: they bear no trace of pain but merely a promise of roots that sink into the darkness. The word \u2014sometimes broken\u2014 invades the stage like the tears of a first-born child: a soft cry that becomes an embrace, a wall of calm that overcomes the inner storm. Here, the body not only weeps or falls, it elevates. And in the shattered air flourishes the sigh of a possible future.<\/span><\/p>\n<p>&nbsp;<\/p>\n<p><span style=\"font-weight: 400;\">Baroque arias by composers such as <strong>Georg Friedrich H\u00e4ndel<\/strong>, <strong>Henry Purcell<\/strong>, <strong>Nicola Porpora<\/strong>, <strong>Jos\u00e9 de Nebra<\/strong> and <strong>Antonio Vivaldi<\/strong> play an essential role in understanding the evolution of European vocal music. They are pieces of great expressiveness and formal strength, with an exceptional melodic richness. Some of these works of great virtuosity highlight the human voice and the technique of the great singers of the time. This concert, which culminates the Opera Studio course given by the tenor<strong> Jordi Dom\u00e8nech<\/strong> during Proto-fest, will bear testimony to the creativity and diversity of Baroque music, which has deeply marked the history of western music.<\/span>[\/vc_custom_heading][vc_separator sep_color=&#8221;color-jevc&#8221; uncode_shortcode_id=&#8221;102172&#8243; sep_color_type=&#8221;uncode-palette&#8221;][vc_column_text text_lead=&#8221;yes&#8221; text_color=&#8221;color-jevc&#8221; uncode_shortcode_id=&#8221;192818&#8243; text_color_type=&#8221;uncode-palette&#8221;]<span style=\"color: #000000;\"><strong>MUSICAL DIRECTION<\/strong><\/span><\/p>\n<p><span style=\"font-weight: 400;\"><strong>Jordi Dom\u00e8nech<\/strong> is a Catalan counter tenor known for his versatility and expressiveness in both baroque and contemporary works. Initially trained as a pianist, he specialised in voice in Switzerland and has performed on the leading stages of Europe and Asia. He has worked with prestigious conductors such as William Christie, Fabio Biondi and Ren\u00e9 Jacobs, and has taken part in opera productions, oratorios and recitals. In addition to his career as a performer, Dom\u00e8nech is a composer and teacher, and is known for his artistic sensitivity, which makes him unique in today\u2019s lyrical scene<\/span><span style=\"font-family: -apple-system, BlinkMacSystemFont, 'Segoe UI', Roboto, Oxygen-Sans, Ubuntu, Cantarell, 'Helvetica Neue', sans-serif;\">.<\/span><\/p>\n<p>&nbsp;<\/p>\n<p><span style=\"color: #000000;\"><strong>STAGE DIRECTION<\/strong><\/span><\/p>\n<p><span style=\"font-weight: 400;\"><strong>Mireia Andreu<\/strong> studied dramatic arts and stage direction at the Institut del Teatre in Barcelona. She joined the Rodrigo Garc\u00eda\u2019s company La Carnicer\u00eda Teatro in 2001, where she was an assistant to direction and production in works that were performed at theatres and festivals throughout Europe. In 2004, she received the UB\u00da theatre award for the best contemporary production performance and, in 2009, the UNESCO award for the best contemporary theatre production. She began her own artistic career in 2005, in the field of video art and experimental film. Since then, she has created performances that could be seen in locations such as the Barcelona Museum of Contemporary Art, the Lo Pati Art Centre, the Pensa Festival of Philosophy in Barcelona, and A Cel Obert in Tortosa<\/span><span style=\"font-family: -apple-system, BlinkMacSystemFont, 'Segoe UI', Roboto, Oxygen-Sans, Ubuntu, Cantarell, 'Helvetica Neue', sans-serif;\">.<\/span><\/p>\n<p>&nbsp;<\/p>\n<p><span style=\"font-weight: 400;\"><strong>Jaume Mart\u00ednez<\/strong> is a designer whose work includes graphic design, stage design and plastic art, always with a strong connection to Tortosa and its surroundings, and particularly sensitive towards interior spaces and the ties with architecture and urban memory. Mart\u00ednez has shown an interest in creating poetic stages that encourage the audience to delve into memories and imagination, using the city\u2019s architectural elements and being inspired by areas of silence that are often desolate of human activity. This approach shows a deep reflection of the city\u2019s evolution, the mutation of the urban network, and the meaning of human existence<\/span><span style=\"font-family: -apple-system, BlinkMacSystemFont, 'Segoe UI', Roboto, Oxygen-Sans, Ubuntu, Cantarell, 'Helvetica Neue', sans-serif;\">.<\/span>[\/vc_column_text][\/vc_column][\/vc_row]<\/p>\n","protected":false},"excerpt":{"rendered":"<p>[vc_row row_height_percent=&#8221;0&#8243; back_color=&#8221;color-jevc&#8221; overlay_alpha=&#8221;50&#8243; gutter_size=&#8221;3&#8243; column_width_percent=&#8221;100&#8243; shift_y=&#8221;0&#8243; z_index=&#8221;0&#8243; uncode_shortcode_id=&#8221;181188&#8243; back_color_type=&#8221;uncode-palette&#8221;][vc_column width=&#8221;1\/1&#8243;][vc_custom_heading text_color=&#8221;color-jevc&#8221; heading_semantic=&#8221;h1&#8243; text_font=&#8221;font-555555&#8243; text_size=&#8221;h1&#8243; uncode_shortcode_id=&#8221;156647&#8243; text_color_type=&#8221;uncode-palette&#8221;]ESQUERDA II: BATEC (CREVICE [&hellip;]<\/p>\n","protected":false},"author":1,"featured_media":0,"parent":0,"menu_order":0,"comment_status":"closed","ping_status":"closed","template":"","meta":{"_monsterinsights_skip_tracking":false,"_monsterinsights_sitenote_active":false,"_monsterinsights_sitenote_note":"","_monsterinsights_sitenote_category":0,"footnotes":""},"yoast_head":"<!-- This site is optimized with the Yoast SEO plugin v21.3 - https:\/\/yoast.com\/wordpress\/plugins\/seo\/ -->\n<title>ESPECTACLE: ESQUERDA II - BATEC. LA FERIDA QUE RESPIRA. - Proto-fest<\/title>\n<meta name=\"description\" content=\"A c\u00e0rrec de l&#039;alumnat de l&#039;Opera Studio, amb direcci\u00f3 musical de Jordi Dom\u00e8nech i direcci\u00f3 esc\u00e8nica de Mireia Andreu i Jaume Mart\u00ednez.\" \/>\n<meta name=\"robots\" content=\"index, follow, max-snippet:-1, max-image-preview:large, max-video-preview:-1\" \/>\n<link rel=\"canonical\" href=\"https:\/\/proto-fest.com\/en\/espectacle-esquerda-2-batec-la-ferida-que-respira\/\" \/>\n<meta property=\"og:locale\" content=\"en_US\" \/>\n<meta property=\"og:type\" content=\"article\" \/>\n<meta property=\"og:title\" content=\"ESPECTACLE: ESQUERDA II - BATEC. LA FERIDA QUE RESPIRA.\" \/>\n<meta property=\"og:description\" content=\"A c\u00e0rrec de l&#039;alumnat de l&#039;Opera Studio, amb direcci\u00f3 musical de Jordi Dom\u00e8nech i direcci\u00f3 esc\u00e8nica de Mireia Andreu i Jaume Mart\u00ednez.\" \/>\n<meta property=\"og:url\" content=\"https:\/\/proto-fest.com\/en\/espectacle-esquerda-2-batec-la-ferida-que-respira\/\" \/>\n<meta property=\"og:site_name\" content=\"Proto-fest\" \/>\n<meta property=\"article:modified_time\" content=\"2025-07-28T15:55:22+00:00\" \/>\n<meta property=\"og:image\" content=\"https:\/\/proto-fest.com\/wp-content\/uploads\/2025\/05\/logo_proto5_social-01.png\" \/>\n\t<meta property=\"og:image:width\" content=\"200\" \/>\n\t<meta property=\"og:image:height\" content=\"200\" \/>\n\t<meta property=\"og:image:type\" content=\"image\/png\" \/>\n<meta name=\"twitter:card\" content=\"summary_large_image\" \/>\n<meta name=\"twitter:title\" content=\"CONCERT INAUGURAL: L\u2019OMBRA DE FARINELLIESPECTACLE: ESQUERDA II - BATEC. LA FERIDA QUE RESPIRA.\" \/>\n<meta name=\"twitter:description\" content=\"A c\u00e0rrec de l&#039;alumnat de l&#039;Opera Studio, amb direcci\u00f3 musical de Jordi Dom\u00e8nech i direcci\u00f3 esc\u00e8nica de Mireia Andreu i Jaume Mart\u00ednez.\" \/>\n<meta name=\"twitter:image\" content=\"https:\/\/proto-fest.com\/wp-content\/uploads\/2025\/05\/logo_proto5_social-01.png\" \/>\n<meta name=\"twitter:label1\" content=\"Est. reading time\" \/>\n\t<meta name=\"twitter:data1\" content=\"4 minutes\" \/>\n<script type=\"application\/ld+json\" class=\"yoast-schema-graph\">{\"@context\":\"https:\/\/schema.org\",\"@graph\":[{\"@type\":\"WebPage\",\"@id\":\"https:\/\/proto-fest.com\/en\/espectacle-esquerda-2-batec-la-ferida-que-respira\/\",\"url\":\"https:\/\/proto-fest.com\/en\/espectacle-esquerda-2-batec-la-ferida-que-respira\/\",\"name\":\"ESPECTACLE: ESQUERDA II - BATEC. LA FERIDA QUE RESPIRA. - Proto-fest\",\"isPartOf\":{\"@id\":\"https:\/\/proto-fest.com\/en\/#website\"},\"datePublished\":\"2025-06-21T11:11:05+00:00\",\"dateModified\":\"2025-07-28T15:55:22+00:00\",\"description\":\"A c\u00e0rrec de l'alumnat de l'Opera Studio, amb direcci\u00f3 musical de Jordi Dom\u00e8nech i direcci\u00f3 esc\u00e8nica de Mireia Andreu i Jaume Mart\u00ednez.\",\"breadcrumb\":{\"@id\":\"https:\/\/proto-fest.com\/en\/espectacle-esquerda-2-batec-la-ferida-que-respira\/#breadcrumb\"},\"inLanguage\":\"en-US\",\"potentialAction\":[{\"@type\":\"ReadAction\",\"target\":[\"https:\/\/proto-fest.com\/en\/espectacle-esquerda-2-batec-la-ferida-que-respira\/\"]}]},{\"@type\":\"BreadcrumbList\",\"@id\":\"https:\/\/proto-fest.com\/en\/espectacle-esquerda-2-batec-la-ferida-que-respira\/#breadcrumb\",\"itemListElement\":[{\"@type\":\"ListItem\",\"position\":1,\"name\":\"Home\",\"item\":\"https:\/\/proto-fest.com\/en\/\"},{\"@type\":\"ListItem\",\"position\":2,\"name\":\"ESPECTACLE: ESQUERDA II &#8211; BATEC. LA FERIDA QUE RESPIRA.\"}]},{\"@type\":\"WebSite\",\"@id\":\"https:\/\/proto-fest.com\/en\/#website\",\"url\":\"https:\/\/proto-fest.com\/en\/\",\"name\":\"Proto-fest\",\"description\":\"Festival de m\u00fasica Tortosa\",\"publisher\":{\"@id\":\"https:\/\/proto-fest.com\/en\/#organization\"},\"potentialAction\":[{\"@type\":\"SearchAction\",\"target\":{\"@type\":\"EntryPoint\",\"urlTemplate\":\"https:\/\/proto-fest.com\/en\/?s={search_term_string}\"},\"query-input\":\"required name=search_term_string\"}],\"inLanguage\":\"en-US\"},{\"@type\":\"Organization\",\"@id\":\"https:\/\/proto-fest.com\/en\/#organization\",\"name\":\"Proto-fest\",\"url\":\"https:\/\/proto-fest.com\/en\/\",\"logo\":{\"@type\":\"ImageObject\",\"inLanguage\":\"en-US\",\"@id\":\"https:\/\/proto-fest.com\/en\/#\/schema\/logo\/image\/\",\"url\":\"https:\/\/proto-fest.com\/wp-content\/uploads\/2026\/04\/cropped-cropped-logo_proto6_header-01-1-1.png\",\"contentUrl\":\"https:\/\/proto-fest.com\/wp-content\/uploads\/2026\/04\/cropped-cropped-logo_proto6_header-01-1-1.png\",\"width\":323,\"height\":143,\"caption\":\"Proto-fest\"},\"image\":{\"@id\":\"https:\/\/proto-fest.com\/en\/#\/schema\/logo\/image\/\"}}]}<\/script>\n<!-- \/ Yoast SEO plugin. -->","yoast_head_json":{"title":"ESPECTACLE: ESQUERDA II - BATEC. LA FERIDA QUE RESPIRA. - Proto-fest","description":"A c\u00e0rrec de l'alumnat de l'Opera Studio, amb direcci\u00f3 musical de Jordi Dom\u00e8nech i direcci\u00f3 esc\u00e8nica de Mireia Andreu i Jaume Mart\u00ednez.","robots":{"index":"index","follow":"follow","max-snippet":"max-snippet:-1","max-image-preview":"max-image-preview:large","max-video-preview":"max-video-preview:-1"},"canonical":"https:\/\/proto-fest.com\/en\/espectacle-esquerda-2-batec-la-ferida-que-respira\/","og_locale":"en_US","og_type":"article","og_title":"ESPECTACLE: ESQUERDA II - BATEC. LA FERIDA QUE RESPIRA.","og_description":"A c\u00e0rrec de l'alumnat de l'Opera Studio, amb direcci\u00f3 musical de Jordi Dom\u00e8nech i direcci\u00f3 esc\u00e8nica de Mireia Andreu i Jaume Mart\u00ednez.","og_url":"https:\/\/proto-fest.com\/en\/espectacle-esquerda-2-batec-la-ferida-que-respira\/","og_site_name":"Proto-fest","article_modified_time":"2025-07-28T15:55:22+00:00","og_image":[{"width":200,"height":200,"url":"https:\/\/proto-fest.com\/wp-content\/uploads\/2025\/05\/logo_proto5_social-01.png","type":"image\/png"}],"twitter_card":"summary_large_image","twitter_title":"CONCERT INAUGURAL: L\u2019OMBRA DE FARINELLIESPECTACLE: ESQUERDA II - BATEC. LA FERIDA QUE RESPIRA.","twitter_description":"A c\u00e0rrec de l'alumnat de l'Opera Studio, amb direcci\u00f3 musical de Jordi Dom\u00e8nech i direcci\u00f3 esc\u00e8nica de Mireia Andreu i Jaume Mart\u00ednez.","twitter_image":"https:\/\/proto-fest.com\/wp-content\/uploads\/2025\/05\/logo_proto5_social-01.png","twitter_misc":{"Est. reading time":"4 minutes"},"schema":{"@context":"https:\/\/schema.org","@graph":[{"@type":"WebPage","@id":"https:\/\/proto-fest.com\/en\/espectacle-esquerda-2-batec-la-ferida-que-respira\/","url":"https:\/\/proto-fest.com\/en\/espectacle-esquerda-2-batec-la-ferida-que-respira\/","name":"ESPECTACLE: ESQUERDA II - BATEC. LA FERIDA QUE RESPIRA. - Proto-fest","isPartOf":{"@id":"https:\/\/proto-fest.com\/en\/#website"},"datePublished":"2025-06-21T11:11:05+00:00","dateModified":"2025-07-28T15:55:22+00:00","description":"A c\u00e0rrec de l'alumnat de l'Opera Studio, amb direcci\u00f3 musical de Jordi Dom\u00e8nech i direcci\u00f3 esc\u00e8nica de Mireia Andreu i Jaume Mart\u00ednez.","breadcrumb":{"@id":"https:\/\/proto-fest.com\/en\/espectacle-esquerda-2-batec-la-ferida-que-respira\/#breadcrumb"},"inLanguage":"en-US","potentialAction":[{"@type":"ReadAction","target":["https:\/\/proto-fest.com\/en\/espectacle-esquerda-2-batec-la-ferida-que-respira\/"]}]},{"@type":"BreadcrumbList","@id":"https:\/\/proto-fest.com\/en\/espectacle-esquerda-2-batec-la-ferida-que-respira\/#breadcrumb","itemListElement":[{"@type":"ListItem","position":1,"name":"Home","item":"https:\/\/proto-fest.com\/en\/"},{"@type":"ListItem","position":2,"name":"ESPECTACLE: ESQUERDA II &#8211; BATEC. LA FERIDA QUE RESPIRA."}]},{"@type":"WebSite","@id":"https:\/\/proto-fest.com\/en\/#website","url":"https:\/\/proto-fest.com\/en\/","name":"Proto-fest","description":"Festival de m\u00fasica Tortosa","publisher":{"@id":"https:\/\/proto-fest.com\/en\/#organization"},"potentialAction":[{"@type":"SearchAction","target":{"@type":"EntryPoint","urlTemplate":"https:\/\/proto-fest.com\/en\/?s={search_term_string}"},"query-input":"required name=search_term_string"}],"inLanguage":"en-US"},{"@type":"Organization","@id":"https:\/\/proto-fest.com\/en\/#organization","name":"Proto-fest","url":"https:\/\/proto-fest.com\/en\/","logo":{"@type":"ImageObject","inLanguage":"en-US","@id":"https:\/\/proto-fest.com\/en\/#\/schema\/logo\/image\/","url":"https:\/\/proto-fest.com\/wp-content\/uploads\/2026\/04\/cropped-cropped-logo_proto6_header-01-1-1.png","contentUrl":"https:\/\/proto-fest.com\/wp-content\/uploads\/2026\/04\/cropped-cropped-logo_proto6_header-01-1-1.png","width":323,"height":143,"caption":"Proto-fest"},"image":{"@id":"https:\/\/proto-fest.com\/en\/#\/schema\/logo\/image\/"}}]}},"_links":{"self":[{"href":"https:\/\/proto-fest.com\/en\/wp-json\/wp\/v2\/pages\/59880"}],"collection":[{"href":"https:\/\/proto-fest.com\/en\/wp-json\/wp\/v2\/pages"}],"about":[{"href":"https:\/\/proto-fest.com\/en\/wp-json\/wp\/v2\/types\/page"}],"author":[{"embeddable":true,"href":"https:\/\/proto-fest.com\/en\/wp-json\/wp\/v2\/users\/1"}],"replies":[{"embeddable":true,"href":"https:\/\/proto-fest.com\/en\/wp-json\/wp\/v2\/comments?post=59880"}],"version-history":[{"count":2,"href":"https:\/\/proto-fest.com\/en\/wp-json\/wp\/v2\/pages\/59880\/revisions"}],"predecessor-version":[{"id":59938,"href":"https:\/\/proto-fest.com\/en\/wp-json\/wp\/v2\/pages\/59880\/revisions\/59938"}],"wp:attachment":[{"href":"https:\/\/proto-fest.com\/en\/wp-json\/wp\/v2\/media?parent=59880"}],"curies":[{"name":"wp","href":"https:\/\/api.w.org\/{rel}","templated":true}]}}