{"id":59882,"date":"2025-06-21T17:50:19","date_gmt":"2025-06-21T15:50:19","guid":{"rendered":"https:\/\/proto-fest.com\/espectacle-esquerda-3-la-solitud-del-cos\/"},"modified":"2025-07-31T13:01:24","modified_gmt":"2025-07-31T11:01:24","slug":"espectacle-esquerda-3-la-solitud-del-cos","status":"publish","type":"page","link":"https:\/\/proto-fest.com\/en\/espectacle-esquerda-3-la-solitud-del-cos\/","title":{"rendered":"ESPECTACLE: ESQUERDA III &#8211; LA SOLITUD DEL COS. UNA LIT\u00daRGIA D&#8217;AIRE I OSSOS."},"content":{"rendered":"<p>[vc_row row_height_percent=&#8221;0&#8243; back_color=&#8221;color-jevc&#8221; overlay_alpha=&#8221;50&#8243; gutter_size=&#8221;3&#8243; column_width_percent=&#8221;100&#8243; shift_y=&#8221;0&#8243; z_index=&#8221;0&#8243; uncode_shortcode_id=&#8221;181188&#8243; back_color_type=&#8221;uncode-palette&#8221;][vc_column width=&#8221;1\/1&#8243;][vc_custom_heading text_color=&#8221;color-jevc&#8221; heading_semantic=&#8221;h1&#8243; text_font=&#8221;font-555555&#8243; text_size=&#8221;h1&#8243; uncode_shortcode_id=&#8221;262008&#8243; text_color_type=&#8221;uncode-palette&#8221;]<span class=\"font-555555\" style=\"font-weight: 400; color: #ffffff;\"><span style=\"font-weight: 400;\">ESQUERDA III: LA SOLITUD DEL COS (CREVICE III: THE SOLITUDE OF THE BODY)<br \/>\nUNA LIT\u00daRGIA D\u2019AIRE I OSSOS (A LITURGY OF AIR AND BONES)<\/span><\/span>[\/vc_custom_heading][vc_custom_heading text_color=&#8221;color-jevc&#8221; heading_semantic=&#8221;h1&#8243; text_font=&#8221;font-813966&#8243; text_size=&#8221;fontsize-828701&#8243; uncode_shortcode_id=&#8221;137990&#8243; text_color_type=&#8221;uncode-palette&#8221;]<\/p>\n<h2><span class=\"font-187764 font-102516 font-813966\" style=\"font-weight: 400; color: #ffffff;\"><span style=\"font-weight: 400;\">Mozart\u2019s Requiem<\/span><\/span><\/h2>\n<h2><span class=\"font-187764 font-102516 font-813966\" style=\"font-weight: 400; color: #ffffff;\"><span style=\"font-weight: 400;\">MASTERCLASS Choir and Orchestra Students<\/span><\/span><\/h2>\n<h2><span class=\"font-187764 font-102516 font-813966\" style=\"font-weight: 400; color: #ffffff;\"><span style=\"font-weight: 400;\">Soloists: Andrea Font (soprano), Georgina Reyner (mezzosoprano), Jos\u00e9 M. Monfort (tenor), Abel Nicolae (baritone)<\/span><\/span><\/h2>\n<h2><span class=\"font-187764 font-102516 font-813966\" style=\"font-weight: 400; color: #ffffff;\"><span style=\"font-weight: 400;\">Dancers: Laura Iba\u00f1ez Ruiz and Luc\u00eda Moraleda P\u00e9rez<\/span><\/span><\/h2>\n<h2><span class=\"font-187764 font-102516 font-813966\" style=\"font-weight: 400; color: #ffffff;\"><span style=\"font-weight: 400;\">Actress: Mariam Ouacif Cort\u00e9s<\/span><\/span><\/h2>\n<h2><span class=\"font-187764 font-102516 font-813966\" style=\"font-weight: 400; color: #ffffff;\"><span style=\"font-weight: 400;\">Francesc Valldecabres, musical director<\/span><\/span><\/h2>\n<h2><span class=\"font-187764 font-102516 font-813966\" style=\"font-weight: 400; color: #ffffff;\"><span style=\"font-weight: 400;\">Mireia Andreu and Jaume Mart\u00ednez, stage direction<\/span><\/span><\/h2>\n<p>[\/vc_custom_heading][\/vc_column][\/vc_row][vc_row unlock_row=&#8221;&#8221; row_height_percent=&#8221;0&#8243; back_color=&#8221;color-xsdn&#8221; overlay_alpha=&#8221;50&#8243; gutter_size=&#8221;3&#8243; column_width_percent=&#8221;100&#8243; shift_y=&#8221;0&#8243; z_index=&#8221;0&#8243; inverted_device_order=&#8221;yes&#8221; uncode_shortcode_id=&#8221;188268&#8243; back_color_type=&#8221;uncode-palette&#8221;][vc_column column_width_percent=&#8221;100&#8243; position_vertical=&#8221;middle&#8221; gutter_size=&#8221;1&#8243; style=&#8221;dark&#8221; overlay_alpha=&#8221;50&#8243; shift_x=&#8221;0&#8243; shift_y=&#8221;0&#8243; shift_y_down=&#8221;0&#8243; z_index=&#8221;0&#8243; medium_width=&#8221;0&#8243; mobile_width=&#8221;0&#8243; width=&#8221;1\/2&#8243; uncode_shortcode_id=&#8221;107810&#8243;][vc_custom_heading text_font=&#8221;font-105735&#8243; text_size=&#8221;h4&#8243; uncode_shortcode_id=&#8221;609057&#8243;]<span style=\"color: #000000;\">Friday, 1st,<\/span><br \/>\n<span style=\"color: #000000;\">22.00 h<br \/>\n<\/span>[\/vc_custom_heading][vc_empty_space empty_h=&#8221;0&#8243;][vc_custom_heading heading_semantic=&#8221;h5&#8243; text_font=&#8221;font-555555&#8243; text_size=&#8221;h4&#8243; uncode_shortcode_id=&#8221;998233&#8243;]<span style=\"color: #000000;\">Cathedral Apse Square<\/span>[\/vc_custom_heading][vc_custom_heading heading_semantic=&#8221;h3&#8243; text_font=&#8221;font-942005&#8243; text_size=&#8221;h5&#8243; text_weight=&#8221;400&#8243; uncode_shortcode_id=&#8221;118687&#8243;]<span style=\"color: #000000;\"><a style=\"color: #000000;\" href=\"https:\/\/maps.app.goo.gl\/NbiE4bCQM36Pm2367\" target=\"_blank\" rel=\"noopener\">See location<\/a><\/span>[\/vc_custom_heading][vc_empty_space empty_h=&#8221;0&#8243;][vc_custom_heading heading_semantic=&#8221;h5&#8243; text_font=&#8221;font-555555&#8243; text_size=&#8221;h5&#8243; uncode_shortcode_id=&#8221;854604&#8243;]<span style=\"color: #000000;\">Free Admission.<\/span>[\/vc_custom_heading][\/vc_column][vc_column width=&#8221;1\/2&#8243;][vc_single_image media=&#8221;59444&#8243; media_width_percent=&#8221;100&#8243; uncode_shortcode_id=&#8221;138820&#8243;][\/vc_column][\/vc_row][vc_row][vc_column width=&#8221;1\/1&#8243;][vc_separator sep_color=&#8221;color-jevc&#8221; uncode_shortcode_id=&#8221;102172&#8243; sep_color_type=&#8221;uncode-palette&#8221;][vc_custom_heading heading_semantic=&#8221;h5&#8243; text_font=&#8221;font-555555&#8243; text_size=&#8221;h4&#8243; uncode_shortcode_id=&#8221;784876&#8243;]<span style=\"font-weight: 400;\">Bones that crack like glass under the skin. Blood on the teeth. Heartbeat of mud. Mozart\u2019s Requiem: Breaks the throat with pieces of hardened placenta. Crevice III is the place where the flesh rises up and speaks: a prayer interrupted by the body\u2019s last breath. <strong>Mozart\u2019s Requiem<\/strong> is one of his most emblematic and mysterious works. Composed in 1791 and unfinished at his death, it was completed by his disciple <strong>Xaver S\u00fcssmayr<\/strong>. A commission from Count <strong>Franz von Walsegg<\/strong>, the work combines drama and spirituality, with intense sequences such as \u201cDies irae\u201d and lyrical moments such as \u201cLacrimosa\u201d. Its deep, funereal nature has made it a universal symbol of mourning and significance. Written in the days prior to the composer\u2019s death, Requiem reflects the fight between life and death, and is considered a musical testament that combines classical period music with a moving and timeless emotion.<\/span>[\/vc_custom_heading][vc_separator sep_color=&#8221;color-jevc&#8221; uncode_shortcode_id=&#8221;102172&#8243; sep_color_type=&#8221;uncode-palette&#8221;][vc_column_text text_lead=&#8221;yes&#8221; text_color=&#8221;color-jevc&#8221; uncode_shortcode_id=&#8221;636781&#8243; text_color_type=&#8221;uncode-palette&#8221;]<span style=\"color: #000000;\"><strong>PERFORMERS<\/strong><\/span><\/p>\n<p><span style=\"font-weight: 400;\">The Proto-fest 2025 participatory concert marks the end of the choir and orchestra masterclass given by conductor Francesc Valldecabres as part of the festival\u2019s training programme. This unique experience will bring together students and professionals in a collaborative project in which music and stage are united. Mireia Andreu, a specialist in theatre and renowned professor, will be responsible for stage direction and will provide the concert with a dramatic vision. The final performance will be the result of an intense process of artistic and teaching work in which learning and shared creativity lead to innovative stage that is open to the public and charged with emotion<\/span><span style=\"font-family: -apple-system, BlinkMacSystemFont, 'Segoe UI', Roboto, Oxygen-Sans, Ubuntu, Cantarell, 'Helvetica Neue', sans-serif;\">.<\/span><\/p>\n<p>&nbsp;<\/p>\n<p><span style=\"color: #000000;\"><strong>CONDUCTING<\/strong><\/span><\/p>\n<p><span style=\"font-weight: 400;\">&gt;Francesc Valldecabres studied at Valencia Conservatory where he graduated in Orchestra Conducting, Choir Conducting, Improvisation-Accompaniment and Harpsichord. He expanded his education with a master\u2019s degree in Musical Aesthetics and Creativity from the University of Valencia, another in Musicology from the Autonomous University of Barcelona, and another in Choir Conducting from Rotterdam Conservatory. He has taken part in masterclasses with teachers such as F. Br\u00fcggen and A. van Beek. He has collaborated as a pianist and accompanist with ensembles such as Laurens Collegium and Turiae Camerata, and has conducted orchestras and choirs from around Europe. He has also recorded around fifteen albums dedicated to the heritage of Valencia<\/span><span style=\"font-family: -apple-system, BlinkMacSystemFont, 'Segoe UI', Roboto, Oxygen-Sans, Ubuntu, Cantarell, 'Helvetica Neue', sans-serif;\">.<\/span><\/p>\n<p>&nbsp;<\/p>\n<p><span style=\"color: #000000;\"><strong>STAGE DIRECTION<\/strong><\/span><\/p>\n<p><span style=\"font-weight: 400;\"><strong>Mireia Andreu<\/strong> studied dramatic arts and stage direction at the Institut del Teatre in Barcelona. She joined the Rodrigo Garc\u00eda\u2019s company La Carnicer\u00eda Teatro in 2001, where she was an assistant to direction and production in works that were performed at theatres and festivals throughout Europe. In 2004, she received the UB\u00da theatre award for the best contemporary production performance and, in 2009, the UNESCO award for the best contemporary theatre production. She began her own artistic career in 2005, in the field of video art and experimental film. Since then, she has created performances that could be seen in locations such as the Barcelona Museum of Contemporary Art, the Lo Pati Art Centre, the Pensa Festival of Philosophy in Barcelona, and A Cel Obert in Tortosa<\/span><span style=\"font-family: -apple-system, BlinkMacSystemFont, 'Segoe UI', Roboto, Oxygen-Sans, Ubuntu, Cantarell, 'Helvetica Neue', sans-serif;\">.<\/span><\/p>\n<p>&nbsp;<\/p>\n<p><span style=\"font-weight: 400;\"><strong>Jaume Mart\u00ednez<\/strong> is a designer whose work includes graphic design, stage design and plastic art, always with a strong connection to Tortosa and its surroundings, and particularly sensitive towards interior spaces and the ties with architecture and urban memory. Mart\u00ednez has shown an interest in creating poetic stages that encourage the audience to delve into memories and imagination, using the city\u2019s architectural elements and being inspired by areas of silence that are often desolate of human activity. This approach shows a deep reflection of the city\u2019s evolution, the mutation of the urban network, and the meaning of human existence<\/span><span style=\"font-family: -apple-system, BlinkMacSystemFont, 'Segoe UI', Roboto, Oxygen-Sans, Ubuntu, Cantarell, 'Helvetica Neue', sans-serif;\">.<\/span>[\/vc_column_text][\/vc_column][\/vc_row]<\/p>\n","protected":false},"excerpt":{"rendered":"<p>[vc_row row_height_percent=&#8221;0&#8243; back_color=&#8221;color-jevc&#8221; overlay_alpha=&#8221;50&#8243; gutter_size=&#8221;3&#8243; column_width_percent=&#8221;100&#8243; shift_y=&#8221;0&#8243; z_index=&#8221;0&#8243; uncode_shortcode_id=&#8221;181188&#8243; back_color_type=&#8221;uncode-palette&#8221;][vc_column width=&#8221;1\/1&#8243;][vc_custom_heading text_color=&#8221;color-jevc&#8221; heading_semantic=&#8221;h1&#8243; text_font=&#8221;font-555555&#8243; text_size=&#8221;h1&#8243; uncode_shortcode_id=&#8221;262008&#8243; text_color_type=&#8221;uncode-palette&#8221;]ESQUERDA III: LA SOLITUD [&hellip;]<\/p>\n","protected":false},"author":1,"featured_media":0,"parent":0,"menu_order":0,"comment_status":"closed","ping_status":"closed","template":"","meta":{"_monsterinsights_skip_tracking":false,"_monsterinsights_sitenote_active":false,"_monsterinsights_sitenote_note":"","_monsterinsights_sitenote_category":0,"footnotes":""},"yoast_head":"<!-- This site is optimized with the Yoast SEO plugin v21.3 - https:\/\/yoast.com\/wordpress\/plugins\/seo\/ -->\n<title>ESPECTACLE: ESQUERDA III - LA SOLITUD DEL COS. UNA LIT\u00daRGIA D&#039;AIRE I OSSOS. - Proto-fest<\/title>\n<meta name=\"description\" content=\"R\u00c8QUIEM DE MOZART. Alumnat de Cor i Orquestra, direcci\u00f3 de Francesc Valldecabres i direcci\u00f3 esc\u00e8nica de Mireia Andreu i Jaume Mart\u00ednez.\" \/>\n<meta name=\"robots\" content=\"index, follow, max-snippet:-1, max-image-preview:large, max-video-preview:-1\" \/>\n<link rel=\"canonical\" href=\"https:\/\/proto-fest.com\/en\/espectacle-esquerda-3-la-solitud-del-cos\/\" \/>\n<meta property=\"og:locale\" content=\"en_US\" \/>\n<meta property=\"og:type\" content=\"article\" \/>\n<meta property=\"og:title\" content=\"ESPECTACLE: ESQUERDA III - LA SOLITUD DEL COS. UNA LIT\u00daRGIA D&#039;AIRE I OSSOS.\" \/>\n<meta property=\"og:description\" content=\"R\u00c8QUIEM DE MOZART. Alumnat de Cor i Orquestra, direcci\u00f3 de Francesc Valldecabres i direcci\u00f3 esc\u00e8nica de Mireia Andreu i Jaume Mart\u00ednez.\" \/>\n<meta property=\"og:url\" content=\"https:\/\/proto-fest.com\/en\/espectacle-esquerda-3-la-solitud-del-cos\/\" \/>\n<meta property=\"og:site_name\" content=\"Proto-fest\" \/>\n<meta property=\"article:modified_time\" content=\"2025-07-31T11:01:24+00:00\" \/>\n<meta property=\"og:image\" content=\"https:\/\/proto-fest.com\/wp-content\/uploads\/2025\/05\/logo_proto5_social-01.png\" \/>\n\t<meta property=\"og:image:width\" content=\"200\" \/>\n\t<meta property=\"og:image:height\" content=\"200\" \/>\n\t<meta property=\"og:image:type\" content=\"image\/png\" \/>\n<meta name=\"twitter:card\" content=\"summary_large_image\" \/>\n<meta name=\"twitter:title\" content=\"ESPECTACLE: ESQUERDA III - LA SOLITUD DEL COS. UNA LIT\u00daRGIA D&#039;AIRE I OSSOS.\" \/>\n<meta name=\"twitter:description\" content=\"R\u00c8QUIEM DE MOZART. Alumnat de Cor i Orquestra, direcci\u00f3 de Francesc Valldecabres i direcci\u00f3 esc\u00e8nica de Mireia Andreu i Jaume Mart\u00ednez.\" \/>\n<meta name=\"twitter:image\" content=\"https:\/\/proto-fest.com\/wp-content\/uploads\/2025\/05\/logo_proto5_social-01.png\" \/>\n<meta name=\"twitter:label1\" content=\"Est. reading time\" \/>\n\t<meta name=\"twitter:data1\" content=\"5 minutes\" \/>\n<script type=\"application\/ld+json\" class=\"yoast-schema-graph\">{\"@context\":\"https:\/\/schema.org\",\"@graph\":[{\"@type\":\"WebPage\",\"@id\":\"https:\/\/proto-fest.com\/en\/espectacle-esquerda-3-la-solitud-del-cos\/\",\"url\":\"https:\/\/proto-fest.com\/en\/espectacle-esquerda-3-la-solitud-del-cos\/\",\"name\":\"ESPECTACLE: ESQUERDA III - LA SOLITUD DEL COS. UNA LIT\u00daRGIA D'AIRE I OSSOS. - Proto-fest\",\"isPartOf\":{\"@id\":\"https:\/\/proto-fest.com\/en\/#website\"},\"datePublished\":\"2025-06-21T15:50:19+00:00\",\"dateModified\":\"2025-07-31T11:01:24+00:00\",\"description\":\"R\u00c8QUIEM DE MOZART. Alumnat de Cor i Orquestra, direcci\u00f3 de Francesc Valldecabres i direcci\u00f3 esc\u00e8nica de Mireia Andreu i Jaume Mart\u00ednez.\",\"breadcrumb\":{\"@id\":\"https:\/\/proto-fest.com\/en\/espectacle-esquerda-3-la-solitud-del-cos\/#breadcrumb\"},\"inLanguage\":\"en-US\",\"potentialAction\":[{\"@type\":\"ReadAction\",\"target\":[\"https:\/\/proto-fest.com\/en\/espectacle-esquerda-3-la-solitud-del-cos\/\"]}]},{\"@type\":\"BreadcrumbList\",\"@id\":\"https:\/\/proto-fest.com\/en\/espectacle-esquerda-3-la-solitud-del-cos\/#breadcrumb\",\"itemListElement\":[{\"@type\":\"ListItem\",\"position\":1,\"name\":\"Home\",\"item\":\"https:\/\/proto-fest.com\/en\/\"},{\"@type\":\"ListItem\",\"position\":2,\"name\":\"ESPECTACLE: ESQUERDA III &#8211; LA SOLITUD DEL COS. UNA LIT\u00daRGIA D&#8217;AIRE I OSSOS.\"}]},{\"@type\":\"WebSite\",\"@id\":\"https:\/\/proto-fest.com\/en\/#website\",\"url\":\"https:\/\/proto-fest.com\/en\/\",\"name\":\"Proto-fest\",\"description\":\"Festival de m\u00fasica Tortosa\",\"publisher\":{\"@id\":\"https:\/\/proto-fest.com\/en\/#organization\"},\"potentialAction\":[{\"@type\":\"SearchAction\",\"target\":{\"@type\":\"EntryPoint\",\"urlTemplate\":\"https:\/\/proto-fest.com\/en\/?s={search_term_string}\"},\"query-input\":\"required name=search_term_string\"}],\"inLanguage\":\"en-US\"},{\"@type\":\"Organization\",\"@id\":\"https:\/\/proto-fest.com\/en\/#organization\",\"name\":\"Proto-fest\",\"url\":\"https:\/\/proto-fest.com\/en\/\",\"logo\":{\"@type\":\"ImageObject\",\"inLanguage\":\"en-US\",\"@id\":\"https:\/\/proto-fest.com\/en\/#\/schema\/logo\/image\/\",\"url\":\"https:\/\/proto-fest.com\/wp-content\/uploads\/2026\/04\/cropped-cropped-logo_proto6_header-01-1-1.png\",\"contentUrl\":\"https:\/\/proto-fest.com\/wp-content\/uploads\/2026\/04\/cropped-cropped-logo_proto6_header-01-1-1.png\",\"width\":323,\"height\":143,\"caption\":\"Proto-fest\"},\"image\":{\"@id\":\"https:\/\/proto-fest.com\/en\/#\/schema\/logo\/image\/\"}}]}<\/script>\n<!-- \/ Yoast SEO plugin. -->","yoast_head_json":{"title":"ESPECTACLE: ESQUERDA III - LA SOLITUD DEL COS. UNA LIT\u00daRGIA D'AIRE I OSSOS. - Proto-fest","description":"R\u00c8QUIEM DE MOZART. Alumnat de Cor i Orquestra, direcci\u00f3 de Francesc Valldecabres i direcci\u00f3 esc\u00e8nica de Mireia Andreu i Jaume Mart\u00ednez.","robots":{"index":"index","follow":"follow","max-snippet":"max-snippet:-1","max-image-preview":"max-image-preview:large","max-video-preview":"max-video-preview:-1"},"canonical":"https:\/\/proto-fest.com\/en\/espectacle-esquerda-3-la-solitud-del-cos\/","og_locale":"en_US","og_type":"article","og_title":"ESPECTACLE: ESQUERDA III - LA SOLITUD DEL COS. UNA LIT\u00daRGIA D'AIRE I OSSOS.","og_description":"R\u00c8QUIEM DE MOZART. Alumnat de Cor i Orquestra, direcci\u00f3 de Francesc Valldecabres i direcci\u00f3 esc\u00e8nica de Mireia Andreu i Jaume Mart\u00ednez.","og_url":"https:\/\/proto-fest.com\/en\/espectacle-esquerda-3-la-solitud-del-cos\/","og_site_name":"Proto-fest","article_modified_time":"2025-07-31T11:01:24+00:00","og_image":[{"width":200,"height":200,"url":"https:\/\/proto-fest.com\/wp-content\/uploads\/2025\/05\/logo_proto5_social-01.png","type":"image\/png"}],"twitter_card":"summary_large_image","twitter_title":"ESPECTACLE: ESQUERDA III - LA SOLITUD DEL COS. UNA LIT\u00daRGIA D'AIRE I OSSOS.","twitter_description":"R\u00c8QUIEM DE MOZART. Alumnat de Cor i Orquestra, direcci\u00f3 de Francesc Valldecabres i direcci\u00f3 esc\u00e8nica de Mireia Andreu i Jaume Mart\u00ednez.","twitter_image":"https:\/\/proto-fest.com\/wp-content\/uploads\/2025\/05\/logo_proto5_social-01.png","twitter_misc":{"Est. reading time":"5 minutes"},"schema":{"@context":"https:\/\/schema.org","@graph":[{"@type":"WebPage","@id":"https:\/\/proto-fest.com\/en\/espectacle-esquerda-3-la-solitud-del-cos\/","url":"https:\/\/proto-fest.com\/en\/espectacle-esquerda-3-la-solitud-del-cos\/","name":"ESPECTACLE: ESQUERDA III - LA SOLITUD DEL COS. UNA LIT\u00daRGIA D'AIRE I OSSOS. - Proto-fest","isPartOf":{"@id":"https:\/\/proto-fest.com\/en\/#website"},"datePublished":"2025-06-21T15:50:19+00:00","dateModified":"2025-07-31T11:01:24+00:00","description":"R\u00c8QUIEM DE MOZART. Alumnat de Cor i Orquestra, direcci\u00f3 de Francesc Valldecabres i direcci\u00f3 esc\u00e8nica de Mireia Andreu i Jaume Mart\u00ednez.","breadcrumb":{"@id":"https:\/\/proto-fest.com\/en\/espectacle-esquerda-3-la-solitud-del-cos\/#breadcrumb"},"inLanguage":"en-US","potentialAction":[{"@type":"ReadAction","target":["https:\/\/proto-fest.com\/en\/espectacle-esquerda-3-la-solitud-del-cos\/"]}]},{"@type":"BreadcrumbList","@id":"https:\/\/proto-fest.com\/en\/espectacle-esquerda-3-la-solitud-del-cos\/#breadcrumb","itemListElement":[{"@type":"ListItem","position":1,"name":"Home","item":"https:\/\/proto-fest.com\/en\/"},{"@type":"ListItem","position":2,"name":"ESPECTACLE: ESQUERDA III &#8211; LA SOLITUD DEL COS. UNA LIT\u00daRGIA D&#8217;AIRE I OSSOS."}]},{"@type":"WebSite","@id":"https:\/\/proto-fest.com\/en\/#website","url":"https:\/\/proto-fest.com\/en\/","name":"Proto-fest","description":"Festival de m\u00fasica Tortosa","publisher":{"@id":"https:\/\/proto-fest.com\/en\/#organization"},"potentialAction":[{"@type":"SearchAction","target":{"@type":"EntryPoint","urlTemplate":"https:\/\/proto-fest.com\/en\/?s={search_term_string}"},"query-input":"required name=search_term_string"}],"inLanguage":"en-US"},{"@type":"Organization","@id":"https:\/\/proto-fest.com\/en\/#organization","name":"Proto-fest","url":"https:\/\/proto-fest.com\/en\/","logo":{"@type":"ImageObject","inLanguage":"en-US","@id":"https:\/\/proto-fest.com\/en\/#\/schema\/logo\/image\/","url":"https:\/\/proto-fest.com\/wp-content\/uploads\/2026\/04\/cropped-cropped-logo_proto6_header-01-1-1.png","contentUrl":"https:\/\/proto-fest.com\/wp-content\/uploads\/2026\/04\/cropped-cropped-logo_proto6_header-01-1-1.png","width":323,"height":143,"caption":"Proto-fest"},"image":{"@id":"https:\/\/proto-fest.com\/en\/#\/schema\/logo\/image\/"}}]}},"_links":{"self":[{"href":"https:\/\/proto-fest.com\/en\/wp-json\/wp\/v2\/pages\/59882"}],"collection":[{"href":"https:\/\/proto-fest.com\/en\/wp-json\/wp\/v2\/pages"}],"about":[{"href":"https:\/\/proto-fest.com\/en\/wp-json\/wp\/v2\/types\/page"}],"author":[{"embeddable":true,"href":"https:\/\/proto-fest.com\/en\/wp-json\/wp\/v2\/users\/1"}],"replies":[{"embeddable":true,"href":"https:\/\/proto-fest.com\/en\/wp-json\/wp\/v2\/comments?post=59882"}],"version-history":[{"count":3,"href":"https:\/\/proto-fest.com\/en\/wp-json\/wp\/v2\/pages\/59882\/revisions"}],"predecessor-version":[{"id":59944,"href":"https:\/\/proto-fest.com\/en\/wp-json\/wp\/v2\/pages\/59882\/revisions\/59944"}],"wp:attachment":[{"href":"https:\/\/proto-fest.com\/en\/wp-json\/wp\/v2\/media?parent=59882"}],"curies":[{"name":"wp","href":"https:\/\/api.w.org\/{rel}","templated":true}]}}