{"id":59811,"date":"2025-06-21T12:30:38","date_gmt":"2025-06-21T10:30:38","guid":{"rendered":"https:\/\/proto-fest.com\/concert-leclosio-del-romanticisme\/"},"modified":"2025-07-26T10:02:37","modified_gmt":"2025-07-26T08:02:37","slug":"concert-leclosio-del-romanticisme","status":"publish","type":"page","link":"https:\/\/proto-fest.com\/es\/concert-leclosio-del-romanticisme\/","title":{"rendered":"CONCIERTO: LA ECLOSI\u00d3N DEL ROMANTICISMO."},"content":{"rendered":"<p>[vc_row row_height_percent=\u00bb0&#8243; back_color=\u00bbcolor-jevc\u00bb overlay_alpha=\u00bb50&#8243; gutter_size=\u00bb3&#8243; column_width_percent=\u00bb100&#8243; shift_y=\u00bb0&#8243; z_index=\u00bb0&#8243; uncode_shortcode_id=\u00bb181188&#8243; back_color_type=\u00bbuncode-palette\u00bb][vc_column width=\u00bb1\/1&#8243;][vc_custom_heading text_color=\u00bbcolor-jevc\u00bb heading_semantic=\u00bbh1&#8243; text_font=\u00bbfont-813966&#8243; text_size=\u00bbfontsize-828701&#8243; uncode_shortcode_id=\u00bb125346&#8243; text_color_type=\u00bbuncode-palette\u00bb]<\/p>\n<h3><span style=\"color: #ffffff; font-family: ActaXBold_Italic;\"><span style=\"font-weight: 400;\">Concierto en memoria de Rossend Aym\u00ed Escol\u00e0<\/span><\/span><\/h3>\n<p>[\/vc_custom_heading][vc_custom_heading text_color=\u00bbcolor-jevc\u00bb heading_semantic=\u00bbh1&#8243; text_font=\u00bbfont-555555&#8243; text_size=\u00bbh1&#8243; uncode_shortcode_id=\u00bb154522&#8243; text_color_type=\u00bbuncode-palette\u00bb]<span class=\"font-555555\" style=\"font-weight: 400; color: #ffffff;\"><span style=\"font-weight: 400;\">LA ECLOSI\u00d3N DEL ROMANTICISMO<\/span><\/span>[\/vc_custom_heading][vc_custom_heading text_color=\u00bbcolor-jevc\u00bb heading_semantic=\u00bbh1&#8243; text_font=\u00bbfont-813966&#8243; text_size=\u00bbfontsize-828701&#8243; uncode_shortcode_id=\u00bb118912&#8243; text_color_type=\u00bbuncode-palette\u00bb]<\/p>\n<h2><span style=\"color: #ffffff; font-family: ActaXBold_Italic;\"><span style=\"font-weight: 400;\">Orquesta de C\u00e1mara de Tortosa (OCTO)<\/span><\/span><\/h2>\n<h2><span style=\"color: #ffffff; font-family: ActaXBold_Italic;\"><span style=\"font-weight: 400;\">Rivka Golani, viola<\/span><\/span><\/h2>\n<h2><span style=\"color: #ffffff; font-family: ActaXBold_Italic;\"><span style=\"font-weight: 400;\">J. Ricardo Forner, director<\/span><\/span><\/h2>\n<p>[\/vc_custom_heading][\/vc_column][\/vc_row][vc_row unlock_row=\u00bb\u00bb row_height_percent=\u00bb0&#8243; back_color=\u00bbcolor-xsdn\u00bb overlay_alpha=\u00bb50&#8243; gutter_size=\u00bb3&#8243; column_width_percent=\u00bb100&#8243; shift_y=\u00bb0&#8243; z_index=\u00bb0&#8243; inverted_device_order=\u00bbyes\u00bb uncode_shortcode_id=\u00bb188268&#8243; back_color_type=\u00bbuncode-palette\u00bb][vc_column column_width_percent=\u00bb100&#8243; position_vertical=\u00bbmiddle\u00bb gutter_size=\u00bb1&#8243; style=\u00bbdark\u00bb overlay_alpha=\u00bb50&#8243; shift_x=\u00bb0&#8243; shift_y=\u00bb0&#8243; shift_y_down=\u00bb0&#8243; z_index=\u00bb0&#8243; medium_width=\u00bb0&#8243; mobile_width=\u00bb0&#8243; width=\u00bb1\/2&#8243; uncode_shortcode_id=\u00bb107810&#8243;][vc_custom_heading text_font=\u00bbfont-105735&#8243; text_size=\u00bbh4&#8243; uncode_shortcode_id=\u00bb822606&#8243;]<span style=\"color: #000000;\">S\u00e1bado, 26 de julio,<\/span><br \/>\n<span style=\"color: #000000;\">a las 20.00 h<br \/>\n<\/span>[\/vc_custom_heading][vc_empty_space empty_h=\u00bb0&#8243;][vc_custom_heading heading_semantic=\u00bbh5&#8243; text_font=\u00bbfont-555555&#8243; text_size=\u00bbh4&#8243; uncode_shortcode_id=\u00bb721879&#8243;]<span style=\"color: #000000;\">Reales Colegios<\/span>[\/vc_custom_heading][vc_custom_heading heading_semantic=\u00bbh3&#8243; text_font=\u00bbfont-942005&#8243; text_size=\u00bbh5&#8243; text_weight=\u00bb400&#8243; uncode_shortcode_id=\u00bb151906&#8243;]<span style=\"color: #000000;\"><a style=\"color: #000000;\" href=\"https:\/\/maps.app.goo.gl\/ZEHxDTV5vbFMqoR48\" target=\"_blank\" rel=\"noopener\">Ver ubicaci\u00f3n<\/a><\/span>[\/vc_custom_heading][vc_empty_space empty_h=\u00bb0&#8243;][vc_custom_heading heading_semantic=\u00bbh5&#8243; text_font=\u00bbfont-555555&#8243; text_size=\u00bbh5&#8243; uncode_shortcode_id=\u00bb106669&#8243;]<span style=\"color: #000000;\">Entrada: 6\u20ac<\/span>[\/vc_custom_heading][vc_empty_space empty_h=\u00bb0&#8243;][vc_button size=\u00bbbtn-xl\u00bb border_width=\u00bb0&#8243; button_color_type=\u00bbuncode-solid\u00bb button_color_solid=\u00bb#ffdc00&#8243; uncode_shortcode_id=\u00bb210700&#8243; el_class=\u00bbbutonins\u00bb link=\u00bbtitle:l&#8217;eclosi%C3%B3%20del%20romanticisme\u00bb]ENTRADAS AGOTADAS[\/vc_button][\/vc_column][vc_column width=\u00bb1\/2&#8243;][vc_single_image media=\u00bb59391&#8243; media_width_percent=\u00bb100&#8243; uncode_shortcode_id=\u00bb838859&#8243;][\/vc_column][\/vc_row][vc_row][vc_column width=\u00bb1\/1&#8243;][vc_separator sep_color=\u00bbcolor-jevc\u00bb uncode_shortcode_id=\u00bb102172&#8243; sep_color_type=\u00bbuncode-palette\u00bb][vc_custom_heading heading_semantic=\u00bbh5&#8243; text_font=\u00bbfont-555555&#8243; text_size=\u00bbh4&#8243; uncode_shortcode_id=\u00bb169389&#8243;]<span style=\"font-weight: 400;\">Este concierto nos transporta al inicio del siglo XIX, cuando <strong>Franz Schubert<\/strong>, nacido y formado en Viena, se convirti\u00f3 en uno de los primeros grandes compositores en incorporar la expresividad rom\u00e1ntica a su obra, sin abandonar del todo las formas cl\u00e1sicas que brillaron en manos de <strong>Mozart, Haydn<\/strong> o <strong>Beethoven<\/strong>. Su m\u00fasica representa la transici\u00f3n entre la serenidad apol\u00ednea del clasicismo y las pulsiones emocionales del romanticismo, sirviendo de puente entre dos \u00e9pocas. Pocos a\u00f1os despu\u00e9s, <strong>Henri Vieuxtemps<\/strong>, de origen belga, profundiz\u00f3 en el romanticismo y lo llev\u00f3 hacia una nueva dimensi\u00f3n virtuos\u00edstica y expresiva, especialmente en el repertorio para viol\u00edn.<\/span>[\/vc_custom_heading][vc_separator sep_color=\u00bbcolor-jevc\u00bb uncode_shortcode_id=\u00bb102172&#8243; sep_color_type=\u00bbuncode-palette\u00bb][vc_column_text text_lead=\u00bbyes\u00bb text_color=\u00bbcolor-jevc\u00bb uncode_shortcode_id=\u00bb835662&#8243; text_color_type=\u00bbuncode-palette\u00bb]<span style=\"color: #000000;\"><strong>ORQUESTA DE C\u00c1MARA DE TORTOSA (OCTO)<\/strong><\/span><\/p>\n<p><span style=\"font-weight: 400;\">Fu<\/span><span style=\"font-weight: 400;\">ndada en 2010, tiene como misi\u00f3n acercar al p\u00fablico el repertorio de los grandes cl\u00e1sicos de todos los tiempos, combinando la fidelidad a la tradici\u00f3n con una mirada contempor\u00e1nea. A lo largo de su trayectoria, la OCTO ha destacado por su labor de recuperaci\u00f3n del patrimonio musical ebrense, especialmente obras de antiguos maestros de capilla de la Catedral de Tortosa, as\u00ed como del compositor Felip Pedrell y otros autores del territorio. Paralelamente, la orquesta ha impulsado la creaci\u00f3n contempor\u00e1nea mediante el estreno de nuevas obras, enriqueciendo el panorama cultural con una propuesta art\u00edstica de calidad, arraigada e innovadora.<\/span><\/p>\n<p>&nbsp;<\/p>\n<p><span style=\"color: #000000;\"><strong>RIVKA GOLANI<\/strong><\/span><\/p>\n<p>E<span style=\"font-weight: 400;\">s una de las violistas m\u00e1s destacadas de los siglos XX y XXI. Ha actuado como solista con orquestas como la Filarm\u00f3nica de Israel, la Sinf\u00f3nica de la BBC, la Royal Concertgebouw y la Sinf\u00f3nica de Boston. Como pedagoga, ha formado a generaciones de violistas en instituciones como Trinity Laban de Londres, la Royal Academy y la Universidad de Toronto. Ha dirigido festivales como Fort MacLeod y SOWECA, y ha colaborado con la comunidad Blackfoot de Canad\u00e1 en proyectos musicales y culturales. Ha recibido numerosos premios y distinciones: Ambassador of Canadian Music ( 2009 ), Musician of the Year en Hungr\u00eda ( 2011 ), Eagle Feather de los Blackfoot ( 2011 ), Doctorado Honoris Causa por la Universidad de Lethbridge ( 2013 ) y diversos reconocimientos discogr\u00e1ficos.<\/span><\/p>\n<p>&nbsp;<\/p>\n<p><span style=\"color: #000000;\"><strong>J. RICARDO FORNER<\/strong><\/span><\/p>\n<p><span style=\"font-weight: 400;\">Realiz\u00f3 estudios en el Conservatorio Superior de Valencia, obteniendo Matr\u00edcula de Honor y Premio Extraordinario de fin de carrera en diversas especialidades. Simult\u00e1neamente curs\u00f3 armon\u00eda, contrapunto, fuga, composici\u00f3n y direcci\u00f3n de orquesta en el mismo centro. Posteriormente ampli\u00f3 su formaci\u00f3n musical en \u00c1msterdam con A. Brandhofer. Como director ha estado al frente de la Banda Municipal de la Uni\u00f3 Musical de Quartell, la Orquesta de la SMA (Sociedad Musical de Alboraya), la JOSDT (Joven Orquesta de la Diputaci\u00f3n de Tarragona) y la BSDT (Banda de la Diputaci\u00f3n de Tarragona). Ha sido director invitado de numerosas agrupaciones. Como clarinetista del cuarteto \u201cQuatre Vents\u201d ha obtenido varios premios nacionales y europeos. Tambi\u00e9n ha formado parte de la Orquesta Mare Nostrum y de la Orquesta Sinf\u00f3nica de Madrid, y ha colaborado con diferentes orquestas de renombre. Ha cursado un m\u00e1ster en PNL (Programaci\u00f3n Neuroling\u00fc\u00edstica) y un posgrado de especializaci\u00f3n en direcci\u00f3n de agrupaciones musicales (banda y orquesta) en Florida Universitaria.<\/span>[\/vc_column_text][\/vc_column][\/vc_row]<\/p>\n","protected":false},"excerpt":{"rendered":"<p>[vc_row row_height_percent=\u00bb0&#8243; back_color=\u00bbcolor-jevc\u00bb overlay_alpha=\u00bb50&#8243; gutter_size=\u00bb3&#8243; column_width_percent=\u00bb100&#8243; shift_y=\u00bb0&#8243; z_index=\u00bb0&#8243; uncode_shortcode_id=\u00bb181188&#8243; back_color_type=\u00bbuncode-palette\u00bb][vc_column width=\u00bb1\/1&#8243;][vc_custom_heading text_color=\u00bbcolor-jevc\u00bb heading_semantic=\u00bbh1&#8243; text_font=\u00bbfont-813966&#8243; text_size=\u00bbfontsize-828701&#8243; uncode_shortcode_id=\u00bb125346&#8243; text_color_type=\u00bbuncode-palette\u00bb] Concierto en memoria [&hellip;]<\/p>\n","protected":false},"author":1,"featured_media":0,"parent":0,"menu_order":0,"comment_status":"closed","ping_status":"closed","template":"","meta":{"_monsterinsights_skip_tracking":false,"_monsterinsights_sitenote_active":false,"_monsterinsights_sitenote_note":"","_monsterinsights_sitenote_category":0,"footnotes":""},"yoast_head":"<!-- This site is optimized with the Yoast SEO plugin v21.3 - https:\/\/yoast.com\/wordpress\/plugins\/seo\/ -->\n<title>CONCIERTO: LA ECLOSI\u00d3N DEL ROMANTICISMO. - Proto-fest<\/title>\n<meta name=\"description\" content=\"A c\u00e0rrec de Rivka Golani i l&#039;Orquestra de Cambra de Tortosa, amb direcci\u00f3 de Ricardo Forner al Proto-fest 5, Festival de M\u00fasica de Tortosa.\" \/>\n<meta name=\"robots\" content=\"index, follow, max-snippet:-1, max-image-preview:large, max-video-preview:-1\" \/>\n<link rel=\"canonical\" href=\"https:\/\/proto-fest.com\/es\/concert-leclosio-del-romanticisme\/\" \/>\n<meta property=\"og:locale\" content=\"es_ES\" \/>\n<meta property=\"og:type\" content=\"article\" \/>\n<meta property=\"og:title\" content=\"CONCERT INAUGURAL: L\u2019OMBRA DE FARINELLI\" \/>\n<meta property=\"og:description\" content=\"A c\u00e0rrec d&#039;Aurora Pe\u00f1a i Jordi Dom\u00e8nech al Proto-fest 5, Festival de M\u00fasica de Tortosa.\" \/>\n<meta property=\"og:url\" content=\"https:\/\/proto-fest.com\/es\/concert-leclosio-del-romanticisme\/\" \/>\n<meta property=\"og:site_name\" content=\"Proto-fest\" \/>\n<meta property=\"article:modified_time\" content=\"2025-07-26T08:02:37+00:00\" \/>\n<meta property=\"og:image\" content=\"https:\/\/proto-fest.com\/wp-content\/uploads\/2025\/05\/logo_proto5_social-01.png\" \/>\n\t<meta property=\"og:image:width\" content=\"200\" \/>\n\t<meta property=\"og:image:height\" content=\"200\" \/>\n\t<meta property=\"og:image:type\" content=\"image\/png\" \/>\n<meta name=\"twitter:card\" content=\"summary_large_image\" \/>\n<meta name=\"twitter:title\" content=\"CONCERT INAUGURAL: L\u2019OMBRA DE FARINELLI\" \/>\n<meta name=\"twitter:description\" content=\"A c\u00e0rrec d&#039;Aurora Pe\u00f1a i Jordi Dom\u00e8nech al Proto-fest 5, Festival de M\u00fasica de Tortosa.\" \/>\n<meta name=\"twitter:image\" content=\"https:\/\/proto-fest.com\/wp-content\/uploads\/2025\/05\/logo_proto5_social-01.png\" \/>\n<meta name=\"twitter:label1\" content=\"Tiempo de lectura\" \/>\n\t<meta name=\"twitter:data1\" content=\"4 minutos\" \/>\n<script type=\"application\/ld+json\" class=\"yoast-schema-graph\">{\"@context\":\"https:\/\/schema.org\",\"@graph\":[{\"@type\":\"WebPage\",\"@id\":\"https:\/\/proto-fest.com\/es\/concert-leclosio-del-romanticisme\/\",\"url\":\"https:\/\/proto-fest.com\/es\/concert-leclosio-del-romanticisme\/\",\"name\":\"CONCIERTO: LA ECLOSI\u00d3N DEL ROMANTICISMO. - Proto-fest\",\"isPartOf\":{\"@id\":\"https:\/\/proto-fest.com\/es\/#website\"},\"datePublished\":\"2025-06-21T10:30:38+00:00\",\"dateModified\":\"2025-07-26T08:02:37+00:00\",\"description\":\"A c\u00e0rrec de Rivka Golani i l'Orquestra de Cambra de Tortosa, amb direcci\u00f3 de Ricardo Forner al Proto-fest 5, Festival de M\u00fasica de Tortosa.\",\"breadcrumb\":{\"@id\":\"https:\/\/proto-fest.com\/es\/concert-leclosio-del-romanticisme\/#breadcrumb\"},\"inLanguage\":\"es\",\"potentialAction\":[{\"@type\":\"ReadAction\",\"target\":[\"https:\/\/proto-fest.com\/es\/concert-leclosio-del-romanticisme\/\"]}]},{\"@type\":\"BreadcrumbList\",\"@id\":\"https:\/\/proto-fest.com\/es\/concert-leclosio-del-romanticisme\/#breadcrumb\",\"itemListElement\":[{\"@type\":\"ListItem\",\"position\":1,\"name\":\"Home\",\"item\":\"https:\/\/proto-fest.com\/es\/\"},{\"@type\":\"ListItem\",\"position\":2,\"name\":\"CONCIERTO: LA ECLOSI\u00d3N DEL ROMANTICISMO.\"}]},{\"@type\":\"WebSite\",\"@id\":\"https:\/\/proto-fest.com\/es\/#website\",\"url\":\"https:\/\/proto-fest.com\/es\/\",\"name\":\"Proto-fest\",\"description\":\"Festival de m\u00fasica Tortosa\",\"publisher\":{\"@id\":\"https:\/\/proto-fest.com\/es\/#organization\"},\"potentialAction\":[{\"@type\":\"SearchAction\",\"target\":{\"@type\":\"EntryPoint\",\"urlTemplate\":\"https:\/\/proto-fest.com\/es\/?s={search_term_string}\"},\"query-input\":\"required name=search_term_string\"}],\"inLanguage\":\"es\"},{\"@type\":\"Organization\",\"@id\":\"https:\/\/proto-fest.com\/es\/#organization\",\"name\":\"Proto-fest\",\"url\":\"https:\/\/proto-fest.com\/es\/\",\"logo\":{\"@type\":\"ImageObject\",\"inLanguage\":\"es\",\"@id\":\"https:\/\/proto-fest.com\/es\/#\/schema\/logo\/image\/\",\"url\":\"https:\/\/proto-fest.com\/wp-content\/uploads\/2026\/04\/cropped-cropped-logo_proto6_header-01-1-1.png\",\"contentUrl\":\"https:\/\/proto-fest.com\/wp-content\/uploads\/2026\/04\/cropped-cropped-logo_proto6_header-01-1-1.png\",\"width\":323,\"height\":143,\"caption\":\"Proto-fest\"},\"image\":{\"@id\":\"https:\/\/proto-fest.com\/es\/#\/schema\/logo\/image\/\"}}]}<\/script>\n<!-- \/ Yoast SEO plugin. -->","yoast_head_json":{"title":"CONCIERTO: LA ECLOSI\u00d3N DEL ROMANTICISMO. - Proto-fest","description":"A c\u00e0rrec de Rivka Golani i l'Orquestra de Cambra de Tortosa, amb direcci\u00f3 de Ricardo Forner al Proto-fest 5, Festival de M\u00fasica de Tortosa.","robots":{"index":"index","follow":"follow","max-snippet":"max-snippet:-1","max-image-preview":"max-image-preview:large","max-video-preview":"max-video-preview:-1"},"canonical":"https:\/\/proto-fest.com\/es\/concert-leclosio-del-romanticisme\/","og_locale":"es_ES","og_type":"article","og_title":"CONCERT INAUGURAL: L\u2019OMBRA DE FARINELLI","og_description":"A c\u00e0rrec d'Aurora Pe\u00f1a i Jordi Dom\u00e8nech al Proto-fest 5, Festival de M\u00fasica de Tortosa.","og_url":"https:\/\/proto-fest.com\/es\/concert-leclosio-del-romanticisme\/","og_site_name":"Proto-fest","article_modified_time":"2025-07-26T08:02:37+00:00","og_image":[{"width":200,"height":200,"url":"https:\/\/proto-fest.com\/wp-content\/uploads\/2025\/05\/logo_proto5_social-01.png","type":"image\/png"}],"twitter_card":"summary_large_image","twitter_title":"CONCERT INAUGURAL: L\u2019OMBRA DE FARINELLI","twitter_description":"A c\u00e0rrec d'Aurora Pe\u00f1a i Jordi Dom\u00e8nech al Proto-fest 5, Festival de M\u00fasica de Tortosa.","twitter_image":"https:\/\/proto-fest.com\/wp-content\/uploads\/2025\/05\/logo_proto5_social-01.png","twitter_misc":{"Tiempo de lectura":"4 minutos"},"schema":{"@context":"https:\/\/schema.org","@graph":[{"@type":"WebPage","@id":"https:\/\/proto-fest.com\/es\/concert-leclosio-del-romanticisme\/","url":"https:\/\/proto-fest.com\/es\/concert-leclosio-del-romanticisme\/","name":"CONCIERTO: LA ECLOSI\u00d3N DEL ROMANTICISMO. - Proto-fest","isPartOf":{"@id":"https:\/\/proto-fest.com\/es\/#website"},"datePublished":"2025-06-21T10:30:38+00:00","dateModified":"2025-07-26T08:02:37+00:00","description":"A c\u00e0rrec de Rivka Golani i l'Orquestra de Cambra de Tortosa, amb direcci\u00f3 de Ricardo Forner al Proto-fest 5, Festival de M\u00fasica de Tortosa.","breadcrumb":{"@id":"https:\/\/proto-fest.com\/es\/concert-leclosio-del-romanticisme\/#breadcrumb"},"inLanguage":"es","potentialAction":[{"@type":"ReadAction","target":["https:\/\/proto-fest.com\/es\/concert-leclosio-del-romanticisme\/"]}]},{"@type":"BreadcrumbList","@id":"https:\/\/proto-fest.com\/es\/concert-leclosio-del-romanticisme\/#breadcrumb","itemListElement":[{"@type":"ListItem","position":1,"name":"Home","item":"https:\/\/proto-fest.com\/es\/"},{"@type":"ListItem","position":2,"name":"CONCIERTO: LA ECLOSI\u00d3N DEL ROMANTICISMO."}]},{"@type":"WebSite","@id":"https:\/\/proto-fest.com\/es\/#website","url":"https:\/\/proto-fest.com\/es\/","name":"Proto-fest","description":"Festival de m\u00fasica Tortosa","publisher":{"@id":"https:\/\/proto-fest.com\/es\/#organization"},"potentialAction":[{"@type":"SearchAction","target":{"@type":"EntryPoint","urlTemplate":"https:\/\/proto-fest.com\/es\/?s={search_term_string}"},"query-input":"required name=search_term_string"}],"inLanguage":"es"},{"@type":"Organization","@id":"https:\/\/proto-fest.com\/es\/#organization","name":"Proto-fest","url":"https:\/\/proto-fest.com\/es\/","logo":{"@type":"ImageObject","inLanguage":"es","@id":"https:\/\/proto-fest.com\/es\/#\/schema\/logo\/image\/","url":"https:\/\/proto-fest.com\/wp-content\/uploads\/2026\/04\/cropped-cropped-logo_proto6_header-01-1-1.png","contentUrl":"https:\/\/proto-fest.com\/wp-content\/uploads\/2026\/04\/cropped-cropped-logo_proto6_header-01-1-1.png","width":323,"height":143,"caption":"Proto-fest"},"image":{"@id":"https:\/\/proto-fest.com\/es\/#\/schema\/logo\/image\/"}}]}},"_links":{"self":[{"href":"https:\/\/proto-fest.com\/es\/wp-json\/wp\/v2\/pages\/59811"}],"collection":[{"href":"https:\/\/proto-fest.com\/es\/wp-json\/wp\/v2\/pages"}],"about":[{"href":"https:\/\/proto-fest.com\/es\/wp-json\/wp\/v2\/types\/page"}],"author":[{"embeddable":true,"href":"https:\/\/proto-fest.com\/es\/wp-json\/wp\/v2\/users\/1"}],"replies":[{"embeddable":true,"href":"https:\/\/proto-fest.com\/es\/wp-json\/wp\/v2\/comments?post=59811"}],"version-history":[{"count":3,"href":"https:\/\/proto-fest.com\/es\/wp-json\/wp\/v2\/pages\/59811\/revisions"}],"predecessor-version":[{"id":59921,"href":"https:\/\/proto-fest.com\/es\/wp-json\/wp\/v2\/pages\/59811\/revisions\/59921"}],"wp:attachment":[{"href":"https:\/\/proto-fest.com\/es\/wp-json\/wp\/v2\/media?parent=59811"}],"curies":[{"name":"wp","href":"https:\/\/api.w.org\/{rel}","templated":true}]}}