{"id":59814,"date":"2025-06-21T12:45:40","date_gmt":"2025-06-21T10:45:40","guid":{"rendered":"https:\/\/proto-fest.com\/concert-pax\/"},"modified":"2025-07-17T18:39:46","modified_gmt":"2025-07-17T16:39:46","slug":"concert-pax","status":"publish","type":"page","link":"https:\/\/proto-fest.com\/es\/concert-pax\/","title":{"rendered":"CONCIERTO: PAX."},"content":{"rendered":"<p>[vc_row row_height_percent=\u00bb0&#8243; back_color=\u00bbcolor-jevc\u00bb overlay_alpha=\u00bb50&#8243; gutter_size=\u00bb3&#8243; column_width_percent=\u00bb100&#8243; shift_y=\u00bb0&#8243; z_index=\u00bb0&#8243; uncode_shortcode_id=\u00bb181188&#8243; back_color_type=\u00bbuncode-palette\u00bb][vc_column width=\u00bb1\/1&#8243;][vc_custom_heading text_color=\u00bbcolor-jevc\u00bb heading_semantic=\u00bbh1&#8243; text_font=\u00bbfont-555555&#8243; text_size=\u00bbh1&#8243; uncode_shortcode_id=\u00bb117982&#8243; text_color_type=\u00bbuncode-palette\u00bb]<span class=\"font-555555\" style=\"font-weight: 400; color: #ffffff;\"><span style=\"font-weight: 400;\">PAX<\/span><\/span>[\/vc_custom_heading][vc_custom_heading text_color=\u00bbcolor-jevc\u00bb heading_semantic=\u00bbh1&#8243; text_font=\u00bbfont-813966&#8243; text_size=\u00bbfontsize-828701&#8243; uncode_shortcode_id=\u00bb206250&#8243; text_color_type=\u00bbuncode-palette\u00bb]<\/p>\n<h2><span class=\"font-187764 font-102516 font-813966\" style=\"font-weight: 400; color: #ffffff;\"><span style=\"font-weight: 400;\">World Youth Choir.<\/span><\/span><\/h2>\n<h2><span class=\"font-187764 font-102516 font-813966\" style=\"font-weight: 400; color: #ffffff;\"><span style=\"font-weight: 400;\">Daniel Reuss, director.<\/span><\/span><\/h2>\n<p>[\/vc_custom_heading][\/vc_column][\/vc_row][vc_row unlock_row=\u00bb\u00bb row_height_percent=\u00bb0&#8243; back_color=\u00bbcolor-xsdn\u00bb overlay_alpha=\u00bb50&#8243; gutter_size=\u00bb3&#8243; column_width_percent=\u00bb100&#8243; shift_y=\u00bb0&#8243; z_index=\u00bb0&#8243; inverted_device_order=\u00bbyes\u00bb uncode_shortcode_id=\u00bb188268&#8243; back_color_type=\u00bbuncode-palette\u00bb][vc_column column_width_percent=\u00bb100&#8243; position_vertical=\u00bbmiddle\u00bb gutter_size=\u00bb1&#8243; style=\u00bbdark\u00bb overlay_alpha=\u00bb50&#8243; shift_x=\u00bb0&#8243; shift_y=\u00bb0&#8243; shift_y_down=\u00bb0&#8243; z_index=\u00bb0&#8243; medium_width=\u00bb0&#8243; mobile_width=\u00bb0&#8243; width=\u00bb1\/2&#8243; uncode_shortcode_id=\u00bb107810&#8243;][vc_custom_heading text_font=\u00bbfont-105735&#8243; text_size=\u00bbh4&#8243; uncode_shortcode_id=\u00bb204002&#8243;]<span style=\"color: #000000;\">Domingo, 27 de julio,<\/span><br \/>\n<span style=\"color: #000000;\">a las 19.00 h<br \/>\n<\/span>[\/vc_custom_heading][vc_empty_space empty_h=\u00bb0&#8243;][vc_custom_heading heading_semantic=\u00bbh5&#8243; text_font=\u00bbfont-555555&#8243; text_size=\u00bbh4&#8243; uncode_shortcode_id=\u00bb159094&#8243;]<span style=\"color: #000000;\">Plaza del \u00c1bside de la Catedral<\/span>[\/vc_custom_heading][vc_custom_heading heading_semantic=\u00bbh3&#8243; text_font=\u00bbfont-942005&#8243; text_size=\u00bbh5&#8243; text_weight=\u00bb400&#8243; uncode_shortcode_id=\u00bb164403&#8243;]<a href=\"https:\/\/maps.app.goo.gl\/uxEfTSdpu15JxQ6f8\"><span style=\"color: #000000;\">Ver ubicaci\u00f3n<\/span><\/a>[\/vc_custom_heading][vc_empty_space empty_h=\u00bb0&#8243;][vc_custom_heading heading_semantic=\u00bbh5&#8243; text_font=\u00bbfont-555555&#8243; text_size=\u00bbh5&#8243; uncode_shortcode_id=\u00bb508799&#8243;]<span style=\"color: #000000;\">Entrada: Gratuita.<\/span>[\/vc_custom_heading][\/vc_column][vc_column width=\u00bb1\/2&#8243;][vc_single_image media=\u00bb59409&#8243; media_width_percent=\u00bb100&#8243; uncode_shortcode_id=\u00bb200403&#8243;][\/vc_column][\/vc_row][vc_row][vc_column width=\u00bb1\/1&#8243;][vc_separator sep_color=\u00bbcolor-jevc\u00bb uncode_shortcode_id=\u00bb102172&#8243; sep_color_type=\u00bbuncode-palette\u00bb][vc_custom_heading heading_semantic=\u00bbh5&#8243; text_font=\u00bbfont-555555&#8243; text_size=\u00bbh4&#8243; uncode_shortcode_id=\u00bb322444&#8243;]<span style=\"font-weight: 400;\">El <strong>World Youth Choir<\/strong> presenta PAX, un programa dedicado a la paz con obras de diferentes \u00e9pocas y estilos. Comienza con el intenso <em>Friede auf Erden<\/em> de <strong>Sch\u00f6nberg<\/strong> y contin\u00faa con la mirada espiritual de <strong>Schnittke<\/strong>. <strong>Martin<\/strong> y <strong>Vaughan Williams<\/strong> vocan la profundidad del texto shakespeariano con <em>Full fathom five<\/em>. <strong>Vasks<\/strong> reflexiona sobre el amor en <em>Actus caritatis<\/em>, mientras <strong>Mendelssohn<\/strong> aporta alegr\u00eda. <strong>Knight<\/strong> invita a la introspecci\u00f3n con <em>Walking with Thomas Hardy<\/em>. Destacan <em>El cant dels ocells<\/em> de tradici\u00f3n catalana, y <em>O vos omnes<\/em> de <strong>Pau Casals<\/strong>. Finalmente, <em>Peace<\/em> de <strong>Anna Campany Duch<\/strong> cierra el concierto con un mensaje de esperanza contempor\u00e1neo.<\/span><\/p>\n<p>&nbsp;[\/vc_custom_heading][vc_separator sep_color=\u00bbcolor-jevc\u00bb uncode_shortcode_id=\u00bb102172&#8243; sep_color_type=\u00bbuncode-palette\u00bb][vc_column_text text_lead=\u00bbyes\u00bb text_color=\u00bbcolor-jevc\u00bb uncode_shortcode_id=\u00bb127108&#8243; text_color_type=\u00bbuncode-palette\u00bb]<span style=\"color: #000000;\"><strong>INT\u00c9RPRETES<\/strong><\/span><\/p>\n<p><span style=\"font-weight: 400;\">El World Youth Choir (WYC), fundado en 1989, re\u00fane hasta 100 j\u00f3venes cantantes de entre 17 y 26 a\u00f1os de todo el mundo para una sesi\u00f3n y gira anual. Reconocido por la UNESCO como Artista por la Paz, ha actuado en eventos internacionales como los Juegos Ol\u00edmpicos o la ceremonia del Premio Nobel. Cada a\u00f1o, sus integrantes son seleccionados mediante audiciones nacionales y un jurado internacional, organizando una sesi\u00f3n de tres semanas en un pa\u00eds diferente. Durante este periodo, los j\u00f3venes ensayan intensamente y realizan una gira. El WYC promueve el intercambio cultural, la excelencia musical y la amistad, y cuenta con m\u00e1s de 1.000 alumni de 75 pa\u00edses y m\u00e1s de 300 conciertos en 37 pa\u00edses<\/span><span style=\"font-family: -apple-system, BlinkMacSystemFont, 'Segoe UI', Roboto, Oxygen-Sans, Ubuntu, Cantarell, 'Helvetica Neue', sans-serif;\">.<\/span><\/p>\n<p><span style=\"color: #000000;\"><strong>DIRECTOR<\/strong><\/span><\/p>\n<p><span style=\"font-weight: 400;\">Daniel Reuss estudi\u00f3 con Barend Schuurman en el Conservatorio de R\u00f3terdam. En 1990 se convirti\u00f3 en director de Cappella Amsterdam, que transform\u00f3 en un conjunto profesional de tiempo completo, ahora uno de los m\u00e1s destacados de los Pa\u00edses Bajos. De 2008 a 2013 fue tambi\u00e9n director art\u00edstico y titular del Coro de C\u00e1mara Filarm\u00f3nico de Estonia. En 2010 fue nominado a un Grammy en la categor\u00eda de \u00abMejor interpretaci\u00f3n coral\u00bb por el CD grabado con ambos coros (el Golgotha de Frank Martin). En 2006, por invitaci\u00f3n de Pierre Boulez, imparti\u00f3 clases y dirigi\u00f3 en la Lucerne Festival Academy. En 2007 debut\u00f3 en la English National Opera con Agrippina de H\u00e4ndel. En 2008 dirigi\u00f3 en De Munt\/La Monnaie de Bruselas con Dido &#038; Aeneas, en una producci\u00f3n esc\u00e9nica de Sasha Waltz. Ha sido invitado a dirigir agrupaciones de toda Europa, como la Akademie f\u00fcr Alte Musik Berlin, MusikFabrik, Scharoun Ensemble o la Radio Chamber Philharmonic. Desde 2015 es director titular del Ensemble Vocal Lausanne<br \/>\n<\/span><span style=\"font-family: -apple-system, BlinkMacSystemFont, 'Segoe UI', Roboto, Oxygen-Sans, Ubuntu, Cantarell, 'Helvetica Neue', sans-serif;\">.<\/span>[\/vc_column_text][\/vc_column][\/vc_row]<\/p>\n","protected":false},"excerpt":{"rendered":"<p>[vc_row row_height_percent=\u00bb0&#8243; back_color=\u00bbcolor-jevc\u00bb overlay_alpha=\u00bb50&#8243; gutter_size=\u00bb3&#8243; column_width_percent=\u00bb100&#8243; shift_y=\u00bb0&#8243; z_index=\u00bb0&#8243; uncode_shortcode_id=\u00bb181188&#8243; back_color_type=\u00bbuncode-palette\u00bb][vc_column width=\u00bb1\/1&#8243;][vc_custom_heading text_color=\u00bbcolor-jevc\u00bb heading_semantic=\u00bbh1&#8243; text_font=\u00bbfont-555555&#8243; text_size=\u00bbh1&#8243; uncode_shortcode_id=\u00bb117982&#8243; text_color_type=\u00bbuncode-palette\u00bb]PAX[\/vc_custom_heading][vc_custom_heading text_color=\u00bbcolor-jevc\u00bb heading_semantic=\u00bbh1&#8243; text_font=\u00bbfont-813966&#8243; [&hellip;]<\/p>\n","protected":false},"author":1,"featured_media":0,"parent":0,"menu_order":0,"comment_status":"closed","ping_status":"closed","template":"","meta":{"_monsterinsights_skip_tracking":false,"_monsterinsights_sitenote_active":false,"_monsterinsights_sitenote_note":"","_monsterinsights_sitenote_category":0,"footnotes":""},"yoast_head":"<!-- This site is optimized with the Yoast SEO plugin v21.3 - https:\/\/yoast.com\/wordpress\/plugins\/seo\/ -->\n<title>CONCIERTO: PAX. - Proto-fest<\/title>\n<meta name=\"description\" content=\"A c\u00e0rrec del World Youth Choir, amb direcci\u00f3 de Daniel Reuss al Proto-fest 5, Festival de M\u00fasica de Tortosa.\" \/>\n<meta name=\"robots\" content=\"index, follow, max-snippet:-1, max-image-preview:large, max-video-preview:-1\" \/>\n<link rel=\"canonical\" href=\"https:\/\/proto-fest.com\/es\/concert-pax\/\" \/>\n<meta property=\"og:locale\" content=\"es_ES\" \/>\n<meta property=\"og:type\" content=\"article\" \/>\n<meta property=\"og:title\" content=\"CONCERT: PAX\" \/>\n<meta property=\"og:description\" content=\"A c\u00e0rrec del World Youth Choir, amb direcci\u00f3 de Daniel Reuss al Proto-fest 5, Festival de M\u00fasica de Tortosa.\" \/>\n<meta property=\"og:url\" content=\"https:\/\/proto-fest.com\/es\/concert-pax\/\" \/>\n<meta property=\"og:site_name\" content=\"Proto-fest\" \/>\n<meta property=\"article:modified_time\" content=\"2025-07-17T16:39:46+00:00\" \/>\n<meta property=\"og:image\" content=\"https:\/\/proto-fest.com\/wp-content\/uploads\/2025\/05\/logo_proto5_social-01.png\" \/>\n\t<meta property=\"og:image:width\" content=\"200\" \/>\n\t<meta property=\"og:image:height\" content=\"200\" \/>\n\t<meta property=\"og:image:type\" content=\"image\/png\" \/>\n<meta name=\"twitter:card\" content=\"summary_large_image\" \/>\n<meta name=\"twitter:title\" content=\"CONCERT: PAX\" \/>\n<meta name=\"twitter:description\" content=\"A c\u00e0rrec del World Youth Choir, amb direcci\u00f3 de Daniel Reuss al Proto-fest 5, Festival de M\u00fasica de Tortosa.\" \/>\n<meta name=\"twitter:image\" content=\"https:\/\/proto-fest.com\/wp-content\/uploads\/2025\/05\/logo_proto5_social-01.png\" \/>\n<meta name=\"twitter:label1\" content=\"Tiempo de lectura\" \/>\n\t<meta name=\"twitter:data1\" content=\"3 minutos\" \/>\n<script type=\"application\/ld+json\" class=\"yoast-schema-graph\">{\"@context\":\"https:\/\/schema.org\",\"@graph\":[{\"@type\":\"WebPage\",\"@id\":\"https:\/\/proto-fest.com\/es\/concert-pax\/\",\"url\":\"https:\/\/proto-fest.com\/es\/concert-pax\/\",\"name\":\"CONCIERTO: PAX. - Proto-fest\",\"isPartOf\":{\"@id\":\"https:\/\/proto-fest.com\/es\/#website\"},\"datePublished\":\"2025-06-21T10:45:40+00:00\",\"dateModified\":\"2025-07-17T16:39:46+00:00\",\"description\":\"A c\u00e0rrec del World Youth Choir, amb direcci\u00f3 de Daniel Reuss al Proto-fest 5, Festival de M\u00fasica de Tortosa.\",\"breadcrumb\":{\"@id\":\"https:\/\/proto-fest.com\/es\/concert-pax\/#breadcrumb\"},\"inLanguage\":\"es\",\"potentialAction\":[{\"@type\":\"ReadAction\",\"target\":[\"https:\/\/proto-fest.com\/es\/concert-pax\/\"]}]},{\"@type\":\"BreadcrumbList\",\"@id\":\"https:\/\/proto-fest.com\/es\/concert-pax\/#breadcrumb\",\"itemListElement\":[{\"@type\":\"ListItem\",\"position\":1,\"name\":\"Home\",\"item\":\"https:\/\/proto-fest.com\/es\/\"},{\"@type\":\"ListItem\",\"position\":2,\"name\":\"CONCIERTO: PAX.\"}]},{\"@type\":\"WebSite\",\"@id\":\"https:\/\/proto-fest.com\/es\/#website\",\"url\":\"https:\/\/proto-fest.com\/es\/\",\"name\":\"Proto-fest\",\"description\":\"Festival de m\u00fasica Tortosa\",\"publisher\":{\"@id\":\"https:\/\/proto-fest.com\/es\/#organization\"},\"potentialAction\":[{\"@type\":\"SearchAction\",\"target\":{\"@type\":\"EntryPoint\",\"urlTemplate\":\"https:\/\/proto-fest.com\/es\/?s={search_term_string}\"},\"query-input\":\"required name=search_term_string\"}],\"inLanguage\":\"es\"},{\"@type\":\"Organization\",\"@id\":\"https:\/\/proto-fest.com\/es\/#organization\",\"name\":\"Proto-fest\",\"url\":\"https:\/\/proto-fest.com\/es\/\",\"logo\":{\"@type\":\"ImageObject\",\"inLanguage\":\"es\",\"@id\":\"https:\/\/proto-fest.com\/es\/#\/schema\/logo\/image\/\",\"url\":\"https:\/\/proto-fest.com\/wp-content\/uploads\/2026\/04\/cropped-cropped-logo_proto6_header-01-1-1.png\",\"contentUrl\":\"https:\/\/proto-fest.com\/wp-content\/uploads\/2026\/04\/cropped-cropped-logo_proto6_header-01-1-1.png\",\"width\":323,\"height\":143,\"caption\":\"Proto-fest\"},\"image\":{\"@id\":\"https:\/\/proto-fest.com\/es\/#\/schema\/logo\/image\/\"}}]}<\/script>\n<!-- \/ Yoast SEO plugin. -->","yoast_head_json":{"title":"CONCIERTO: PAX. - Proto-fest","description":"A c\u00e0rrec del World Youth Choir, amb direcci\u00f3 de Daniel Reuss al Proto-fest 5, Festival de M\u00fasica de Tortosa.","robots":{"index":"index","follow":"follow","max-snippet":"max-snippet:-1","max-image-preview":"max-image-preview:large","max-video-preview":"max-video-preview:-1"},"canonical":"https:\/\/proto-fest.com\/es\/concert-pax\/","og_locale":"es_ES","og_type":"article","og_title":"CONCERT: PAX","og_description":"A c\u00e0rrec del World Youth Choir, amb direcci\u00f3 de Daniel Reuss al Proto-fest 5, Festival de M\u00fasica de Tortosa.","og_url":"https:\/\/proto-fest.com\/es\/concert-pax\/","og_site_name":"Proto-fest","article_modified_time":"2025-07-17T16:39:46+00:00","og_image":[{"width":200,"height":200,"url":"https:\/\/proto-fest.com\/wp-content\/uploads\/2025\/05\/logo_proto5_social-01.png","type":"image\/png"}],"twitter_card":"summary_large_image","twitter_title":"CONCERT: PAX","twitter_description":"A c\u00e0rrec del World Youth Choir, amb direcci\u00f3 de Daniel Reuss al Proto-fest 5, Festival de M\u00fasica de Tortosa.","twitter_image":"https:\/\/proto-fest.com\/wp-content\/uploads\/2025\/05\/logo_proto5_social-01.png","twitter_misc":{"Tiempo de lectura":"3 minutos"},"schema":{"@context":"https:\/\/schema.org","@graph":[{"@type":"WebPage","@id":"https:\/\/proto-fest.com\/es\/concert-pax\/","url":"https:\/\/proto-fest.com\/es\/concert-pax\/","name":"CONCIERTO: PAX. - Proto-fest","isPartOf":{"@id":"https:\/\/proto-fest.com\/es\/#website"},"datePublished":"2025-06-21T10:45:40+00:00","dateModified":"2025-07-17T16:39:46+00:00","description":"A c\u00e0rrec del World Youth Choir, amb direcci\u00f3 de Daniel Reuss al Proto-fest 5, Festival de M\u00fasica de Tortosa.","breadcrumb":{"@id":"https:\/\/proto-fest.com\/es\/concert-pax\/#breadcrumb"},"inLanguage":"es","potentialAction":[{"@type":"ReadAction","target":["https:\/\/proto-fest.com\/es\/concert-pax\/"]}]},{"@type":"BreadcrumbList","@id":"https:\/\/proto-fest.com\/es\/concert-pax\/#breadcrumb","itemListElement":[{"@type":"ListItem","position":1,"name":"Home","item":"https:\/\/proto-fest.com\/es\/"},{"@type":"ListItem","position":2,"name":"CONCIERTO: PAX."}]},{"@type":"WebSite","@id":"https:\/\/proto-fest.com\/es\/#website","url":"https:\/\/proto-fest.com\/es\/","name":"Proto-fest","description":"Festival de m\u00fasica Tortosa","publisher":{"@id":"https:\/\/proto-fest.com\/es\/#organization"},"potentialAction":[{"@type":"SearchAction","target":{"@type":"EntryPoint","urlTemplate":"https:\/\/proto-fest.com\/es\/?s={search_term_string}"},"query-input":"required name=search_term_string"}],"inLanguage":"es"},{"@type":"Organization","@id":"https:\/\/proto-fest.com\/es\/#organization","name":"Proto-fest","url":"https:\/\/proto-fest.com\/es\/","logo":{"@type":"ImageObject","inLanguage":"es","@id":"https:\/\/proto-fest.com\/es\/#\/schema\/logo\/image\/","url":"https:\/\/proto-fest.com\/wp-content\/uploads\/2026\/04\/cropped-cropped-logo_proto6_header-01-1-1.png","contentUrl":"https:\/\/proto-fest.com\/wp-content\/uploads\/2026\/04\/cropped-cropped-logo_proto6_header-01-1-1.png","width":323,"height":143,"caption":"Proto-fest"},"image":{"@id":"https:\/\/proto-fest.com\/es\/#\/schema\/logo\/image\/"}}]}},"_links":{"self":[{"href":"https:\/\/proto-fest.com\/es\/wp-json\/wp\/v2\/pages\/59814"}],"collection":[{"href":"https:\/\/proto-fest.com\/es\/wp-json\/wp\/v2\/pages"}],"about":[{"href":"https:\/\/proto-fest.com\/es\/wp-json\/wp\/v2\/types\/page"}],"author":[{"embeddable":true,"href":"https:\/\/proto-fest.com\/es\/wp-json\/wp\/v2\/users\/1"}],"replies":[{"embeddable":true,"href":"https:\/\/proto-fest.com\/es\/wp-json\/wp\/v2\/comments?post=59814"}],"version-history":[{"count":2,"href":"https:\/\/proto-fest.com\/es\/wp-json\/wp\/v2\/pages\/59814\/revisions"}],"predecessor-version":[{"id":59816,"href":"https:\/\/proto-fest.com\/es\/wp-json\/wp\/v2\/pages\/59814\/revisions\/59816"}],"wp:attachment":[{"href":"https:\/\/proto-fest.com\/es\/wp-json\/wp\/v2\/media?parent=59814"}],"curies":[{"name":"wp","href":"https:\/\/api.w.org\/{rel}","templated":true}]}}