{"id":59825,"date":"2025-06-21T14:14:53","date_gmt":"2025-06-21T12:14:53","guid":{"rendered":"https:\/\/proto-fest.com\/concert-canco-argentina\/"},"modified":"2025-07-28T17:59:26","modified_gmt":"2025-07-28T15:59:26","slug":"concert-canco-argentina","status":"publish","type":"page","link":"https:\/\/proto-fest.com\/es\/concert-canco-argentina\/","title":{"rendered":"CONCIERTO: CANCI\u00d3N ARGENTINA."},"content":{"rendered":"<p>[vc_row row_height_percent=\u00bb0&#8243; back_color=\u00bbcolor-jevc\u00bb overlay_alpha=\u00bb50&#8243; gutter_size=\u00bb3&#8243; column_width_percent=\u00bb100&#8243; shift_y=\u00bb0&#8243; z_index=\u00bb0&#8243; uncode_shortcode_id=\u00bb181188&#8243; back_color_type=\u00bbuncode-palette\u00bb][vc_column width=\u00bb1\/1&#8243;][vc_custom_heading text_color=\u00bbcolor-jevc\u00bb heading_semantic=\u00bbh1&#8243; text_font=\u00bbfont-555555&#8243; text_size=\u00bbh1&#8243; uncode_shortcode_id=\u00bb458982&#8243; text_color_type=\u00bbuncode-palette\u00bb]<span class=\"font-555555\" style=\"font-weight: 400; color: #ffffff;\"><span style=\"font-weight: 400;\">CANCI\u00d3N ARGENTINA<\/span><\/span>[\/vc_custom_heading][vc_custom_heading text_color=\u00bbcolor-jevc\u00bb heading_semantic=\u00bbh1&#8243; text_font=\u00bbfont-813966&#8243; text_size=\u00bbfontsize-828701&#8243; uncode_shortcode_id=\u00bb205941&#8243; text_color_type=\u00bbuncode-palette\u00bb]<\/p>\n<h2><span class=\"font-187764 font-102516 font-813966\" style=\"font-weight: 400; color: #ffffff;\"><span style=\"font-weight: 400;\">Mercedes Gancedo, soprano <\/span><\/span><\/h2>\n<h2><span class=\"font-187764 font-102516 font-813966\" style=\"font-weight: 400; color: #ffffff;\"><span style=\"font-weight: 400;\">Quimey Urquiaga, piano<\/span><\/span><\/h2>\n<p>[\/vc_custom_heading][\/vc_column][\/vc_row][vc_row unlock_row=\u00bb\u00bb row_height_percent=\u00bb0&#8243; back_color=\u00bbcolor-xsdn\u00bb overlay_alpha=\u00bb50&#8243; gutter_size=\u00bb3&#8243; column_width_percent=\u00bb100&#8243; shift_y=\u00bb0&#8243; z_index=\u00bb0&#8243; inverted_device_order=\u00bbyes\u00bb uncode_shortcode_id=\u00bb188268&#8243; back_color_type=\u00bbuncode-palette\u00bb][vc_column column_width_percent=\u00bb100&#8243; position_vertical=\u00bbmiddle\u00bb gutter_size=\u00bb1&#8243; style=\u00bbdark\u00bb overlay_alpha=\u00bb50&#8243; shift_x=\u00bb0&#8243; shift_y=\u00bb0&#8243; shift_y_down=\u00bb0&#8243; z_index=\u00bb0&#8243; medium_width=\u00bb0&#8243; mobile_width=\u00bb0&#8243; width=\u00bb1\/2&#8243; uncode_shortcode_id=\u00bb107810&#8243;][vc_custom_heading text_font=\u00bbfont-105735&#8243; text_size=\u00bbh4&#8243; uncode_shortcode_id=\u00bb101853&#8243;]<span style=\"color: #000000;\">Martes, 29 de julio,<\/span><br \/>\n<span style=\"color: #000000;\">a las 20.30 h<br \/>\n<\/span>[\/vc_custom_heading][vc_empty_space empty_h=\u00bb0&#8243;][vc_custom_heading heading_semantic=\u00bbh5&#8243; text_font=\u00bbfont-555555&#8243; text_size=\u00bbh4&#8243; uncode_shortcode_id=\u00bb790021&#8243;]<span style=\"color: #000000;\">Reales Colegios<\/span>[\/vc_custom_heading][vc_custom_heading heading_semantic=\u00bbh3&#8243; text_font=\u00bbfont-942005&#8243; text_size=\u00bbh5&#8243; text_weight=\u00bb400&#8243; uncode_shortcode_id=\u00bb852894&#8243;]<span style=\"color: #000000;\"><a style=\"color: #000000;\" href=\"https:\/\/maps.app.goo.gl\/ZEHxDTV5vbFMqoR48\" target=\"_blank\" rel=\"noopener\">Ver ubicaci\u00f3n<\/a><\/span>[\/vc_custom_heading][vc_empty_space empty_h=\u00bb0&#8243;][vc_custom_heading heading_semantic=\u00bbh5&#8243; text_font=\u00bbfont-555555&#8243; text_size=\u00bbh5&#8243; uncode_shortcode_id=\u00bb186278&#8243;]<span style=\"color: #000000;\">Entrada: 6\u20ac<\/span>[\/vc_custom_heading][vc_empty_space empty_h=\u00bb0&#8243;][vc_button size=\u00bbbtn-xl\u00bb border_width=\u00bb0&#8243; button_color_type=\u00bbuncode-solid\u00bb button_color_solid=\u00bb#ffdc00&#8243; uncode_shortcode_id=\u00bb958643&#8243; el_class=\u00bbbutonins\u00bb link=\u00bbtitle:Can%C3%A7%C3%B3%20argentina\u00bb]ENTRADAS AGOTADAS[\/vc_button][\/vc_column][vc_column width=\u00bb1\/2&#8243;][vc_single_image media=\u00bb59424&#8243; media_width_percent=\u00bb100&#8243; uncode_shortcode_id=\u00bb178156&#8243;][\/vc_column][\/vc_row][vc_row][vc_column width=\u00bb1\/1&#8243;][vc_separator sep_color=\u00bbcolor-jevc\u00bb uncode_shortcode_id=\u00bb102172&#8243; sep_color_type=\u00bbuncode-palette\u00bb][vc_custom_heading heading_semantic=\u00bbh5&#8243; text_font=\u00bbfont-555555&#8243; text_size=\u00bbh4&#8243; uncode_shortcode_id=\u00bb160679&#8243;]<span style=\"font-weight: 400;\">Este repertorio pondr\u00e1 el foco en la <strong>m\u00fasica argentina<\/strong>, con obras emblem\u00e1ticas de compositores como <strong>Carlos Guastavino, L\u00eda Cimaglia<\/strong> y <strong>Alberto Ginastera<\/strong>. La velada incluir\u00e1 piezas tan destacadas como La rosa y el sauce y Pueblito, mi pueblo de <strong>Guastavino<\/strong>, caracterizadas por su belleza l\u00edrica y profundo arraigo en la tradici\u00f3n folkl\u00f3rica argentina. Tambi\u00e9n se interpretar\u00e1n canciones \u00edntimas y evocadoras de <strong>L\u00eda Cimaglia<\/strong>, como Botoncito y Balada, que a\u00f1aden una dimensi\u00f3n personal y emotiva al programa. El concierto culminar\u00e1 con los ritmos en\u00e9rgicos y vibrantes de <strong>Ginastera<\/strong>, con composiciones como Danza de la moza donosa y Cinco canciones populares argentinas, que exhiben la riqueza y diversidad del patrimonio musical argentino.<\/span>[\/vc_custom_heading][vc_separator sep_color=\u00bbcolor-jevc\u00bb uncode_shortcode_id=\u00bb102172&#8243; sep_color_type=\u00bbuncode-palette\u00bb][vc_column_text text_lead=\u00bbyes\u00bb text_color=\u00bbcolor-jevc\u00bb uncode_shortcode_id=\u00bb181490&#8243; text_color_type=\u00bbuncode-palette\u00bb]<span style=\"color: #000000;\"><strong>INT\u00c9RPRETES<\/strong><\/span><\/p>\n<p><span style=\"font-weight: 400;\">Mercedes Gancedo, soprano argentina, debut\u00f3 a los 18 a\u00f1os como Despina en Cos\u00ec fan tutte. Formada con maestros como Jaume Aragall, Teresa Berganza o Montserrat Caball\u00e9, combina su faceta oper\u00edstica con una intensa actividad lieder\u00edstica y sinf\u00f3nica. Ha sido galardonada en concursos como el Francesc Vi\u00f1as, el Premio Primer Palau o la Competizione dell\u2019Opera. Ha interpretado roles como Elle (La voix humaine), Barbarina, Papagena o Suor Genovieffa en teatros como el Gran Teatre del Liceu o el Teatro Real, con directores como Gustavo Dudamel o Riccardo Frizza. Ha participado en festivales como la Schubert\u00edada o LIFE Victoria y ha grabado el disco Cooking America! junto a la pianista Beatriz Miralles<\/span><span style=\"font-family: -apple-system, BlinkMacSystemFont, 'Segoe UI', Roboto, Oxygen-Sans, Ubuntu, Cantarell, 'Helvetica Neue', sans-serif;\">.<\/span><\/p>\n<p>&nbsp;<\/p>\n<p><span style=\"font-weight: 400;\">Quimey Urquiaga, pianista argentina nacida en Bah\u00eda Blanca en 1989, se form\u00f3 en piano, direcci\u00f3n orquestal y pedagog\u00eda musical en la Universidad Nacional de La Plata y el Conservatorio Gilardo Gilardi. En 2021 complet\u00f3 el M\u00e1ster en Lied Victoria de los \u00c1ngeles en la ESMUC, donde ha continuado colaborando como pianista. Ha participado en masterclasses con figuras como S. Lepper o F. Lott. Ha actuado en el Festival LIFE Victoria y ha sido pianista de Dame Felicity Lott. En 2021 grab\u00f3 su primer disco de canci\u00f3n de c\u00e1mara argentina con la soprano Soledad Cardoso. Ha actuado en salas como el Teatro Argentino, Auditorio Manuel de Falla o el C\u00edrculo del Liceo. En 2024 fue pianista del Concurso Tenor Vi\u00f1as y debut\u00f3 en Londres con Mercedes Gancedo<\/span><span style=\"font-family: -apple-system, BlinkMacSystemFont, 'Segoe UI', Roboto, Oxygen-Sans, Ubuntu, Cantarell, 'Helvetica Neue', sans-serif;\">.<\/span>[\/vc_column_text][\/vc_column][\/vc_row]<\/p>\n","protected":false},"excerpt":{"rendered":"<p>[vc_row row_height_percent=\u00bb0&#8243; back_color=\u00bbcolor-jevc\u00bb overlay_alpha=\u00bb50&#8243; gutter_size=\u00bb3&#8243; column_width_percent=\u00bb100&#8243; shift_y=\u00bb0&#8243; z_index=\u00bb0&#8243; uncode_shortcode_id=\u00bb181188&#8243; back_color_type=\u00bbuncode-palette\u00bb][vc_column width=\u00bb1\/1&#8243;][vc_custom_heading text_color=\u00bbcolor-jevc\u00bb heading_semantic=\u00bbh1&#8243; text_font=\u00bbfont-555555&#8243; text_size=\u00bbh1&#8243; uncode_shortcode_id=\u00bb458982&#8243; text_color_type=\u00bbuncode-palette\u00bb]CANCI\u00d3N ARGENTINA[\/vc_custom_heading][vc_custom_heading text_color=\u00bbcolor-jevc\u00bb heading_semantic=\u00bbh1&#8243; [&hellip;]<\/p>\n","protected":false},"author":1,"featured_media":0,"parent":0,"menu_order":0,"comment_status":"closed","ping_status":"closed","template":"","meta":{"_monsterinsights_skip_tracking":false,"_monsterinsights_sitenote_active":false,"_monsterinsights_sitenote_note":"","_monsterinsights_sitenote_category":0,"footnotes":""},"yoast_head":"<!-- This site is optimized with the Yoast SEO plugin v21.3 - https:\/\/yoast.com\/wordpress\/plugins\/seo\/ -->\n<title>CONCIERTO: CANCI\u00d3N ARGENTINA. - Proto-fest<\/title>\n<meta name=\"description\" content=\"A c\u00e0rrec de Mercedes Gancedo (soprano) i Quimey Urquiaga (pianista) al Proto-fest 5, Festival de M\u00fasica de Tortosa.\" \/>\n<meta name=\"robots\" content=\"index, follow, max-snippet:-1, max-image-preview:large, max-video-preview:-1\" \/>\n<link rel=\"canonical\" href=\"https:\/\/proto-fest.com\/es\/concert-canco-argentina\/\" \/>\n<meta property=\"og:locale\" content=\"es_ES\" \/>\n<meta property=\"og:type\" content=\"article\" \/>\n<meta property=\"og:title\" content=\"CONCERT: CAN\u00c7\u00d3 ARGENTINA\" \/>\n<meta property=\"og:description\" content=\"A c\u00e0rrec de Mercedes Gancedo (soprano) i Quimey Urquiaga (pianista) al Proto-fest 5, Festival de M\u00fasica de Tortosa.\" \/>\n<meta property=\"og:url\" content=\"https:\/\/proto-fest.com\/es\/concert-canco-argentina\/\" \/>\n<meta property=\"og:site_name\" content=\"Proto-fest\" \/>\n<meta property=\"article:modified_time\" content=\"2025-07-28T15:59:26+00:00\" \/>\n<meta property=\"og:image\" content=\"https:\/\/proto-fest.com\/wp-content\/uploads\/2025\/05\/logo_proto5_social-01.png\" \/>\n\t<meta property=\"og:image:width\" content=\"200\" \/>\n\t<meta property=\"og:image:height\" content=\"200\" \/>\n\t<meta property=\"og:image:type\" content=\"image\/png\" \/>\n<meta name=\"twitter:card\" content=\"summary_large_image\" \/>\n<meta name=\"twitter:title\" content=\"CONCERT INAUGURAL: L\u2019OMBRA DE FARINELLI\" \/>\n<meta name=\"twitter:description\" content=\"A c\u00e0rrec d&#039;Aurora Pe\u00f1a i Jordi Dom\u00e8nech al Proto-fest 5, Festival de M\u00fasica de Tortosa.\" \/>\n<meta name=\"twitter:image\" content=\"https:\/\/proto-fest.com\/wp-content\/uploads\/2025\/05\/logo_proto5_social-01.png\" \/>\n<meta name=\"twitter:label1\" content=\"Tiempo de lectura\" \/>\n\t<meta name=\"twitter:data1\" content=\"3 minutos\" \/>\n<script type=\"application\/ld+json\" class=\"yoast-schema-graph\">{\"@context\":\"https:\/\/schema.org\",\"@graph\":[{\"@type\":\"WebPage\",\"@id\":\"https:\/\/proto-fest.com\/es\/concert-canco-argentina\/\",\"url\":\"https:\/\/proto-fest.com\/es\/concert-canco-argentina\/\",\"name\":\"CONCIERTO: CANCI\u00d3N ARGENTINA. - Proto-fest\",\"isPartOf\":{\"@id\":\"https:\/\/proto-fest.com\/es\/#website\"},\"datePublished\":\"2025-06-21T12:14:53+00:00\",\"dateModified\":\"2025-07-28T15:59:26+00:00\",\"description\":\"A c\u00e0rrec de Mercedes Gancedo (soprano) i Quimey Urquiaga (pianista) al Proto-fest 5, Festival de M\u00fasica de Tortosa.\",\"breadcrumb\":{\"@id\":\"https:\/\/proto-fest.com\/es\/concert-canco-argentina\/#breadcrumb\"},\"inLanguage\":\"es\",\"potentialAction\":[{\"@type\":\"ReadAction\",\"target\":[\"https:\/\/proto-fest.com\/es\/concert-canco-argentina\/\"]}]},{\"@type\":\"BreadcrumbList\",\"@id\":\"https:\/\/proto-fest.com\/es\/concert-canco-argentina\/#breadcrumb\",\"itemListElement\":[{\"@type\":\"ListItem\",\"position\":1,\"name\":\"Home\",\"item\":\"https:\/\/proto-fest.com\/es\/\"},{\"@type\":\"ListItem\",\"position\":2,\"name\":\"CONCIERTO: CANCI\u00d3N ARGENTINA.\"}]},{\"@type\":\"WebSite\",\"@id\":\"https:\/\/proto-fest.com\/es\/#website\",\"url\":\"https:\/\/proto-fest.com\/es\/\",\"name\":\"Proto-fest\",\"description\":\"Festival de m\u00fasica Tortosa\",\"publisher\":{\"@id\":\"https:\/\/proto-fest.com\/es\/#organization\"},\"potentialAction\":[{\"@type\":\"SearchAction\",\"target\":{\"@type\":\"EntryPoint\",\"urlTemplate\":\"https:\/\/proto-fest.com\/es\/?s={search_term_string}\"},\"query-input\":\"required name=search_term_string\"}],\"inLanguage\":\"es\"},{\"@type\":\"Organization\",\"@id\":\"https:\/\/proto-fest.com\/es\/#organization\",\"name\":\"Proto-fest\",\"url\":\"https:\/\/proto-fest.com\/es\/\",\"logo\":{\"@type\":\"ImageObject\",\"inLanguage\":\"es\",\"@id\":\"https:\/\/proto-fest.com\/es\/#\/schema\/logo\/image\/\",\"url\":\"https:\/\/proto-fest.com\/wp-content\/uploads\/2026\/04\/cropped-cropped-logo_proto6_header-01-1-1.png\",\"contentUrl\":\"https:\/\/proto-fest.com\/wp-content\/uploads\/2026\/04\/cropped-cropped-logo_proto6_header-01-1-1.png\",\"width\":323,\"height\":143,\"caption\":\"Proto-fest\"},\"image\":{\"@id\":\"https:\/\/proto-fest.com\/es\/#\/schema\/logo\/image\/\"}}]}<\/script>\n<!-- \/ Yoast SEO plugin. -->","yoast_head_json":{"title":"CONCIERTO: CANCI\u00d3N ARGENTINA. - Proto-fest","description":"A c\u00e0rrec de Mercedes Gancedo (soprano) i Quimey Urquiaga (pianista) al Proto-fest 5, Festival de M\u00fasica de Tortosa.","robots":{"index":"index","follow":"follow","max-snippet":"max-snippet:-1","max-image-preview":"max-image-preview:large","max-video-preview":"max-video-preview:-1"},"canonical":"https:\/\/proto-fest.com\/es\/concert-canco-argentina\/","og_locale":"es_ES","og_type":"article","og_title":"CONCERT: CAN\u00c7\u00d3 ARGENTINA","og_description":"A c\u00e0rrec de Mercedes Gancedo (soprano) i Quimey Urquiaga (pianista) al Proto-fest 5, Festival de M\u00fasica de Tortosa.","og_url":"https:\/\/proto-fest.com\/es\/concert-canco-argentina\/","og_site_name":"Proto-fest","article_modified_time":"2025-07-28T15:59:26+00:00","og_image":[{"width":200,"height":200,"url":"https:\/\/proto-fest.com\/wp-content\/uploads\/2025\/05\/logo_proto5_social-01.png","type":"image\/png"}],"twitter_card":"summary_large_image","twitter_title":"CONCERT INAUGURAL: L\u2019OMBRA DE FARINELLI","twitter_description":"A c\u00e0rrec d'Aurora Pe\u00f1a i Jordi Dom\u00e8nech al Proto-fest 5, Festival de M\u00fasica de Tortosa.","twitter_image":"https:\/\/proto-fest.com\/wp-content\/uploads\/2025\/05\/logo_proto5_social-01.png","twitter_misc":{"Tiempo de lectura":"3 minutos"},"schema":{"@context":"https:\/\/schema.org","@graph":[{"@type":"WebPage","@id":"https:\/\/proto-fest.com\/es\/concert-canco-argentina\/","url":"https:\/\/proto-fest.com\/es\/concert-canco-argentina\/","name":"CONCIERTO: CANCI\u00d3N ARGENTINA. - Proto-fest","isPartOf":{"@id":"https:\/\/proto-fest.com\/es\/#website"},"datePublished":"2025-06-21T12:14:53+00:00","dateModified":"2025-07-28T15:59:26+00:00","description":"A c\u00e0rrec de Mercedes Gancedo (soprano) i Quimey Urquiaga (pianista) al Proto-fest 5, Festival de M\u00fasica de Tortosa.","breadcrumb":{"@id":"https:\/\/proto-fest.com\/es\/concert-canco-argentina\/#breadcrumb"},"inLanguage":"es","potentialAction":[{"@type":"ReadAction","target":["https:\/\/proto-fest.com\/es\/concert-canco-argentina\/"]}]},{"@type":"BreadcrumbList","@id":"https:\/\/proto-fest.com\/es\/concert-canco-argentina\/#breadcrumb","itemListElement":[{"@type":"ListItem","position":1,"name":"Home","item":"https:\/\/proto-fest.com\/es\/"},{"@type":"ListItem","position":2,"name":"CONCIERTO: CANCI\u00d3N ARGENTINA."}]},{"@type":"WebSite","@id":"https:\/\/proto-fest.com\/es\/#website","url":"https:\/\/proto-fest.com\/es\/","name":"Proto-fest","description":"Festival de m\u00fasica Tortosa","publisher":{"@id":"https:\/\/proto-fest.com\/es\/#organization"},"potentialAction":[{"@type":"SearchAction","target":{"@type":"EntryPoint","urlTemplate":"https:\/\/proto-fest.com\/es\/?s={search_term_string}"},"query-input":"required name=search_term_string"}],"inLanguage":"es"},{"@type":"Organization","@id":"https:\/\/proto-fest.com\/es\/#organization","name":"Proto-fest","url":"https:\/\/proto-fest.com\/es\/","logo":{"@type":"ImageObject","inLanguage":"es","@id":"https:\/\/proto-fest.com\/es\/#\/schema\/logo\/image\/","url":"https:\/\/proto-fest.com\/wp-content\/uploads\/2026\/04\/cropped-cropped-logo_proto6_header-01-1-1.png","contentUrl":"https:\/\/proto-fest.com\/wp-content\/uploads\/2026\/04\/cropped-cropped-logo_proto6_header-01-1-1.png","width":323,"height":143,"caption":"Proto-fest"},"image":{"@id":"https:\/\/proto-fest.com\/es\/#\/schema\/logo\/image\/"}}]}},"_links":{"self":[{"href":"https:\/\/proto-fest.com\/es\/wp-json\/wp\/v2\/pages\/59825"}],"collection":[{"href":"https:\/\/proto-fest.com\/es\/wp-json\/wp\/v2\/pages"}],"about":[{"href":"https:\/\/proto-fest.com\/es\/wp-json\/wp\/v2\/types\/page"}],"author":[{"embeddable":true,"href":"https:\/\/proto-fest.com\/es\/wp-json\/wp\/v2\/users\/1"}],"replies":[{"embeddable":true,"href":"https:\/\/proto-fest.com\/es\/wp-json\/wp\/v2\/comments?post=59825"}],"version-history":[{"count":4,"href":"https:\/\/proto-fest.com\/es\/wp-json\/wp\/v2\/pages\/59825\/revisions"}],"predecessor-version":[{"id":59942,"href":"https:\/\/proto-fest.com\/es\/wp-json\/wp\/v2\/pages\/59825\/revisions\/59942"}],"wp:attachment":[{"href":"https:\/\/proto-fest.com\/es\/wp-json\/wp\/v2\/media?parent=59825"}],"curies":[{"name":"wp","href":"https:\/\/api.w.org\/{rel}","templated":true}]}}