{"id":59829,"date":"2025-06-21T14:27:33","date_gmt":"2025-06-21T12:27:33","guid":{"rendered":"https:\/\/proto-fest.com\/concert-viola-violi-i-musica-de-cambra\/"},"modified":"2025-08-01T10:05:08","modified_gmt":"2025-08-01T08:05:08","slug":"concert-viola-violi-i-musica-de-cambra","status":"publish","type":"page","link":"https:\/\/proto-fest.com\/es\/concert-viola-violi-i-musica-de-cambra\/","title":{"rendered":"CONCIERTO: VIOLA, VIOL\u00cdN Y M\u00daSICA DE C\u00c1MARA."},"content":{"rendered":"<p>[vc_row row_height_percent=\u00bb0&#8243; back_color=\u00bbcolor-jevc\u00bb overlay_alpha=\u00bb50&#8243; gutter_size=\u00bb3&#8243; column_width_percent=\u00bb100&#8243; shift_y=\u00bb0&#8243; z_index=\u00bb0&#8243; uncode_shortcode_id=\u00bb181188&#8243; back_color_type=\u00bbuncode-palette\u00bb][vc_column width=\u00bb1\/1&#8243;][vc_custom_heading text_color=\u00bbcolor-jevc\u00bb heading_semantic=\u00bbh1&#8243; text_font=\u00bbfont-555555&#8243; text_size=\u00bbh1&#8243; uncode_shortcode_id=\u00bb126777&#8243; text_color_type=\u00bbuncode-palette\u00bb]<span class=\"font-555555\" style=\"font-weight: 400; color: #ffffff;\"><span style=\"font-weight: 400;\">VIOLA, VIOL\u00cdN Y M\u00daSICA DE C\u00c1MARA.<\/span><\/span>[\/vc_custom_heading][vc_custom_heading text_color=\u00bbcolor-jevc\u00bb heading_semantic=\u00bbh1&#8243; text_font=\u00bbfont-813966&#8243; text_size=\u00bbfontsize-828701&#8243; uncode_shortcode_id=\u00bb207510&#8243; text_color_type=\u00bbuncode-palette\u00bb]<\/p>\n<h2><span class=\"font-187764 font-102516 font-813966\" style=\"font-weight: 400; color: #ffffff;\"><span style=\"font-weight: 400;\">Alumnado de la masterclass de Rivka Golani<br \/>\nMiquel Esquinas, acompa\u00f1amiento pian\u00edstico<br \/>\n<\/span><\/span><\/h2>\n<p>[\/vc_custom_heading][\/vc_column][\/vc_row][vc_row unlock_row=\u00bb\u00bb row_height_percent=\u00bb0&#8243; back_color=\u00bbcolor-xsdn\u00bb overlay_alpha=\u00bb50&#8243; gutter_size=\u00bb3&#8243; column_width_percent=\u00bb100&#8243; shift_y=\u00bb0&#8243; z_index=\u00bb0&#8243; inverted_device_order=\u00bbyes\u00bb uncode_shortcode_id=\u00bb188268&#8243; back_color_type=\u00bbuncode-palette\u00bb][vc_column column_width_percent=\u00bb100&#8243; position_vertical=\u00bbmiddle\u00bb gutter_size=\u00bb1&#8243; style=\u00bbdark\u00bb overlay_alpha=\u00bb50&#8243; shift_x=\u00bb0&#8243; shift_y=\u00bb0&#8243; shift_y_down=\u00bb0&#8243; z_index=\u00bb0&#8243; medium_width=\u00bb0&#8243; mobile_width=\u00bb0&#8243; width=\u00bb1\/2&#8243; uncode_shortcode_id=\u00bb107810&#8243;][vc_custom_heading text_font=\u00bbfont-105735&#8243; text_size=\u00bbh4&#8243; uncode_shortcode_id=\u00bb166461&#8243;]<span style=\"color: #000000;\">Mi\u00e9rcoles, 30 de julio,<\/span><br \/>\n<span style=\"color: #000000;\">a las 18.00 h<br \/>\n<\/span>[\/vc_custom_heading][vc_empty_space empty_h=\u00bb0&#8243;][vc_custom_heading heading_semantic=\u00bbh5&#8243; text_font=\u00bbfont-555555&#8243; text_size=\u00bbh4&#8243; uncode_shortcode_id=\u00bb123550&#8243;]<span style=\"color: #000000;\">Aula Did\u00e1ctica del Museo de Tortosa<\/span>[\/vc_custom_heading][vc_custom_heading heading_semantic=\u00bbh3&#8243; text_font=\u00bbfont-942005&#8243; text_size=\u00bbh5&#8243; text_weight=\u00bb400&#8243; uncode_shortcode_id=\u00bb308559&#8243;]<span style=\"color: #000000;\"><a style=\"color: #000000;\" href=\"https:\/\/maps.app.goo.gl\/h1SjzFuym9HRFaQ98\" target=\"_blank\" rel=\"noopener\">Ver ubicaci\u00f3n<\/a><\/span>[\/vc_custom_heading][vc_empty_space empty_h=\u00bb0&#8243;][vc_custom_heading heading_semantic=\u00bbh5&#8243; text_font=\u00bbfont-555555&#8243; text_size=\u00bbh5&#8243; uncode_shortcode_id=\u00bb116474&#8243;]<span style=\"color: #000000;\">Entrada gratuita con reserva.<\/span>[\/vc_custom_heading][vc_empty_space empty_h=\u00bb0&#8243;][vc_button size=\u00bbbtn-xl\u00bb border_width=\u00bb0&#8243; button_color_type=\u00bbuncode-solid\u00bb button_color_solid=\u00bb#ffdc00&#8243; uncode_shortcode_id=\u00bb149901&#8243; el_class=\u00bbbutonins\u00bb link=\u00bbtitle:Viola%2C%20viol%C3%AD%20i%20m%C3%BAsica%20de%20cambra\u00bb]ENTRADAS AGOTADAS[\/vc_button][\/vc_column][vc_column width=\u00bb1\/2&#8243;][vc_single_image media=\u00bb59429&#8243; media_width_percent=\u00bb100&#8243; uncode_shortcode_id=\u00bb151630&#8243;][\/vc_column][\/vc_row][vc_row][vc_column width=\u00bb1\/1&#8243;][vc_separator sep_color=\u00bbcolor-jevc\u00bb uncode_shortcode_id=\u00bb102172&#8243; sep_color_type=\u00bbuncode-palette\u00bb][vc_custom_heading heading_semantic=\u00bbh5&#8243; text_font=\u00bbfont-555555&#8243; text_size=\u00bbh4&#8243; uncode_shortcode_id=\u00bb142060&#8243;]<span style=\"font-weight: 400;\">Este concierto <strong>clausurar\u00e1 la masterclass<\/strong> de viola, viol\u00edn y m\u00fasica de c\u00e1mara <strong>que Rivka Golani ha impartido<\/strong> en el marco del programa formativo de PROTO-FEST 2025. <strong>Golani <\/strong>es una de las violistas m\u00e1s destacadas de los siglos XX y XXI. Ha actuado como solista con orquestas como la Filarm\u00f3nica de Israel, la Sinf\u00f3nica de la BBC, la Royal Concertgebouw o la Sinf\u00f3nica de Boston. Como pedagoga, ha formado violistas en Trinity Laban de Londres, la Royal Academy y la Universidad de Toronto. Ha dirigido festivales como Fort MacLeod y SOWECA, y ha colaborado con la comunidad Blackfoot de Canad\u00e1 en proyectos musicales y culturales. Ha recibido numerosos galardones: Ambassador of Canadian Music ( 2009 ), Musician of the Year en Hungr\u00eda ( 2011 ), el Eagle Feather de los Blackfoot ( 2011 ), un Doctorado Honoris Causa por la Universidad de Lethbridge ( 2013 ) y reconocimientos discogr\u00e1ficos en Hungr\u00eda.<\/span>[\/vc_custom_heading][vc_separator sep_color=\u00bbcolor-jevc\u00bb uncode_shortcode_id=\u00bb102172&#8243; sep_color_type=\u00bbuncode-palette\u00bb][\/vc_column][\/vc_row]<\/p>\n","protected":false},"excerpt":{"rendered":"<p>[vc_row row_height_percent=\u00bb0&#8243; back_color=\u00bbcolor-jevc\u00bb overlay_alpha=\u00bb50&#8243; gutter_size=\u00bb3&#8243; column_width_percent=\u00bb100&#8243; shift_y=\u00bb0&#8243; z_index=\u00bb0&#8243; uncode_shortcode_id=\u00bb181188&#8243; back_color_type=\u00bbuncode-palette\u00bb][vc_column width=\u00bb1\/1&#8243;][vc_custom_heading text_color=\u00bbcolor-jevc\u00bb heading_semantic=\u00bbh1&#8243; text_font=\u00bbfont-555555&#8243; text_size=\u00bbh1&#8243; uncode_shortcode_id=\u00bb126777&#8243; text_color_type=\u00bbuncode-palette\u00bb]VIOLA, VIOL\u00cdN Y M\u00daSICA [&hellip;]<\/p>\n","protected":false},"author":1,"featured_media":0,"parent":0,"menu_order":0,"comment_status":"closed","ping_status":"closed","template":"","meta":{"_monsterinsights_skip_tracking":false,"_monsterinsights_sitenote_active":false,"_monsterinsights_sitenote_note":"","_monsterinsights_sitenote_category":0,"footnotes":""},"yoast_head":"<!-- This site is optimized with the Yoast SEO plugin v21.3 - https:\/\/yoast.com\/wordpress\/plugins\/seo\/ -->\n<title>CONCIERTO: VIOLA, VIOL\u00cdN Y M\u00daSICA DE C\u00c1MARA. - Proto-fest<\/title>\n<meta name=\"description\" content=\"A c\u00e0rrec de l&#039;alumnat de la masterclass de Rivka Golani, amb l&#039;acompanyament pian\u00edstic de Miquel Esquinas.\" \/>\n<meta name=\"robots\" content=\"index, follow, max-snippet:-1, max-image-preview:large, max-video-preview:-1\" \/>\n<link rel=\"canonical\" href=\"https:\/\/proto-fest.com\/es\/concert-viola-violi-i-musica-de-cambra\/\" \/>\n<meta property=\"og:locale\" content=\"es_ES\" \/>\n<meta property=\"og:type\" content=\"article\" \/>\n<meta property=\"og:title\" content=\"CONCERT: VIOLA, VIOL\u00cd I M\u00daSICA DE CAMBRA\" \/>\n<meta property=\"og:description\" content=\"A c\u00e0rrec de l&#039;alumnat de la masterclass de Rivka Golani, amb l&#039;acompanyament pian\u00edstic de Miquel Esquinas.\" \/>\n<meta property=\"og:url\" content=\"https:\/\/proto-fest.com\/es\/concert-viola-violi-i-musica-de-cambra\/\" \/>\n<meta property=\"og:site_name\" content=\"Proto-fest\" \/>\n<meta property=\"article:modified_time\" content=\"2025-08-01T08:05:08+00:00\" \/>\n<meta property=\"og:image\" content=\"https:\/\/proto-fest.com\/wp-content\/uploads\/2025\/05\/logo_proto5_social-01.png\" \/>\n\t<meta property=\"og:image:width\" content=\"200\" \/>\n\t<meta property=\"og:image:height\" content=\"200\" \/>\n\t<meta property=\"og:image:type\" content=\"image\/png\" \/>\n<meta name=\"twitter:card\" content=\"summary_large_image\" \/>\n<meta name=\"twitter:title\" content=\"CONCERT: VIOLA, VIOL\u00cd I M\u00daSICA DE CAMBRA\" \/>\n<meta name=\"twitter:description\" content=\"A c\u00e0rrec de l&#039;alumnat de la masterclass de Rivka Golani, amb l&#039;acompanyament pian\u00edstic de Miquel Esquinas.\" \/>\n<meta name=\"twitter:image\" content=\"https:\/\/proto-fest.com\/wp-content\/uploads\/2025\/05\/logo_proto5_social-01.png\" \/>\n<meta name=\"twitter:label1\" content=\"Tiempo de lectura\" \/>\n\t<meta name=\"twitter:data1\" content=\"2 minutos\" \/>\n<script type=\"application\/ld+json\" class=\"yoast-schema-graph\">{\"@context\":\"https:\/\/schema.org\",\"@graph\":[{\"@type\":\"WebPage\",\"@id\":\"https:\/\/proto-fest.com\/es\/concert-viola-violi-i-musica-de-cambra\/\",\"url\":\"https:\/\/proto-fest.com\/es\/concert-viola-violi-i-musica-de-cambra\/\",\"name\":\"CONCIERTO: VIOLA, VIOL\u00cdN Y M\u00daSICA DE C\u00c1MARA. - Proto-fest\",\"isPartOf\":{\"@id\":\"https:\/\/proto-fest.com\/es\/#website\"},\"datePublished\":\"2025-06-21T12:27:33+00:00\",\"dateModified\":\"2025-08-01T08:05:08+00:00\",\"description\":\"A c\u00e0rrec de l'alumnat de la masterclass de Rivka Golani, amb l'acompanyament pian\u00edstic de Miquel Esquinas.\",\"breadcrumb\":{\"@id\":\"https:\/\/proto-fest.com\/es\/concert-viola-violi-i-musica-de-cambra\/#breadcrumb\"},\"inLanguage\":\"es\",\"potentialAction\":[{\"@type\":\"ReadAction\",\"target\":[\"https:\/\/proto-fest.com\/es\/concert-viola-violi-i-musica-de-cambra\/\"]}]},{\"@type\":\"BreadcrumbList\",\"@id\":\"https:\/\/proto-fest.com\/es\/concert-viola-violi-i-musica-de-cambra\/#breadcrumb\",\"itemListElement\":[{\"@type\":\"ListItem\",\"position\":1,\"name\":\"Home\",\"item\":\"https:\/\/proto-fest.com\/es\/\"},{\"@type\":\"ListItem\",\"position\":2,\"name\":\"CONCIERTO: VIOLA, VIOL\u00cdN Y M\u00daSICA DE C\u00c1MARA.\"}]},{\"@type\":\"WebSite\",\"@id\":\"https:\/\/proto-fest.com\/es\/#website\",\"url\":\"https:\/\/proto-fest.com\/es\/\",\"name\":\"Proto-fest\",\"description\":\"Festival de m\u00fasica Tortosa\",\"publisher\":{\"@id\":\"https:\/\/proto-fest.com\/es\/#organization\"},\"potentialAction\":[{\"@type\":\"SearchAction\",\"target\":{\"@type\":\"EntryPoint\",\"urlTemplate\":\"https:\/\/proto-fest.com\/es\/?s={search_term_string}\"},\"query-input\":\"required name=search_term_string\"}],\"inLanguage\":\"es\"},{\"@type\":\"Organization\",\"@id\":\"https:\/\/proto-fest.com\/es\/#organization\",\"name\":\"Proto-fest\",\"url\":\"https:\/\/proto-fest.com\/es\/\",\"logo\":{\"@type\":\"ImageObject\",\"inLanguage\":\"es\",\"@id\":\"https:\/\/proto-fest.com\/es\/#\/schema\/logo\/image\/\",\"url\":\"https:\/\/proto-fest.com\/wp-content\/uploads\/2026\/04\/cropped-cropped-logo_proto6_header-01-1-1.png\",\"contentUrl\":\"https:\/\/proto-fest.com\/wp-content\/uploads\/2026\/04\/cropped-cropped-logo_proto6_header-01-1-1.png\",\"width\":323,\"height\":143,\"caption\":\"Proto-fest\"},\"image\":{\"@id\":\"https:\/\/proto-fest.com\/es\/#\/schema\/logo\/image\/\"}}]}<\/script>\n<!-- \/ Yoast SEO plugin. -->","yoast_head_json":{"title":"CONCIERTO: VIOLA, VIOL\u00cdN Y M\u00daSICA DE C\u00c1MARA. - Proto-fest","description":"A c\u00e0rrec de l'alumnat de la masterclass de Rivka Golani, amb l'acompanyament pian\u00edstic de Miquel Esquinas.","robots":{"index":"index","follow":"follow","max-snippet":"max-snippet:-1","max-image-preview":"max-image-preview:large","max-video-preview":"max-video-preview:-1"},"canonical":"https:\/\/proto-fest.com\/es\/concert-viola-violi-i-musica-de-cambra\/","og_locale":"es_ES","og_type":"article","og_title":"CONCERT: VIOLA, VIOL\u00cd I M\u00daSICA DE CAMBRA","og_description":"A c\u00e0rrec de l'alumnat de la masterclass de Rivka Golani, amb l'acompanyament pian\u00edstic de Miquel Esquinas.","og_url":"https:\/\/proto-fest.com\/es\/concert-viola-violi-i-musica-de-cambra\/","og_site_name":"Proto-fest","article_modified_time":"2025-08-01T08:05:08+00:00","og_image":[{"width":200,"height":200,"url":"https:\/\/proto-fest.com\/wp-content\/uploads\/2025\/05\/logo_proto5_social-01.png","type":"image\/png"}],"twitter_card":"summary_large_image","twitter_title":"CONCERT: VIOLA, VIOL\u00cd I M\u00daSICA DE CAMBRA","twitter_description":"A c\u00e0rrec de l'alumnat de la masterclass de Rivka Golani, amb l'acompanyament pian\u00edstic de Miquel Esquinas.","twitter_image":"https:\/\/proto-fest.com\/wp-content\/uploads\/2025\/05\/logo_proto5_social-01.png","twitter_misc":{"Tiempo de lectura":"2 minutos"},"schema":{"@context":"https:\/\/schema.org","@graph":[{"@type":"WebPage","@id":"https:\/\/proto-fest.com\/es\/concert-viola-violi-i-musica-de-cambra\/","url":"https:\/\/proto-fest.com\/es\/concert-viola-violi-i-musica-de-cambra\/","name":"CONCIERTO: VIOLA, VIOL\u00cdN Y M\u00daSICA DE C\u00c1MARA. - Proto-fest","isPartOf":{"@id":"https:\/\/proto-fest.com\/es\/#website"},"datePublished":"2025-06-21T12:27:33+00:00","dateModified":"2025-08-01T08:05:08+00:00","description":"A c\u00e0rrec de l'alumnat de la masterclass de Rivka Golani, amb l'acompanyament pian\u00edstic de Miquel Esquinas.","breadcrumb":{"@id":"https:\/\/proto-fest.com\/es\/concert-viola-violi-i-musica-de-cambra\/#breadcrumb"},"inLanguage":"es","potentialAction":[{"@type":"ReadAction","target":["https:\/\/proto-fest.com\/es\/concert-viola-violi-i-musica-de-cambra\/"]}]},{"@type":"BreadcrumbList","@id":"https:\/\/proto-fest.com\/es\/concert-viola-violi-i-musica-de-cambra\/#breadcrumb","itemListElement":[{"@type":"ListItem","position":1,"name":"Home","item":"https:\/\/proto-fest.com\/es\/"},{"@type":"ListItem","position":2,"name":"CONCIERTO: VIOLA, VIOL\u00cdN Y M\u00daSICA DE C\u00c1MARA."}]},{"@type":"WebSite","@id":"https:\/\/proto-fest.com\/es\/#website","url":"https:\/\/proto-fest.com\/es\/","name":"Proto-fest","description":"Festival de m\u00fasica Tortosa","publisher":{"@id":"https:\/\/proto-fest.com\/es\/#organization"},"potentialAction":[{"@type":"SearchAction","target":{"@type":"EntryPoint","urlTemplate":"https:\/\/proto-fest.com\/es\/?s={search_term_string}"},"query-input":"required name=search_term_string"}],"inLanguage":"es"},{"@type":"Organization","@id":"https:\/\/proto-fest.com\/es\/#organization","name":"Proto-fest","url":"https:\/\/proto-fest.com\/es\/","logo":{"@type":"ImageObject","inLanguage":"es","@id":"https:\/\/proto-fest.com\/es\/#\/schema\/logo\/image\/","url":"https:\/\/proto-fest.com\/wp-content\/uploads\/2026\/04\/cropped-cropped-logo_proto6_header-01-1-1.png","contentUrl":"https:\/\/proto-fest.com\/wp-content\/uploads\/2026\/04\/cropped-cropped-logo_proto6_header-01-1-1.png","width":323,"height":143,"caption":"Proto-fest"},"image":{"@id":"https:\/\/proto-fest.com\/es\/#\/schema\/logo\/image\/"}}]}},"_links":{"self":[{"href":"https:\/\/proto-fest.com\/es\/wp-json\/wp\/v2\/pages\/59829"}],"collection":[{"href":"https:\/\/proto-fest.com\/es\/wp-json\/wp\/v2\/pages"}],"about":[{"href":"https:\/\/proto-fest.com\/es\/wp-json\/wp\/v2\/types\/page"}],"author":[{"embeddable":true,"href":"https:\/\/proto-fest.com\/es\/wp-json\/wp\/v2\/users\/1"}],"replies":[{"embeddable":true,"href":"https:\/\/proto-fest.com\/es\/wp-json\/wp\/v2\/comments?post=59829"}],"version-history":[{"count":3,"href":"https:\/\/proto-fest.com\/es\/wp-json\/wp\/v2\/pages\/59829\/revisions"}],"predecessor-version":[{"id":59955,"href":"https:\/\/proto-fest.com\/es\/wp-json\/wp\/v2\/pages\/59829\/revisions\/59955"}],"wp:attachment":[{"href":"https:\/\/proto-fest.com\/es\/wp-json\/wp\/v2\/media?parent=59829"}],"curies":[{"name":"wp","href":"https:\/\/api.w.org\/{rel}","templated":true}]}}