{"id":59832,"date":"2025-06-21T16:56:44","date_gmt":"2025-06-21T14:56:44","guid":{"rendered":"https:\/\/proto-fest.com\/concert-musica-silenciada-del-segle-xx\/"},"modified":"2025-08-01T10:01:56","modified_gmt":"2025-08-01T08:01:56","slug":"concert-musica-silenciada-del-segle-xx","status":"publish","type":"page","link":"https:\/\/proto-fest.com\/es\/concert-musica-silenciada-del-segle-xx\/","title":{"rendered":"CONCIERTO: M\u00daSICA SILENCIADA DEL SEGLO XX."},"content":{"rendered":"<p>[vc_row row_height_percent=\u00bb0&#8243; back_color=\u00bbcolor-jevc\u00bb overlay_alpha=\u00bb50&#8243; gutter_size=\u00bb3&#8243; column_width_percent=\u00bb100&#8243; shift_y=\u00bb0&#8243; z_index=\u00bb0&#8243; uncode_shortcode_id=\u00bb181188&#8243; back_color_type=\u00bbuncode-palette\u00bb][vc_column width=\u00bb1\/1&#8243;][vc_custom_heading text_color=\u00bbcolor-jevc\u00bb heading_semantic=\u00bbh1&#8243; text_font=\u00bbfont-555555&#8243; text_size=\u00bbh1&#8243; uncode_shortcode_id=\u00bb216012&#8243; text_color_type=\u00bbuncode-palette\u00bb]<span class=\"font-555555\" style=\"font-weight: 400; color: #ffffff;\"><span style=\"font-weight: 400;\">M\u00daSICA SILENCIADA DEL SEGLO XX.<\/span><\/span>[\/vc_custom_heading][vc_custom_heading text_color=\u00bbcolor-jevc\u00bb heading_semantic=\u00bbh1&#8243; text_font=\u00bbfont-813966&#8243; text_size=\u00bbfontsize-828701&#8243; uncode_shortcode_id=\u00bb132314&#8243; text_color_type=\u00bbuncode-palette\u00bb]<\/p>\n<h2><span class=\"font-187764 font-102516 font-813966\" style=\"font-weight: 400; color: #ffffff;\"><span style=\"font-weight: 400;\">In\u00e9s Reguero, piano<\/span><\/span><\/h2>\n<p>[\/vc_custom_heading][\/vc_column][\/vc_row][vc_row unlock_row=\u00bb\u00bb row_height_percent=\u00bb0&#8243; back_color=\u00bbcolor-xsdn\u00bb overlay_alpha=\u00bb50&#8243; gutter_size=\u00bb3&#8243; column_width_percent=\u00bb100&#8243; shift_y=\u00bb0&#8243; z_index=\u00bb0&#8243; inverted_device_order=\u00bbyes\u00bb uncode_shortcode_id=\u00bb188268&#8243; back_color_type=\u00bbuncode-palette\u00bb][vc_column column_width_percent=\u00bb100&#8243; position_vertical=\u00bbmiddle\u00bb gutter_size=\u00bb1&#8243; style=\u00bbdark\u00bb overlay_alpha=\u00bb50&#8243; shift_x=\u00bb0&#8243; shift_y=\u00bb0&#8243; shift_y_down=\u00bb0&#8243; z_index=\u00bb0&#8243; medium_width=\u00bb0&#8243; mobile_width=\u00bb0&#8243; width=\u00bb1\/2&#8243; uncode_shortcode_id=\u00bb107810&#8243;][vc_custom_heading text_font=\u00bbfont-105735&#8243; text_size=\u00bbh4&#8243; uncode_shortcode_id=\u00bb940006&#8243;]<span style=\"color: #000000;\">Mi\u00e9rcoles, 30 de julio,<\/span><br \/>\n<span style=\"color: #000000;\">a las 20.30 h<br \/>\n<\/span>[\/vc_custom_heading][vc_empty_space empty_h=\u00bb0&#8243;][vc_custom_heading heading_semantic=\u00bbh5&#8243; text_font=\u00bbfont-555555&#8243; text_size=\u00bbh4&#8243; uncode_shortcode_id=\u00bb103237&#8243;]<span style=\"color: #000000;\">Casal Tortos\u00ed<\/span>[\/vc_custom_heading][vc_custom_heading heading_semantic=\u00bbh3&#8243; text_font=\u00bbfont-942005&#8243; text_size=\u00bbh5&#8243; text_weight=\u00bb400&#8243; uncode_shortcode_id=\u00bb213234&#8243;]<span style=\"color: #000000;\"><a style=\"color: #000000;\" href=\"https:\/\/maps.app.goo.gl\/uWU2m91mj9MXnrqs6\" target=\"_blank\" rel=\"noopener\">Ver ubicaci\u00f3n<\/a><\/span>[\/vc_custom_heading][vc_empty_space empty_h=\u00bb0&#8243;][vc_custom_heading heading_semantic=\u00bbh5&#8243; text_font=\u00bbfont-555555&#8243; text_size=\u00bbh5&#8243; uncode_shortcode_id=\u00bb589061&#8243;]<span style=\"color: #000000;\">Entrada: 6\u20ac<\/span>[\/vc_custom_heading][vc_empty_space empty_h=\u00bb0&#8243;][vc_button size=\u00bbbtn-xl\u00bb border_width=\u00bb0&#8243; button_color_type=\u00bbuncode-solid\u00bb button_color_solid=\u00bb#ffdc00&#8243; uncode_shortcode_id=\u00bb195603&#8243; el_class=\u00bbbutonins\u00bb link=\u00bbtitle:M%C3%BAsica%20silenciada%20del%20segle%20XX\u00bb]ENTRADAS AGOTADAS[\/vc_button][\/vc_column][vc_column width=\u00bb1\/2&#8243;][vc_single_image media=\u00bb59434&#8243; media_width_percent=\u00bb100&#8243; uncode_shortcode_id=\u00bb147799&#8243;][\/vc_column][\/vc_row][vc_row][vc_column width=\u00bb1\/1&#8243;][vc_separator sep_color=\u00bbcolor-jevc\u00bb uncode_shortcode_id=\u00bb102172&#8243; sep_color_type=\u00bbuncode-palette\u00bb][vc_custom_heading heading_semantic=\u00bbh5&#8243; text_font=\u00bbfont-555555&#8243; text_size=\u00bbh4&#8243; uncode_shortcode_id=\u00bb520048&#8243;]<span style=\"font-weight: 400;\">Este recital de piano es una <strong>propuesta \u00fanica que rescata m\u00fasica del siglo XX a menudo olvidada o marginada<\/strong>. La pianista <strong>In\u00e9s Reguero<\/strong> dar\u00e1 voz a compositoras y compositores eclipsados en la historia de la m\u00fasica. Se podr\u00e1n escuchar piezas de <strong>Lili Boulanger<\/strong>, primera mujer ganadora del prestigioso Premio de Roma, y de <strong>Dora Peja\u010devi\u0107<\/strong>, compositora croata reconocida en algunas de las salas m\u00e1s importantes de su \u00e9poca, pero hoy poco interpretada. <strong>Rosa Garc\u00eda Ascot, Blanca Selva, Joan Massi\u00e0<\/strong> y <strong>Dolors Sarriera <\/strong>tambi\u00e9n forman parte de este grupo de creadores que, a pesar de la calidad de su m\u00fasica, han estado poco presentes en los repertorios habituales. El concierto no solo reivindicar\u00e1 el valor art\u00edstico de estas obras, sino que tambi\u00e9n pondr\u00e1 en evidencia las desigualdades de g\u00e9nero y las circunstancias sociales que han condicionado la historia de la m\u00fasica.<\/span>[\/vc_custom_heading][vc_separator sep_color=\u00bbcolor-jevc\u00bb uncode_shortcode_id=\u00bb102172&#8243; sep_color_type=\u00bbuncode-palette\u00bb][vc_column_text text_lead=\u00bbyes\u00bb text_color=\u00bbcolor-jevc\u00bb uncode_shortcode_id=\u00bb158970&#8243; text_color_type=\u00bbuncode-palette\u00bb]<span style=\"color: #000000;\"><strong>INT\u00c9RPRETE<\/strong><\/span><\/p>\n<p><span style=\"font-weight: 400;\">In\u00e9s Reguero es pianista y pedagoga. Se form\u00f3 en el Conservatorio Superior del Liceo de Barcelona con M. Wagemans y, posteriormente, se perfeccion\u00f3 en Par\u00eds en piano, composici\u00f3n y acompa\u00f1amiento. Ha ofrecido recitales en Catalu\u00f1a, incluido el Palau de la M\u00fasica de Barcelona, y ha actuado tambi\u00e9n en Baleares, B\u00e9lgica y Francia. Desde 2006 es profesora de piano en el Conservatorio de Tortosa. En 2021 obtuvo el M\u00e1ster en Investigaci\u00f3n e Interpretaci\u00f3n Musical en la Universidad Internacional de Valencia<\/span><span style=\"font-family: -apple-system, BlinkMacSystemFont, 'Segoe UI', Roboto, Oxygen-Sans, Ubuntu, Cantarell, 'Helvetica Neue', sans-serif;\">.<\/span>[\/vc_column_text][\/vc_column][\/vc_row]<\/p>\n","protected":false},"excerpt":{"rendered":"<p>[vc_row row_height_percent=\u00bb0&#8243; back_color=\u00bbcolor-jevc\u00bb overlay_alpha=\u00bb50&#8243; gutter_size=\u00bb3&#8243; column_width_percent=\u00bb100&#8243; shift_y=\u00bb0&#8243; z_index=\u00bb0&#8243; uncode_shortcode_id=\u00bb181188&#8243; back_color_type=\u00bbuncode-palette\u00bb][vc_column width=\u00bb1\/1&#8243;][vc_custom_heading text_color=\u00bbcolor-jevc\u00bb heading_semantic=\u00bbh1&#8243; text_font=\u00bbfont-555555&#8243; text_size=\u00bbh1&#8243; uncode_shortcode_id=\u00bb216012&#8243; text_color_type=\u00bbuncode-palette\u00bb]M\u00daSICA SILENCIADA DEL SEGLO [&hellip;]<\/p>\n","protected":false},"author":1,"featured_media":0,"parent":0,"menu_order":0,"comment_status":"closed","ping_status":"closed","template":"","meta":{"_monsterinsights_skip_tracking":false,"_monsterinsights_sitenote_active":false,"_monsterinsights_sitenote_note":"","_monsterinsights_sitenote_category":0,"footnotes":""},"yoast_head":"<!-- This site is optimized with the Yoast SEO plugin v21.3 - https:\/\/yoast.com\/wordpress\/plugins\/seo\/ -->\n<title>CONCIERTO: M\u00daSICA SILENCIADA DEL SEGLO XX. - Proto-fest<\/title>\n<meta name=\"description\" content=\"La pianista In\u00e9s Reguero rescata m\u00fasica del segle XX sovint oblidada o marginada al Proto-fest 5, Festival de M\u00fasica de Tortosa.\" \/>\n<meta name=\"robots\" content=\"index, follow, max-snippet:-1, max-image-preview:large, max-video-preview:-1\" \/>\n<link rel=\"canonical\" href=\"https:\/\/proto-fest.com\/es\/concert-musica-silenciada-del-segle-xx\/\" \/>\n<meta property=\"og:locale\" content=\"es_ES\" \/>\n<meta property=\"og:type\" content=\"article\" \/>\n<meta property=\"og:title\" content=\"CONCERT: M\u00daSICA SILENCIADA DEL SEGLE XX.\" \/>\n<meta property=\"og:description\" content=\"La pianista In\u00e9s Reguero rescata m\u00fasica del segle XX sovint oblidada o marginada al Proto-fest 5, Festival de M\u00fasica de Tortosa.\" \/>\n<meta property=\"og:url\" content=\"https:\/\/proto-fest.com\/es\/concert-musica-silenciada-del-segle-xx\/\" \/>\n<meta property=\"og:site_name\" content=\"Proto-fest\" \/>\n<meta property=\"article:modified_time\" content=\"2025-08-01T08:01:56+00:00\" \/>\n<meta property=\"og:image\" content=\"https:\/\/proto-fest.com\/wp-content\/uploads\/2025\/05\/logo_proto5_social-01.png\" \/>\n\t<meta property=\"og:image:width\" content=\"200\" \/>\n\t<meta property=\"og:image:height\" content=\"200\" \/>\n\t<meta property=\"og:image:type\" content=\"image\/png\" \/>\n<meta name=\"twitter:card\" content=\"summary_large_image\" \/>\n<meta name=\"twitter:title\" content=\"CONCERT INAUGURAL: L\u2019OMBRA DE FARINELLICONCERT: M\u00daSICA SILENCIADA DEL SEGLE XX.\" \/>\n<meta name=\"twitter:description\" content=\"La pianista In\u00e9s Reguero rescata m\u00fasica del segle XX sovint oblidada o marginada al Proto-fest 5, Festival de M\u00fasica de Tortosa.\" \/>\n<meta name=\"twitter:image\" content=\"https:\/\/proto-fest.com\/wp-content\/uploads\/2025\/05\/logo_proto5_social-01.png\" \/>\n<meta name=\"twitter:label1\" content=\"Tiempo de lectura\" \/>\n\t<meta name=\"twitter:data1\" content=\"2 minutos\" \/>\n<script type=\"application\/ld+json\" class=\"yoast-schema-graph\">{\"@context\":\"https:\/\/schema.org\",\"@graph\":[{\"@type\":\"WebPage\",\"@id\":\"https:\/\/proto-fest.com\/es\/concert-musica-silenciada-del-segle-xx\/\",\"url\":\"https:\/\/proto-fest.com\/es\/concert-musica-silenciada-del-segle-xx\/\",\"name\":\"CONCIERTO: M\u00daSICA SILENCIADA DEL SEGLO XX. - Proto-fest\",\"isPartOf\":{\"@id\":\"https:\/\/proto-fest.com\/es\/#website\"},\"datePublished\":\"2025-06-21T14:56:44+00:00\",\"dateModified\":\"2025-08-01T08:01:56+00:00\",\"description\":\"La pianista In\u00e9s Reguero rescata m\u00fasica del segle XX sovint oblidada o marginada al Proto-fest 5, Festival de M\u00fasica de Tortosa.\",\"breadcrumb\":{\"@id\":\"https:\/\/proto-fest.com\/es\/concert-musica-silenciada-del-segle-xx\/#breadcrumb\"},\"inLanguage\":\"es\",\"potentialAction\":[{\"@type\":\"ReadAction\",\"target\":[\"https:\/\/proto-fest.com\/es\/concert-musica-silenciada-del-segle-xx\/\"]}]},{\"@type\":\"BreadcrumbList\",\"@id\":\"https:\/\/proto-fest.com\/es\/concert-musica-silenciada-del-segle-xx\/#breadcrumb\",\"itemListElement\":[{\"@type\":\"ListItem\",\"position\":1,\"name\":\"Home\",\"item\":\"https:\/\/proto-fest.com\/es\/\"},{\"@type\":\"ListItem\",\"position\":2,\"name\":\"CONCIERTO: M\u00daSICA SILENCIADA DEL SEGLO XX.\"}]},{\"@type\":\"WebSite\",\"@id\":\"https:\/\/proto-fest.com\/es\/#website\",\"url\":\"https:\/\/proto-fest.com\/es\/\",\"name\":\"Proto-fest\",\"description\":\"Festival de m\u00fasica Tortosa\",\"publisher\":{\"@id\":\"https:\/\/proto-fest.com\/es\/#organization\"},\"potentialAction\":[{\"@type\":\"SearchAction\",\"target\":{\"@type\":\"EntryPoint\",\"urlTemplate\":\"https:\/\/proto-fest.com\/es\/?s={search_term_string}\"},\"query-input\":\"required name=search_term_string\"}],\"inLanguage\":\"es\"},{\"@type\":\"Organization\",\"@id\":\"https:\/\/proto-fest.com\/es\/#organization\",\"name\":\"Proto-fest\",\"url\":\"https:\/\/proto-fest.com\/es\/\",\"logo\":{\"@type\":\"ImageObject\",\"inLanguage\":\"es\",\"@id\":\"https:\/\/proto-fest.com\/es\/#\/schema\/logo\/image\/\",\"url\":\"https:\/\/proto-fest.com\/wp-content\/uploads\/2026\/04\/cropped-cropped-logo_proto6_header-01-1-1.png\",\"contentUrl\":\"https:\/\/proto-fest.com\/wp-content\/uploads\/2026\/04\/cropped-cropped-logo_proto6_header-01-1-1.png\",\"width\":323,\"height\":143,\"caption\":\"Proto-fest\"},\"image\":{\"@id\":\"https:\/\/proto-fest.com\/es\/#\/schema\/logo\/image\/\"}}]}<\/script>\n<!-- \/ Yoast SEO plugin. -->","yoast_head_json":{"title":"CONCIERTO: M\u00daSICA SILENCIADA DEL SEGLO XX. - Proto-fest","description":"La pianista In\u00e9s Reguero rescata m\u00fasica del segle XX sovint oblidada o marginada al Proto-fest 5, Festival de M\u00fasica de Tortosa.","robots":{"index":"index","follow":"follow","max-snippet":"max-snippet:-1","max-image-preview":"max-image-preview:large","max-video-preview":"max-video-preview:-1"},"canonical":"https:\/\/proto-fest.com\/es\/concert-musica-silenciada-del-segle-xx\/","og_locale":"es_ES","og_type":"article","og_title":"CONCERT: M\u00daSICA SILENCIADA DEL SEGLE XX.","og_description":"La pianista In\u00e9s Reguero rescata m\u00fasica del segle XX sovint oblidada o marginada al Proto-fest 5, Festival de M\u00fasica de Tortosa.","og_url":"https:\/\/proto-fest.com\/es\/concert-musica-silenciada-del-segle-xx\/","og_site_name":"Proto-fest","article_modified_time":"2025-08-01T08:01:56+00:00","og_image":[{"width":200,"height":200,"url":"https:\/\/proto-fest.com\/wp-content\/uploads\/2025\/05\/logo_proto5_social-01.png","type":"image\/png"}],"twitter_card":"summary_large_image","twitter_title":"CONCERT INAUGURAL: L\u2019OMBRA DE FARINELLICONCERT: M\u00daSICA SILENCIADA DEL SEGLE XX.","twitter_description":"La pianista In\u00e9s Reguero rescata m\u00fasica del segle XX sovint oblidada o marginada al Proto-fest 5, Festival de M\u00fasica de Tortosa.","twitter_image":"https:\/\/proto-fest.com\/wp-content\/uploads\/2025\/05\/logo_proto5_social-01.png","twitter_misc":{"Tiempo de lectura":"2 minutos"},"schema":{"@context":"https:\/\/schema.org","@graph":[{"@type":"WebPage","@id":"https:\/\/proto-fest.com\/es\/concert-musica-silenciada-del-segle-xx\/","url":"https:\/\/proto-fest.com\/es\/concert-musica-silenciada-del-segle-xx\/","name":"CONCIERTO: M\u00daSICA SILENCIADA DEL SEGLO XX. - Proto-fest","isPartOf":{"@id":"https:\/\/proto-fest.com\/es\/#website"},"datePublished":"2025-06-21T14:56:44+00:00","dateModified":"2025-08-01T08:01:56+00:00","description":"La pianista In\u00e9s Reguero rescata m\u00fasica del segle XX sovint oblidada o marginada al Proto-fest 5, Festival de M\u00fasica de Tortosa.","breadcrumb":{"@id":"https:\/\/proto-fest.com\/es\/concert-musica-silenciada-del-segle-xx\/#breadcrumb"},"inLanguage":"es","potentialAction":[{"@type":"ReadAction","target":["https:\/\/proto-fest.com\/es\/concert-musica-silenciada-del-segle-xx\/"]}]},{"@type":"BreadcrumbList","@id":"https:\/\/proto-fest.com\/es\/concert-musica-silenciada-del-segle-xx\/#breadcrumb","itemListElement":[{"@type":"ListItem","position":1,"name":"Home","item":"https:\/\/proto-fest.com\/es\/"},{"@type":"ListItem","position":2,"name":"CONCIERTO: M\u00daSICA SILENCIADA DEL SEGLO XX."}]},{"@type":"WebSite","@id":"https:\/\/proto-fest.com\/es\/#website","url":"https:\/\/proto-fest.com\/es\/","name":"Proto-fest","description":"Festival de m\u00fasica Tortosa","publisher":{"@id":"https:\/\/proto-fest.com\/es\/#organization"},"potentialAction":[{"@type":"SearchAction","target":{"@type":"EntryPoint","urlTemplate":"https:\/\/proto-fest.com\/es\/?s={search_term_string}"},"query-input":"required name=search_term_string"}],"inLanguage":"es"},{"@type":"Organization","@id":"https:\/\/proto-fest.com\/es\/#organization","name":"Proto-fest","url":"https:\/\/proto-fest.com\/es\/","logo":{"@type":"ImageObject","inLanguage":"es","@id":"https:\/\/proto-fest.com\/es\/#\/schema\/logo\/image\/","url":"https:\/\/proto-fest.com\/wp-content\/uploads\/2026\/04\/cropped-cropped-logo_proto6_header-01-1-1.png","contentUrl":"https:\/\/proto-fest.com\/wp-content\/uploads\/2026\/04\/cropped-cropped-logo_proto6_header-01-1-1.png","width":323,"height":143,"caption":"Proto-fest"},"image":{"@id":"https:\/\/proto-fest.com\/es\/#\/schema\/logo\/image\/"}}]}},"_links":{"self":[{"href":"https:\/\/proto-fest.com\/es\/wp-json\/wp\/v2\/pages\/59832"}],"collection":[{"href":"https:\/\/proto-fest.com\/es\/wp-json\/wp\/v2\/pages"}],"about":[{"href":"https:\/\/proto-fest.com\/es\/wp-json\/wp\/v2\/types\/page"}],"author":[{"embeddable":true,"href":"https:\/\/proto-fest.com\/es\/wp-json\/wp\/v2\/users\/1"}],"replies":[{"embeddable":true,"href":"https:\/\/proto-fest.com\/es\/wp-json\/wp\/v2\/comments?post=59832"}],"version-history":[{"count":4,"href":"https:\/\/proto-fest.com\/es\/wp-json\/wp\/v2\/pages\/59832\/revisions"}],"predecessor-version":[{"id":59951,"href":"https:\/\/proto-fest.com\/es\/wp-json\/wp\/v2\/pages\/59832\/revisions\/59951"}],"wp:attachment":[{"href":"https:\/\/proto-fest.com\/es\/wp-json\/wp\/v2\/media?parent=59832"}],"curies":[{"name":"wp","href":"https:\/\/api.w.org\/{rel}","templated":true}]}}