{"id":59842,"date":"2025-06-22T08:36:38","date_gmt":"2025-06-22T06:36:38","guid":{"rendered":"https:\/\/proto-fest.com\/concert-cloenda-dues-riberes\/"},"modified":"2025-07-22T18:41:23","modified_gmt":"2025-07-22T16:41:23","slug":"concert-cloenda-dues-riberes","status":"publish","type":"page","link":"https:\/\/proto-fest.com\/es\/concert-cloenda-dues-riberes\/","title":{"rendered":"CONCIERTO DE CIERRE: DOS RIBERAS."},"content":{"rendered":"<p>[vc_row row_height_percent=\u00bb0&#8243; back_color=\u00bbcolor-jevc\u00bb overlay_alpha=\u00bb50&#8243; gutter_size=\u00bb3&#8243; column_width_percent=\u00bb100&#8243; shift_y=\u00bb0&#8243; z_index=\u00bb0&#8243; uncode_shortcode_id=\u00bb181188&#8243; back_color_type=\u00bbuncode-palette\u00bb][vc_column width=\u00bb1\/1&#8243;][vc_custom_heading text_color=\u00bbcolor-jevc\u00bb heading_semantic=\u00bbh1&#8243; text_font=\u00bbfont-555555&#8243; text_size=\u00bbh1&#8243; uncode_shortcode_id=\u00bb198005&#8243; text_color_type=\u00bbuncode-palette\u00bb]<span class=\"font-555555\" style=\"font-weight: 400; color: #ffffff;\"><span style=\"font-weight: 400;\">DOS RIBERAS<\/span><\/span>[\/vc_custom_heading][vc_custom_heading text_color=\u00bbcolor-jevc\u00bb heading_semantic=\u00bbh1&#8243; text_font=\u00bbfont-813966&#8243; text_size=\u00bbfontsize-828701&#8243; uncode_shortcode_id=\u00bb171849&#8243; text_color_type=\u00bbuncode-palette\u00bb]<\/p>\n<h2><span class=\"font-187764 font-102516 font-813966\" style=\"font-weight: 400; color: #ffffff;\"><span style=\"font-weight: 400;\">Quinteto Assut: Cec\u00edlia Aym\u00ed (soprano), J. Ricardo Forner (clarinete y clarinete bajo), David Matheu (viola), In\u00e9s Reguero (piano) y Marcelo Mercadante (bandone\u00f3n)<\/span><\/span><\/h2>\n<h2><span class=\"font-187764 font-102516 font-813966\" style=\"font-weight: 400; color: #ffffff;\"><span style=\"font-weight: 400;\">Alumnado del Ensemble Tango de Marcelo Mercadante<\/span><\/span><\/h2>\n<p>[\/vc_custom_heading][\/vc_column][\/vc_row][vc_row unlock_row=\u00bb\u00bb row_height_percent=\u00bb0&#8243; back_color=\u00bbcolor-xsdn\u00bb overlay_alpha=\u00bb50&#8243; gutter_size=\u00bb3&#8243; column_width_percent=\u00bb100&#8243; shift_y=\u00bb0&#8243; z_index=\u00bb0&#8243; inverted_device_order=\u00bbyes\u00bb uncode_shortcode_id=\u00bb188268&#8243; back_color_type=\u00bbuncode-palette\u00bb][vc_column column_width_percent=\u00bb100&#8243; position_vertical=\u00bbmiddle\u00bb gutter_size=\u00bb1&#8243; style=\u00bbdark\u00bb overlay_alpha=\u00bb50&#8243; shift_x=\u00bb0&#8243; shift_y=\u00bb0&#8243; shift_y_down=\u00bb0&#8243; z_index=\u00bb0&#8243; medium_width=\u00bb0&#8243; mobile_width=\u00bb0&#8243; width=\u00bb1\/2&#8243; uncode_shortcode_id=\u00bb107810&#8243;][vc_custom_heading text_font=\u00bbfont-105735&#8243; text_size=\u00bbh4&#8243; uncode_shortcode_id=\u00bb187892&#8243;]<span style=\"color: #000000;\">S\u00e1bado, 2 de agosto,<\/span><br \/>\n<span style=\"color: #000000;\">a las 22.30 h<br \/>\n<\/span>[\/vc_custom_heading][vc_empty_space empty_h=\u00bb0&#8243;][vc_custom_heading heading_semantic=\u00bbh5&#8243; text_font=\u00bbfont-555555&#8243; text_size=\u00bbh4&#8243; uncode_shortcode_id=\u00bb142068&#8243;]<span style=\"color: #000000;\">Jardines del Pr\u00edncipe<\/span>[\/vc_custom_heading][vc_custom_heading heading_semantic=\u00bbh3&#8243; text_font=\u00bbfont-942005&#8243; text_size=\u00bbh5&#8243; text_weight=\u00bb400&#8243; uncode_shortcode_id=\u00bb142844&#8243;]<span style=\"color: #000000;\"><a style=\"color: #000000;\" href=\"https:\/\/maps.app.goo.gl\/dBHnGMad6ezQ72497\" target=\"_blank\" rel=\"noopener\">Ver ubicaci\u00f3n<\/a><\/span>[\/vc_custom_heading][vc_empty_space empty_h=\u00bb0&#8243;][vc_custom_heading heading_semantic=\u00bbh5&#8243; text_font=\u00bbfont-555555&#8243; text_size=\u00bbh5&#8243; uncode_shortcode_id=\u00bb915543&#8243;]<span style=\"color: #000000;\">Entrada: Gratuita con reserva.<\/span>[\/vc_custom_heading][vc_empty_space empty_h=\u00bb0&#8243;][vc_button size=\u00bbbtn-xl\u00bb border_width=\u00bb0&#8243; button_color_type=\u00bbuncode-solid\u00bb button_color_solid=\u00bb#ffdc00&#8243; uncode_shortcode_id=\u00bb688642&#8243; el_class=\u00bbbutonins\u00bb link=\u00bburl:https%3A%2F%2Febreticket.cat%2Fesdeveniments%2Fdues-riberes-2-8-25%2F|title:Dues%20riberes\u00bb]COMPRA LA ENTRADA[\/vc_button][\/vc_column][vc_column width=\u00bb1\/2&#8243;][vc_single_image media=\u00bb59459&#8243; media_width_percent=\u00bb100&#8243; uncode_shortcode_id=\u00bb198018&#8243;][\/vc_column][\/vc_row][vc_row][vc_column width=\u00bb1\/1&#8243;][vc_separator sep_color=\u00bbcolor-jevc\u00bb uncode_shortcode_id=\u00bb102172&#8243; sep_color_type=\u00bbuncode-palette\u00bb][vc_custom_heading heading_semantic=\u00bbh5&#8243; text_font=\u00bbfont-555555&#8243; text_size=\u00bbh4&#8243; uncode_shortcode_id=\u00bb207755&#8243;]<span style=\"font-weight: 400;\">Este concierto de clausura del PROTO-FEST 2025 propone un viaje sonoro que re\u00fane, yuxtapone y contrasta<strong> canciones de ra\u00edces diversas, como el tango y el folclore del Ebro<\/strong>, una combinaci\u00f3n que permite explorar las conexiones y diferencias entre dos mundos distantes, resaltando la riqueza y vitalidad de la m\u00fasica popular. Dos riberas es el t\u00edtulo de un concierto en el que actuar\u00e1n el <strong>Ensemble Tango<\/strong> \u2014formado por el alumnado de la masterclass impartida por <strong>Marcelo Mercadante<\/strong>\u2014 y el <strong>Quinteto Assut<\/strong>.<\/span>[\/vc_custom_heading][vc_separator sep_color=\u00bbcolor-jevc\u00bb uncode_shortcode_id=\u00bb102172&#8243; sep_color_type=\u00bbuncode-palette\u00bb][vc_column_text text_lead=\u00bbyes\u00bb text_color=\u00bbcolor-jevc\u00bb uncode_shortcode_id=\u00bb603995&#8243; text_color_type=\u00bbuncode-palette\u00bb]<span style=\"color: #000000;\"><strong>INT\u00c9RPRETES<\/strong><\/span><\/p>\n<p><span style=\"font-weight: 400;\">El Quinteto Assut, integrado por Cec\u00edlia Aym\u00ed (soprano), J. Ricardo Forner (clarinetes), David Matheu (viola), Marcelo Mercadante (bandone\u00f3n) e In\u00e9s Reguero (piano), fusiona m\u00fasica cl\u00e1sica, tango y m\u00fasica popular, creando un lenguaje propio que rompe fronteras estil\u00edsticas. Aportan arreglos originales e interpretaciones llenas de matices que reflejan su versatilidad y compromiso con nuevas formas de expresi\u00f3n musical. Su m\u00fasica es un espacio de encuentro entre tradici\u00f3n y modernidad, entre memoria colectiva y creatividad contempor\u00e1nea. El ecl\u00e9ctico programa Dos riberas re\u00fane y contrasta canciones que van desde temas rurales \u2014especialmente del Ebro\u2014 hasta composiciones urbanas. Del R\u00edo de la Plata al Ebro, ida y vuelta, melod\u00eda arriba, melod\u00eda abajo<\/span><span style=\"font-family: -apple-system, BlinkMacSystemFont, 'Segoe UI', Roboto, Oxygen-Sans, Ubuntu, Cantarell, 'Helvetica Neue', sans-serif;\">.<\/span><\/p>\n<p>&nbsp;<\/p>\n<p><span style=\"font-weight: 400;\"><strong>Marcelo Mercadante<\/strong>, bandoneonista y compositor, estudi\u00f3 bandone\u00f3n con los Maestros Rodolfo Mederos, Daniel Binelli, Nestor Marconi y Julio Pane en Buenos Aires. Ya instalado en Europa, continu\u00f3 sus estudios en el Conservatorio de Gennevilliers de Par\u00eds con el Maestro Juan Jos\u00e9 Mosalini. Tambi\u00e9n curs\u00f3 estudios de armon\u00eda, contrapunto y composici\u00f3n con los Maestros Alejandro Civilotti, Daniel Montes y Karst De Jong. Fundador de numerosos proyectos en Barcelona, destacan el Tr\u00edo Argentino de Tango, el Marcelo Mercadante Quinteto y el Sexteto. Ha publicado doce discos propios.<\/span><span style=\"font-family: -apple-system, BlinkMacSystemFont, 'Segoe UI', Roboto, Oxygen-Sans, Ubuntu, Cantarell, 'Helvetica Neue', sans-serif;\">.<\/span>[\/vc_column_text][\/vc_column][\/vc_row]<\/p>\n","protected":false},"excerpt":{"rendered":"<p>[vc_row row_height_percent=\u00bb0&#8243; back_color=\u00bbcolor-jevc\u00bb overlay_alpha=\u00bb50&#8243; gutter_size=\u00bb3&#8243; column_width_percent=\u00bb100&#8243; shift_y=\u00bb0&#8243; z_index=\u00bb0&#8243; uncode_shortcode_id=\u00bb181188&#8243; back_color_type=\u00bbuncode-palette\u00bb][vc_column width=\u00bb1\/1&#8243;][vc_custom_heading text_color=\u00bbcolor-jevc\u00bb heading_semantic=\u00bbh1&#8243; text_font=\u00bbfont-555555&#8243; text_size=\u00bbh1&#8243; uncode_shortcode_id=\u00bb198005&#8243; text_color_type=\u00bbuncode-palette\u00bb]DOS RIBERAS[\/vc_custom_heading][vc_custom_heading text_color=\u00bbcolor-jevc\u00bb heading_semantic=\u00bbh1&#8243; [&hellip;]<\/p>\n","protected":false},"author":1,"featured_media":0,"parent":0,"menu_order":0,"comment_status":"closed","ping_status":"closed","template":"","meta":{"_monsterinsights_skip_tracking":false,"_monsterinsights_sitenote_active":false,"_monsterinsights_sitenote_note":"","_monsterinsights_sitenote_category":0,"footnotes":""},"yoast_head":"<!-- This site is optimized with the Yoast SEO plugin v21.3 - https:\/\/yoast.com\/wordpress\/plugins\/seo\/ -->\n<title>CONCIERTO DE CIERRE: DOS RIBERAS. - Proto-fest<\/title>\n<meta name=\"description\" content=\"Amb l&#039;alumnat d&#039;Ensemble Tango de Marcelo Mercadante i el Quintet Assut al Proto-fest 5, Festival de M\u00fasica de Tortosa.\" \/>\n<meta name=\"robots\" content=\"index, follow, max-snippet:-1, max-image-preview:large, max-video-preview:-1\" \/>\n<link rel=\"canonical\" href=\"https:\/\/proto-fest.com\/es\/concert-cloenda-dues-riberes\/\" \/>\n<meta property=\"og:locale\" content=\"es_ES\" \/>\n<meta property=\"og:type\" content=\"article\" \/>\n<meta property=\"og:title\" content=\"CONCERT DE CLOENDA: DUES RIBERES.\" \/>\n<meta property=\"og:description\" content=\"Amb l&#039;alumnat d&#039;Ensemble Tango de Marcelo Mercadante i el Quintet Assut al Proto-fest 5, Festival de M\u00fasica de Tortosa.\" \/>\n<meta property=\"og:url\" content=\"https:\/\/proto-fest.com\/es\/concert-cloenda-dues-riberes\/\" \/>\n<meta property=\"og:site_name\" content=\"Proto-fest\" \/>\n<meta property=\"article:modified_time\" content=\"2025-07-22T16:41:23+00:00\" \/>\n<meta property=\"og:image\" content=\"https:\/\/proto-fest.com\/wp-content\/uploads\/2025\/05\/logo_proto5_social-01.png\" \/>\n\t<meta property=\"og:image:width\" content=\"200\" \/>\n\t<meta property=\"og:image:height\" content=\"200\" \/>\n\t<meta property=\"og:image:type\" content=\"image\/png\" \/>\n<meta name=\"twitter:card\" content=\"summary_large_image\" \/>\n<meta name=\"twitter:title\" content=\"CONCERT DE CLOENDA: DUES RIBERES.\" \/>\n<meta name=\"twitter:description\" content=\"Amb l&#039;alumnat d&#039;Ensemble Tango de Marcelo Mercadante i el Quintet Assut al Proto-fest 5, Festival de M\u00fasica de Tortosa.\" \/>\n<meta name=\"twitter:image\" content=\"https:\/\/proto-fest.com\/wp-content\/uploads\/2025\/05\/logo_proto5_social-01.png\" \/>\n<meta name=\"twitter:label1\" content=\"Tiempo de lectura\" \/>\n\t<meta name=\"twitter:data1\" content=\"3 minutos\" \/>\n<script type=\"application\/ld+json\" class=\"yoast-schema-graph\">{\"@context\":\"https:\/\/schema.org\",\"@graph\":[{\"@type\":\"WebPage\",\"@id\":\"https:\/\/proto-fest.com\/es\/concert-cloenda-dues-riberes\/\",\"url\":\"https:\/\/proto-fest.com\/es\/concert-cloenda-dues-riberes\/\",\"name\":\"CONCIERTO DE CIERRE: DOS RIBERAS. - Proto-fest\",\"isPartOf\":{\"@id\":\"https:\/\/proto-fest.com\/es\/#website\"},\"datePublished\":\"2025-06-22T06:36:38+00:00\",\"dateModified\":\"2025-07-22T16:41:23+00:00\",\"description\":\"Amb l'alumnat d'Ensemble Tango de Marcelo Mercadante i el Quintet Assut al Proto-fest 5, Festival de M\u00fasica de Tortosa.\",\"breadcrumb\":{\"@id\":\"https:\/\/proto-fest.com\/es\/concert-cloenda-dues-riberes\/#breadcrumb\"},\"inLanguage\":\"es\",\"potentialAction\":[{\"@type\":\"ReadAction\",\"target\":[\"https:\/\/proto-fest.com\/es\/concert-cloenda-dues-riberes\/\"]}]},{\"@type\":\"BreadcrumbList\",\"@id\":\"https:\/\/proto-fest.com\/es\/concert-cloenda-dues-riberes\/#breadcrumb\",\"itemListElement\":[{\"@type\":\"ListItem\",\"position\":1,\"name\":\"Home\",\"item\":\"https:\/\/proto-fest.com\/es\/\"},{\"@type\":\"ListItem\",\"position\":2,\"name\":\"CONCIERTO DE CIERRE: DOS RIBERAS.\"}]},{\"@type\":\"WebSite\",\"@id\":\"https:\/\/proto-fest.com\/es\/#website\",\"url\":\"https:\/\/proto-fest.com\/es\/\",\"name\":\"Proto-fest\",\"description\":\"Festival de m\u00fasica Tortosa\",\"publisher\":{\"@id\":\"https:\/\/proto-fest.com\/es\/#organization\"},\"potentialAction\":[{\"@type\":\"SearchAction\",\"target\":{\"@type\":\"EntryPoint\",\"urlTemplate\":\"https:\/\/proto-fest.com\/es\/?s={search_term_string}\"},\"query-input\":\"required name=search_term_string\"}],\"inLanguage\":\"es\"},{\"@type\":\"Organization\",\"@id\":\"https:\/\/proto-fest.com\/es\/#organization\",\"name\":\"Proto-fest\",\"url\":\"https:\/\/proto-fest.com\/es\/\",\"logo\":{\"@type\":\"ImageObject\",\"inLanguage\":\"es\",\"@id\":\"https:\/\/proto-fest.com\/es\/#\/schema\/logo\/image\/\",\"url\":\"https:\/\/proto-fest.com\/wp-content\/uploads\/2026\/04\/cropped-cropped-logo_proto6_header-01-1-1.png\",\"contentUrl\":\"https:\/\/proto-fest.com\/wp-content\/uploads\/2026\/04\/cropped-cropped-logo_proto6_header-01-1-1.png\",\"width\":323,\"height\":143,\"caption\":\"Proto-fest\"},\"image\":{\"@id\":\"https:\/\/proto-fest.com\/es\/#\/schema\/logo\/image\/\"}}]}<\/script>\n<!-- \/ Yoast SEO plugin. -->","yoast_head_json":{"title":"CONCIERTO DE CIERRE: DOS RIBERAS. - Proto-fest","description":"Amb l'alumnat d'Ensemble Tango de Marcelo Mercadante i el Quintet Assut al Proto-fest 5, Festival de M\u00fasica de Tortosa.","robots":{"index":"index","follow":"follow","max-snippet":"max-snippet:-1","max-image-preview":"max-image-preview:large","max-video-preview":"max-video-preview:-1"},"canonical":"https:\/\/proto-fest.com\/es\/concert-cloenda-dues-riberes\/","og_locale":"es_ES","og_type":"article","og_title":"CONCERT DE CLOENDA: DUES RIBERES.","og_description":"Amb l'alumnat d'Ensemble Tango de Marcelo Mercadante i el Quintet Assut al Proto-fest 5, Festival de M\u00fasica de Tortosa.","og_url":"https:\/\/proto-fest.com\/es\/concert-cloenda-dues-riberes\/","og_site_name":"Proto-fest","article_modified_time":"2025-07-22T16:41:23+00:00","og_image":[{"width":200,"height":200,"url":"https:\/\/proto-fest.com\/wp-content\/uploads\/2025\/05\/logo_proto5_social-01.png","type":"image\/png"}],"twitter_card":"summary_large_image","twitter_title":"CONCERT DE CLOENDA: DUES RIBERES.","twitter_description":"Amb l'alumnat d'Ensemble Tango de Marcelo Mercadante i el Quintet Assut al Proto-fest 5, Festival de M\u00fasica de Tortosa.","twitter_image":"https:\/\/proto-fest.com\/wp-content\/uploads\/2025\/05\/logo_proto5_social-01.png","twitter_misc":{"Tiempo de lectura":"3 minutos"},"schema":{"@context":"https:\/\/schema.org","@graph":[{"@type":"WebPage","@id":"https:\/\/proto-fest.com\/es\/concert-cloenda-dues-riberes\/","url":"https:\/\/proto-fest.com\/es\/concert-cloenda-dues-riberes\/","name":"CONCIERTO DE CIERRE: DOS RIBERAS. - Proto-fest","isPartOf":{"@id":"https:\/\/proto-fest.com\/es\/#website"},"datePublished":"2025-06-22T06:36:38+00:00","dateModified":"2025-07-22T16:41:23+00:00","description":"Amb l'alumnat d'Ensemble Tango de Marcelo Mercadante i el Quintet Assut al Proto-fest 5, Festival de M\u00fasica de Tortosa.","breadcrumb":{"@id":"https:\/\/proto-fest.com\/es\/concert-cloenda-dues-riberes\/#breadcrumb"},"inLanguage":"es","potentialAction":[{"@type":"ReadAction","target":["https:\/\/proto-fest.com\/es\/concert-cloenda-dues-riberes\/"]}]},{"@type":"BreadcrumbList","@id":"https:\/\/proto-fest.com\/es\/concert-cloenda-dues-riberes\/#breadcrumb","itemListElement":[{"@type":"ListItem","position":1,"name":"Home","item":"https:\/\/proto-fest.com\/es\/"},{"@type":"ListItem","position":2,"name":"CONCIERTO DE CIERRE: DOS RIBERAS."}]},{"@type":"WebSite","@id":"https:\/\/proto-fest.com\/es\/#website","url":"https:\/\/proto-fest.com\/es\/","name":"Proto-fest","description":"Festival de m\u00fasica Tortosa","publisher":{"@id":"https:\/\/proto-fest.com\/es\/#organization"},"potentialAction":[{"@type":"SearchAction","target":{"@type":"EntryPoint","urlTemplate":"https:\/\/proto-fest.com\/es\/?s={search_term_string}"},"query-input":"required name=search_term_string"}],"inLanguage":"es"},{"@type":"Organization","@id":"https:\/\/proto-fest.com\/es\/#organization","name":"Proto-fest","url":"https:\/\/proto-fest.com\/es\/","logo":{"@type":"ImageObject","inLanguage":"es","@id":"https:\/\/proto-fest.com\/es\/#\/schema\/logo\/image\/","url":"https:\/\/proto-fest.com\/wp-content\/uploads\/2026\/04\/cropped-cropped-logo_proto6_header-01-1-1.png","contentUrl":"https:\/\/proto-fest.com\/wp-content\/uploads\/2026\/04\/cropped-cropped-logo_proto6_header-01-1-1.png","width":323,"height":143,"caption":"Proto-fest"},"image":{"@id":"https:\/\/proto-fest.com\/es\/#\/schema\/logo\/image\/"}}]}},"_links":{"self":[{"href":"https:\/\/proto-fest.com\/es\/wp-json\/wp\/v2\/pages\/59842"}],"collection":[{"href":"https:\/\/proto-fest.com\/es\/wp-json\/wp\/v2\/pages"}],"about":[{"href":"https:\/\/proto-fest.com\/es\/wp-json\/wp\/v2\/types\/page"}],"author":[{"embeddable":true,"href":"https:\/\/proto-fest.com\/es\/wp-json\/wp\/v2\/users\/1"}],"replies":[{"embeddable":true,"href":"https:\/\/proto-fest.com\/es\/wp-json\/wp\/v2\/comments?post=59842"}],"version-history":[{"count":2,"href":"https:\/\/proto-fest.com\/es\/wp-json\/wp\/v2\/pages\/59842\/revisions"}],"predecessor-version":[{"id":59844,"href":"https:\/\/proto-fest.com\/es\/wp-json\/wp\/v2\/pages\/59842\/revisions\/59844"}],"wp:attachment":[{"href":"https:\/\/proto-fest.com\/es\/wp-json\/wp\/v2\/media?parent=59842"}],"curies":[{"name":"wp","href":"https:\/\/api.w.org\/{rel}","templated":true}]}}