{"id":59851,"date":"2025-06-22T08:03:32","date_gmt":"2025-06-22T06:03:32","guid":{"rendered":"https:\/\/proto-fest.com\/concert-dotze-cordes-una-fusta\/"},"modified":"2025-07-22T19:17:30","modified_gmt":"2025-07-22T17:17:30","slug":"concert-dotze-cordes-una-fusta","status":"publish","type":"page","link":"https:\/\/proto-fest.com\/es\/concert-dotze-cordes-una-fusta\/","title":{"rendered":"CONCERT: DOTZE CORDES, UNA FUSTA."},"content":{"rendered":"<p>[vc_row row_height_percent=\u00bb0&#8243; back_color=\u00bbcolor-jevc\u00bb overlay_alpha=\u00bb50&#8243; gutter_size=\u00bb3&#8243; column_width_percent=\u00bb100&#8243; shift_y=\u00bb0&#8243; z_index=\u00bb0&#8243; uncode_shortcode_id=\u00bb181188&#8243; back_color_type=\u00bbuncode-palette\u00bb][vc_column width=\u00bb1\/1&#8243;][vc_custom_heading text_color=\u00bbcolor-jevc\u00bb heading_semantic=\u00bbh1&#8243; text_font=\u00bbfont-555555&#8243; text_size=\u00bbh1&#8243; uncode_shortcode_id=\u00bb143127&#8243; text_color_type=\u00bbuncode-palette\u00bb]<span class=\"font-555555\" style=\"font-weight: 400; color: #ffffff;\"><span style=\"font-weight: 400;\">DOCE CUERDAS, UNA MADERA<\/span><\/span>[\/vc_custom_heading][vc_custom_heading text_color=\u00bbcolor-jevc\u00bb heading_semantic=\u00bbh1&#8243; text_font=\u00bbfont-813966&#8243; text_size=\u00bbfontsize-828701&#8243; uncode_shortcode_id=\u00bb192320&#8243; text_color_type=\u00bbuncode-palette\u00bb]<\/p>\n<h2><span class=\"font-187764 font-102516 font-813966\" style=\"font-weight: 400; color: #ffffff;\"><span style=\"font-weight: 400;\">Erdesz Viola Trio formado por Rivka Golani, Yohei Nakajima y Gabor Somfai<\/span><\/span><\/h2>\n<p>[\/vc_custom_heading][\/vc_column][\/vc_row][vc_row unlock_row=\u00bb\u00bb row_height_percent=\u00bb0&#8243; back_color=\u00bbcolor-xsdn\u00bb overlay_alpha=\u00bb50&#8243; gutter_size=\u00bb3&#8243; column_width_percent=\u00bb100&#8243; shift_y=\u00bb0&#8243; z_index=\u00bb0&#8243; inverted_device_order=\u00bbyes\u00bb uncode_shortcode_id=\u00bb188268&#8243; back_color_type=\u00bbuncode-palette\u00bb][vc_column column_width_percent=\u00bb100&#8243; position_vertical=\u00bbmiddle\u00bb gutter_size=\u00bb1&#8243; style=\u00bbdark\u00bb overlay_alpha=\u00bb50&#8243; shift_x=\u00bb0&#8243; shift_y=\u00bb0&#8243; shift_y_down=\u00bb0&#8243; z_index=\u00bb0&#8243; medium_width=\u00bb0&#8243; mobile_width=\u00bb0&#8243; width=\u00bb1\/2&#8243; uncode_shortcode_id=\u00bb107810&#8243;][vc_custom_heading text_font=\u00bbfont-105735&#8243; text_size=\u00bbh4&#8243; uncode_shortcode_id=\u00bb563619&#8243;]<span style=\"color: #000000;\">S\u00e1bado, 2 de agosto,<\/span><br \/>\n<span style=\"color: #000000;\">a las 12.30 h<br \/>\n<\/span>[\/vc_custom_heading][vc_empty_space empty_h=\u00bb0&#8243;][vc_custom_heading heading_semantic=\u00bbh5&#8243; text_font=\u00bbfont-555555&#8243; text_size=\u00bbh4&#8243; uncode_shortcode_id=\u00bb153298&#8243;]<span style=\"color: #000000;\">Iglesia de la Pur\u00edssima<\/span>[\/vc_custom_heading][vc_custom_heading heading_semantic=\u00bbh3&#8243; text_font=\u00bbfont-942005&#8243; text_size=\u00bbh5&#8243; text_weight=\u00bb400&#8243; uncode_shortcode_id=\u00bb127425&#8243;]<span style=\"color: #000000;\"><a style=\"color: #000000;\" href=\"https:\/\/maps.app.goo.gl\/RkHm6vRnFK257U3o8\" target=\"_blank\" rel=\"noopener\">Ver ubicaci\u00f3n<\/a><\/span>[\/vc_custom_heading][vc_empty_space empty_h=\u00bb0&#8243;][vc_custom_heading heading_semantic=\u00bbh5&#8243; text_font=\u00bbfont-555555&#8243; text_size=\u00bbh5&#8243; uncode_shortcode_id=\u00bb309440&#8243;]<span style=\"color: #000000;\">Entrada: 6\u20ac<\/span>[\/vc_custom_heading][vc_empty_space empty_h=\u00bb0&#8243;][vc_button size=\u00bbbtn-xl\u00bb border_width=\u00bb0&#8243; button_color_type=\u00bbuncode-solid\u00bb button_color_solid=\u00bb#ffdc00&#8243; uncode_shortcode_id=\u00bb206758&#8243; el_class=\u00bbbutonins\u00bb link=\u00bburl:https%3A%2F%2Febreticket.cat%2Fesdeveniments%2Fdotze-cordes-una-fusta-2-8-25%2F|title:Dotze%20cordes%20i%20una%20fusta\u00bb]COMPRA LA ENTRADA[\/vc_button][\/vc_column][vc_column width=\u00bb1\/2&#8243;][vc_single_image media=\u00bb59449&#8243; media_width_percent=\u00bb100&#8243; uncode_shortcode_id=\u00bb167735&#8243;][\/vc_column][\/vc_row][vc_row][vc_column width=\u00bb1\/1&#8243;][vc_separator sep_color=\u00bbcolor-jevc\u00bb uncode_shortcode_id=\u00bb102172&#8243; sep_color_type=\u00bbuncode-palette\u00bb][vc_custom_heading heading_semantic=\u00bbh5&#8243; text_font=\u00bbfont-555555&#8243; text_size=\u00bbh4&#8243; uncode_shortcode_id=\u00bb109514&#8243;]<span style=\"font-weight: 400;\">El <strong>Erdesz Viola Trio,<\/strong> bajo la direcci\u00f3n de la reconocida solista Rivka Golani, presentar\u00e1 un atractivo programa de obras originales y arreglos. Interpretaciones \u00fanicas que exploran las texturas homog\u00e9neas de la familia de la viola, destacando su riqueza t\u00edmbrica y expresividad interior. Los instrumentos Erdesz est\u00e1n dise\u00f1ados para combinar profundidad sonora con agudos n\u00edtidos, ideales para exploraciones musicales contempor\u00e1neas.<\/span>[\/vc_custom_heading][vc_separator sep_color=\u00bbcolor-jevc\u00bb uncode_shortcode_id=\u00bb102172&#8243; sep_color_type=\u00bbuncode-palette\u00bb][vc_column_text text_lead=\u00bbyes\u00bb text_color=\u00bbcolor-jevc\u00bb uncode_shortcode_id=\u00bb758654&#8243; text_color_type=\u00bbuncode-palette\u00bb]<span style=\"color: #000000;\"><strong>INT\u00c9RPRETES<\/strong><\/span><\/p>\n<p><span style=\"font-weight: 400;\">Erdesz Viola Trio. Formado exclusivamente por violas, se trata de una formaci\u00f3n poco frecuente en los escenarios. Proto-fest 2025 presenta una experiencia ins\u00f3lita, con el atractivo a\u00f1adido de un repertorio que ser\u00e1 interpretado exclusivamente con instrumentos elaborados por el prestigioso lutier de origen h\u00fangaro Otto Erdesz. El tr\u00edo debut\u00f3 en Londres en febrero de 2024 en un Concierto por la Paz y estren\u00f3 mundialmente Agnus Dei, una obra escrita expresamente por el compositor israel\u00ed Oded Zehavi<\/span><span style=\"font-family: -apple-system, BlinkMacSystemFont, 'Segoe UI', Roboto, Oxygen-Sans, Ubuntu, Cantarell, 'Helvetica Neue', sans-serif;\">.<\/span><\/p>\n<p>&nbsp;<\/p>\n<p><span style=\"color: #000000;\"><strong>DIRECCI\u00d3N<\/strong><\/span><\/p>\n<p><span style=\"font-weight: 400;\">Rivka Golani es una de las violistas m\u00e1s destacadas de los siglos XX y XXI. Ha actuado como solista con orquestas como la Filarm\u00f3nica de Israel, la Sinf\u00f3nica de la BBC, la Royal Concertgebouw o la Sinf\u00f3nica de Boston. Como pedagoga, ha formado violistas en Trinity Laban de Londres, la Royal Academy y la Universidad de Toronto. Ha dirigido festivales como Fort MacLeod y SOWECA, y ha colaborado con la comunidad Blackfoot de Canad\u00e1 en proyectos musicales y culturales. Ha recibido numerosos galardones: Ambassador of Canadian Music (2009), Musician of the Year en Hungr\u00eda (2011), el Eagle Feather de los Blackfoot (2011), un Doctorado Honoris Causa por la Universidad de Lethbridge (2013) y reconocimientos discogr\u00e1ficos en Hungr\u00eda<\/span><span style=\"font-family: -apple-system, BlinkMacSystemFont, 'Segoe UI', Roboto, Oxygen-Sans, Ubuntu, Cantarell, 'Helvetica Neue', sans-serif;\">.<\/span>[\/vc_column_text][\/vc_column][\/vc_row]<\/p>\n","protected":false},"excerpt":{"rendered":"<p>[vc_row row_height_percent=\u00bb0&#8243; back_color=\u00bbcolor-jevc\u00bb overlay_alpha=\u00bb50&#8243; gutter_size=\u00bb3&#8243; column_width_percent=\u00bb100&#8243; shift_y=\u00bb0&#8243; z_index=\u00bb0&#8243; uncode_shortcode_id=\u00bb181188&#8243; back_color_type=\u00bbuncode-palette\u00bb][vc_column width=\u00bb1\/1&#8243;][vc_custom_heading text_color=\u00bbcolor-jevc\u00bb heading_semantic=\u00bbh1&#8243; text_font=\u00bbfont-555555&#8243; text_size=\u00bbh1&#8243; uncode_shortcode_id=\u00bb143127&#8243; text_color_type=\u00bbuncode-palette\u00bb]DOCE CUERDAS, UNA MADERA[\/vc_custom_heading][vc_custom_heading [&hellip;]<\/p>\n","protected":false},"author":1,"featured_media":0,"parent":0,"menu_order":0,"comment_status":"closed","ping_status":"closed","template":"","meta":{"_monsterinsights_skip_tracking":false,"_monsterinsights_sitenote_active":false,"_monsterinsights_sitenote_note":"","_monsterinsights_sitenote_category":0,"footnotes":""},"yoast_head":"<!-- This site is optimized with the Yoast SEO plugin v21.3 - https:\/\/yoast.com\/wordpress\/plugins\/seo\/ -->\n<title>CONCERT: DOTZE CORDES, UNA FUSTA. - Proto-fest<\/title>\n<meta name=\"description\" content=\"A c\u00e0rrec de l&#039;Erdesz Viola Trio amb direcci\u00f3 de Rivka Golani al Proto-fest 5, Festival de M\u00fasica de Tortosa.\" \/>\n<meta name=\"robots\" content=\"index, follow, max-snippet:-1, max-image-preview:large, max-video-preview:-1\" \/>\n<link rel=\"canonical\" href=\"https:\/\/proto-fest.com\/es\/concert-dotze-cordes-una-fusta\/\" \/>\n<meta property=\"og:locale\" content=\"es_ES\" \/>\n<meta property=\"og:type\" content=\"article\" \/>\n<meta property=\"og:title\" content=\"CONCERT: DOTZE CORDES, UNA FUSTA.\" \/>\n<meta property=\"og:description\" content=\"A c\u00e0rrec de l&#039;Erdesz Viola Trio amb direcci\u00f3 de Rivka Golani al Proto-fest 5, Festival de M\u00fasica de Tortosa.\" \/>\n<meta property=\"og:url\" content=\"https:\/\/proto-fest.com\/es\/concert-dotze-cordes-una-fusta\/\" \/>\n<meta property=\"og:site_name\" content=\"Proto-fest\" \/>\n<meta property=\"article:modified_time\" content=\"2025-07-22T17:17:30+00:00\" \/>\n<meta property=\"og:image\" content=\"https:\/\/proto-fest.com\/wp-content\/uploads\/2025\/05\/logo_proto5_social-01.png\" \/>\n\t<meta property=\"og:image:width\" content=\"200\" \/>\n\t<meta property=\"og:image:height\" content=\"200\" \/>\n\t<meta property=\"og:image:type\" content=\"image\/png\" \/>\n<meta name=\"twitter:card\" content=\"summary_large_image\" \/>\n<meta name=\"twitter:title\" content=\"CONCERT: DOTZE CORDES, UNA FUSTA.\" \/>\n<meta name=\"twitter:description\" content=\"A c\u00e0rrec de l&#039;Erdesz Viola Trio amb direcci\u00f3 de Rivka Golani al Proto-fest 5, Festival de M\u00fasica de Tortosa.\" \/>\n<meta name=\"twitter:image\" content=\"https:\/\/proto-fest.com\/wp-content\/uploads\/2025\/05\/logo_proto5_social-01.png\" \/>\n<meta name=\"twitter:label1\" content=\"Tiempo de lectura\" \/>\n\t<meta name=\"twitter:data1\" content=\"3 minutos\" \/>\n<script type=\"application\/ld+json\" class=\"yoast-schema-graph\">{\"@context\":\"https:\/\/schema.org\",\"@graph\":[{\"@type\":\"WebPage\",\"@id\":\"https:\/\/proto-fest.com\/es\/concert-dotze-cordes-una-fusta\/\",\"url\":\"https:\/\/proto-fest.com\/es\/concert-dotze-cordes-una-fusta\/\",\"name\":\"CONCERT: DOTZE CORDES, UNA FUSTA. - Proto-fest\",\"isPartOf\":{\"@id\":\"https:\/\/proto-fest.com\/es\/#website\"},\"datePublished\":\"2025-06-22T06:03:32+00:00\",\"dateModified\":\"2025-07-22T17:17:30+00:00\",\"description\":\"A c\u00e0rrec de l'Erdesz Viola Trio amb direcci\u00f3 de Rivka Golani al Proto-fest 5, Festival de M\u00fasica de Tortosa.\",\"breadcrumb\":{\"@id\":\"https:\/\/proto-fest.com\/es\/concert-dotze-cordes-una-fusta\/#breadcrumb\"},\"inLanguage\":\"es\",\"potentialAction\":[{\"@type\":\"ReadAction\",\"target\":[\"https:\/\/proto-fest.com\/es\/concert-dotze-cordes-una-fusta\/\"]}]},{\"@type\":\"BreadcrumbList\",\"@id\":\"https:\/\/proto-fest.com\/es\/concert-dotze-cordes-una-fusta\/#breadcrumb\",\"itemListElement\":[{\"@type\":\"ListItem\",\"position\":1,\"name\":\"Home\",\"item\":\"https:\/\/proto-fest.com\/es\/\"},{\"@type\":\"ListItem\",\"position\":2,\"name\":\"CONCERT: DOTZE CORDES, UNA FUSTA.\"}]},{\"@type\":\"WebSite\",\"@id\":\"https:\/\/proto-fest.com\/es\/#website\",\"url\":\"https:\/\/proto-fest.com\/es\/\",\"name\":\"Proto-fest\",\"description\":\"Festival de m\u00fasica Tortosa\",\"publisher\":{\"@id\":\"https:\/\/proto-fest.com\/es\/#organization\"},\"potentialAction\":[{\"@type\":\"SearchAction\",\"target\":{\"@type\":\"EntryPoint\",\"urlTemplate\":\"https:\/\/proto-fest.com\/es\/?s={search_term_string}\"},\"query-input\":\"required name=search_term_string\"}],\"inLanguage\":\"es\"},{\"@type\":\"Organization\",\"@id\":\"https:\/\/proto-fest.com\/es\/#organization\",\"name\":\"Proto-fest\",\"url\":\"https:\/\/proto-fest.com\/es\/\",\"logo\":{\"@type\":\"ImageObject\",\"inLanguage\":\"es\",\"@id\":\"https:\/\/proto-fest.com\/es\/#\/schema\/logo\/image\/\",\"url\":\"https:\/\/proto-fest.com\/wp-content\/uploads\/2026\/04\/cropped-cropped-logo_proto6_header-01-1-1.png\",\"contentUrl\":\"https:\/\/proto-fest.com\/wp-content\/uploads\/2026\/04\/cropped-cropped-logo_proto6_header-01-1-1.png\",\"width\":323,\"height\":143,\"caption\":\"Proto-fest\"},\"image\":{\"@id\":\"https:\/\/proto-fest.com\/es\/#\/schema\/logo\/image\/\"}}]}<\/script>\n<!-- \/ Yoast SEO plugin. -->","yoast_head_json":{"title":"CONCERT: DOTZE CORDES, UNA FUSTA. - Proto-fest","description":"A c\u00e0rrec de l'Erdesz Viola Trio amb direcci\u00f3 de Rivka Golani al Proto-fest 5, Festival de M\u00fasica de Tortosa.","robots":{"index":"index","follow":"follow","max-snippet":"max-snippet:-1","max-image-preview":"max-image-preview:large","max-video-preview":"max-video-preview:-1"},"canonical":"https:\/\/proto-fest.com\/es\/concert-dotze-cordes-una-fusta\/","og_locale":"es_ES","og_type":"article","og_title":"CONCERT: DOTZE CORDES, UNA FUSTA.","og_description":"A c\u00e0rrec de l'Erdesz Viola Trio amb direcci\u00f3 de Rivka Golani al Proto-fest 5, Festival de M\u00fasica de Tortosa.","og_url":"https:\/\/proto-fest.com\/es\/concert-dotze-cordes-una-fusta\/","og_site_name":"Proto-fest","article_modified_time":"2025-07-22T17:17:30+00:00","og_image":[{"width":200,"height":200,"url":"https:\/\/proto-fest.com\/wp-content\/uploads\/2025\/05\/logo_proto5_social-01.png","type":"image\/png"}],"twitter_card":"summary_large_image","twitter_title":"CONCERT: DOTZE CORDES, UNA FUSTA.","twitter_description":"A c\u00e0rrec de l'Erdesz Viola Trio amb direcci\u00f3 de Rivka Golani al Proto-fest 5, Festival de M\u00fasica de Tortosa.","twitter_image":"https:\/\/proto-fest.com\/wp-content\/uploads\/2025\/05\/logo_proto5_social-01.png","twitter_misc":{"Tiempo de lectura":"3 minutos"},"schema":{"@context":"https:\/\/schema.org","@graph":[{"@type":"WebPage","@id":"https:\/\/proto-fest.com\/es\/concert-dotze-cordes-una-fusta\/","url":"https:\/\/proto-fest.com\/es\/concert-dotze-cordes-una-fusta\/","name":"CONCERT: DOTZE CORDES, UNA FUSTA. - Proto-fest","isPartOf":{"@id":"https:\/\/proto-fest.com\/es\/#website"},"datePublished":"2025-06-22T06:03:32+00:00","dateModified":"2025-07-22T17:17:30+00:00","description":"A c\u00e0rrec de l'Erdesz Viola Trio amb direcci\u00f3 de Rivka Golani al Proto-fest 5, Festival de M\u00fasica de Tortosa.","breadcrumb":{"@id":"https:\/\/proto-fest.com\/es\/concert-dotze-cordes-una-fusta\/#breadcrumb"},"inLanguage":"es","potentialAction":[{"@type":"ReadAction","target":["https:\/\/proto-fest.com\/es\/concert-dotze-cordes-una-fusta\/"]}]},{"@type":"BreadcrumbList","@id":"https:\/\/proto-fest.com\/es\/concert-dotze-cordes-una-fusta\/#breadcrumb","itemListElement":[{"@type":"ListItem","position":1,"name":"Home","item":"https:\/\/proto-fest.com\/es\/"},{"@type":"ListItem","position":2,"name":"CONCERT: DOTZE CORDES, UNA FUSTA."}]},{"@type":"WebSite","@id":"https:\/\/proto-fest.com\/es\/#website","url":"https:\/\/proto-fest.com\/es\/","name":"Proto-fest","description":"Festival de m\u00fasica Tortosa","publisher":{"@id":"https:\/\/proto-fest.com\/es\/#organization"},"potentialAction":[{"@type":"SearchAction","target":{"@type":"EntryPoint","urlTemplate":"https:\/\/proto-fest.com\/es\/?s={search_term_string}"},"query-input":"required name=search_term_string"}],"inLanguage":"es"},{"@type":"Organization","@id":"https:\/\/proto-fest.com\/es\/#organization","name":"Proto-fest","url":"https:\/\/proto-fest.com\/es\/","logo":{"@type":"ImageObject","inLanguage":"es","@id":"https:\/\/proto-fest.com\/es\/#\/schema\/logo\/image\/","url":"https:\/\/proto-fest.com\/wp-content\/uploads\/2026\/04\/cropped-cropped-logo_proto6_header-01-1-1.png","contentUrl":"https:\/\/proto-fest.com\/wp-content\/uploads\/2026\/04\/cropped-cropped-logo_proto6_header-01-1-1.png","width":323,"height":143,"caption":"Proto-fest"},"image":{"@id":"https:\/\/proto-fest.com\/es\/#\/schema\/logo\/image\/"}}]}},"_links":{"self":[{"href":"https:\/\/proto-fest.com\/es\/wp-json\/wp\/v2\/pages\/59851"}],"collection":[{"href":"https:\/\/proto-fest.com\/es\/wp-json\/wp\/v2\/pages"}],"about":[{"href":"https:\/\/proto-fest.com\/es\/wp-json\/wp\/v2\/types\/page"}],"author":[{"embeddable":true,"href":"https:\/\/proto-fest.com\/es\/wp-json\/wp\/v2\/users\/1"}],"replies":[{"embeddable":true,"href":"https:\/\/proto-fest.com\/es\/wp-json\/wp\/v2\/comments?post=59851"}],"version-history":[{"count":2,"href":"https:\/\/proto-fest.com\/es\/wp-json\/wp\/v2\/pages\/59851\/revisions"}],"predecessor-version":[{"id":59854,"href":"https:\/\/proto-fest.com\/es\/wp-json\/wp\/v2\/pages\/59851\/revisions\/59854"}],"wp:attachment":[{"href":"https:\/\/proto-fest.com\/es\/wp-json\/wp\/v2\/media?parent=59851"}],"curies":[{"name":"wp","href":"https:\/\/api.w.org\/{rel}","templated":true}]}}