{"id":59883,"date":"2025-06-21T17:50:19","date_gmt":"2025-06-21T15:50:19","guid":{"rendered":"https:\/\/proto-fest.com\/espectacle-esquerda-3-la-solitud-del-cos\/"},"modified":"2025-07-31T13:03:36","modified_gmt":"2025-07-31T11:03:36","slug":"espectacle-esquerda-3-la-solitud-del-cos","status":"publish","type":"page","link":"https:\/\/proto-fest.com\/es\/espectacle-esquerda-3-la-solitud-del-cos\/","title":{"rendered":"ESPECTACLE: ESQUERDA III &#8211; LA SOLITUD DEL COS. UNA LIT\u00daRGIA D&#8217;AIRE I OSSOS."},"content":{"rendered":"<p>[vc_row row_height_percent=\u00bb0&#8243; back_color=\u00bbcolor-jevc\u00bb overlay_alpha=\u00bb50&#8243; gutter_size=\u00bb3&#8243; column_width_percent=\u00bb100&#8243; shift_y=\u00bb0&#8243; z_index=\u00bb0&#8243; uncode_shortcode_id=\u00bb181188&#8243; back_color_type=\u00bbuncode-palette\u00bb][vc_column width=\u00bb1\/1&#8243;][vc_custom_heading text_color=\u00bbcolor-jevc\u00bb heading_semantic=\u00bbh1&#8243; text_font=\u00bbfont-555555&#8243; text_size=\u00bbh1&#8243; uncode_shortcode_id=\u00bb171313&#8243; text_color_type=\u00bbuncode-palette\u00bb]<span class=\"font-555555\" style=\"font-weight: 400; color: #ffffff;\"><span style=\"font-weight: 400;\">ESQUERDA III: LA SOLEDAD DEL CUERPO. UNA LIT\u00daRGIA DE AIRE Y HUESOS &#8211; <em>R\u00c9QUIEM DE MOZART<\/em><\/span><\/span>[\/vc_custom_heading][vc_custom_heading text_color=\u00bbcolor-jevc\u00bb heading_semantic=\u00bbh1&#8243; text_font=\u00bbfont-813966&#8243; text_size=\u00bbfontsize-828701&#8243; uncode_shortcode_id=\u00bb207514&#8243; text_color_type=\u00bbuncode-palette\u00bb]<\/p>\n<h2><span class=\"font-187764 font-102516 font-813966\" style=\"font-weight: 400; color: #ffffff;\"><span style=\"font-weight: 400;\">Alumnado de la masterclass de Coro y Orquesta<\/span><\/span><\/h2>\n<h2><span class=\"font-187764 font-102516 font-813966\" style=\"font-weight: 400; color: #ffffff;\"><span style=\"font-weight: 400;\">Solistas: Andrea Font (soprano), Georgina Reyner (mezzosoprano), Jos\u00e9 M. Monfort (tenor), Abel Nicolae (bar\u00edtono)<\/span><\/span><\/h2>\n<h2><span class=\"font-187764 font-102516 font-813966\" style=\"font-weight: 400; color: #ffffff;\"><span style=\"font-weight: 400;\">Bailarinas: Laura Iba\u00f1ez Ruiz y Luc\u00eda Moraleda P\u00e9rez<\/span><\/span><\/h2>\n<h2><span class=\"font-187764 font-102516 font-813966\" style=\"font-weight: 400; color: #ffffff;\"><span style=\"font-weight: 400;\">Actriz: Mariam Ouacif Cort\u00e9s<\/span><\/span><\/h2>\n<h2><span class=\"font-187764 font-102516 font-813966\" style=\"font-weight: 400; color: #ffffff;\"><span style=\"font-weight: 400;\">Francesc Valldecabres, director<\/span><\/span><\/h2>\n<h2><span class=\"font-187764 font-102516 font-813966\" style=\"font-weight: 400; color: #ffffff;\"><span style=\"font-weight: 400;\">Mireia Andreu i Jaume Mart\u00ednez, direcci\u00f3n esc\u00e9nica<\/span><\/span><\/h2>\n<p>[\/vc_custom_heading][\/vc_column][\/vc_row][vc_row unlock_row=\u00bb\u00bb row_height_percent=\u00bb0&#8243; back_color=\u00bbcolor-xsdn\u00bb overlay_alpha=\u00bb50&#8243; gutter_size=\u00bb3&#8243; column_width_percent=\u00bb100&#8243; shift_y=\u00bb0&#8243; z_index=\u00bb0&#8243; inverted_device_order=\u00bbyes\u00bb uncode_shortcode_id=\u00bb188268&#8243; back_color_type=\u00bbuncode-palette\u00bb][vc_column column_width_percent=\u00bb100&#8243; position_vertical=\u00bbmiddle\u00bb gutter_size=\u00bb1&#8243; style=\u00bbdark\u00bb overlay_alpha=\u00bb50&#8243; shift_x=\u00bb0&#8243; shift_y=\u00bb0&#8243; shift_y_down=\u00bb0&#8243; z_index=\u00bb0&#8243; medium_width=\u00bb0&#8243; mobile_width=\u00bb0&#8243; width=\u00bb1\/2&#8243; uncode_shortcode_id=\u00bb107810&#8243;][vc_custom_heading text_font=\u00bbfont-105735&#8243; text_size=\u00bbh4&#8243; uncode_shortcode_id=\u00bb527655&#8243;]<span style=\"color: #000000;\">Viernes, 1 de agosto,<\/span><br \/>\n<span style=\"color: #000000;\">a las 22.00 h<br \/>\n<\/span>[\/vc_custom_heading][vc_empty_space empty_h=\u00bb0&#8243;][vc_custom_heading heading_semantic=\u00bbh5&#8243; text_font=\u00bbfont-555555&#8243; text_size=\u00bbh4&#8243; uncode_shortcode_id=\u00bb200208&#8243;]<span style=\"color: #000000;\">Plaza \u00c1bside de la Catedral<\/span>[\/vc_custom_heading][vc_custom_heading heading_semantic=\u00bbh3&#8243; text_font=\u00bbfont-942005&#8243; text_size=\u00bbh5&#8243; text_weight=\u00bb400&#8243; uncode_shortcode_id=\u00bb160714&#8243;]<span style=\"color: #000000;\"><a style=\"color: #000000;\" href=\"https:\/\/maps.app.goo.gl\/NbiE4bCQM36Pm2367\" target=\"_blank\" rel=\"noopener\">Veure ubicaci\u00f3<\/a><\/span>[\/vc_custom_heading][vc_empty_space empty_h=\u00bb0&#8243;][vc_custom_heading heading_semantic=\u00bbh5&#8243; text_font=\u00bbfont-555555&#8243; text_size=\u00bbh5&#8243; uncode_shortcode_id=\u00bb607781&#8243;]<span style=\"color: #000000;\">Entrada: Gratuita.<\/span>[\/vc_custom_heading][\/vc_column][vc_column width=\u00bb1\/2&#8243;][vc_single_image media=\u00bb59444&#8243; media_width_percent=\u00bb100&#8243; uncode_shortcode_id=\u00bb138820&#8243;][\/vc_column][\/vc_row][vc_row][vc_column width=\u00bb1\/1&#8243;][vc_separator sep_color=\u00bbcolor-jevc\u00bb uncode_shortcode_id=\u00bb102172&#8243; sep_color_type=\u00bbuncode-palette\u00bb][vc_custom_heading heading_semantic=\u00bbh5&#8243; text_font=\u00bbfont-555555&#8243; text_size=\u00bbh4&#8243; uncode_shortcode_id=\u00bb180709&#8243;]<span style=\"font-weight: 400;\">Huesos que crujen como cristales bajo la piel. Sangre en los dientes. Latido de barro. <strong>El R\u00e9quiem de Mozart<\/strong>: rompe la garganta con trozos de placenta endurecida. Esquerda III es el lugar donde la carne se alza y habla: una plegaria quebrada por el \u00faltimo suspiro del cuerpo. El R\u00e9quiem de Mozart es una de sus obras m\u00e1s emblem\u00e1ticas y misteriosas. Compuesta en 1791 y dejada inacabada al morir, fue completada por su disc\u00edpulo <strong>Franz Xaver S\u00fcssmayr<\/strong>. Encargada por el conde <strong>Franz von Walsegg<\/strong>, la obra combina dramatismo y espiritualidad, con pasajes intensos como el <em>Dies irae<\/em> y momentos l\u00edricos como el <em>Lacrimosa<\/em>. Su car\u00e1cter f\u00fanebre y profundo la ha convertido en s\u00edmbolo universal del duelo y la trascendencia. Escrita en los \u00faltimos d\u00edas de vida del compositor, el R\u00e9quiem refleja la lucha entre la vida y la muerte, y es considerado un testamento musical que une el clasicismo con una emoci\u00f3n conmovedora y atemporal.<\/span>[\/vc_custom_heading][vc_separator sep_color=\u00bbcolor-jevc\u00bb uncode_shortcode_id=\u00bb102172&#8243; sep_color_type=\u00bbuncode-palette\u00bb][vc_column_text text_lead=\u00bbyes\u00bb text_color=\u00bbcolor-jevc\u00bb uncode_shortcode_id=\u00bb715916&#8243; text_color_type=\u00bbuncode-palette\u00bb]<span style=\"color: #000000;\"><strong>INT\u00c9RPRETES<\/strong><\/span><\/p>\n<p><span style=\"font-weight: 400;\">El concierto participativo de Proto-fest 2025 clausurar\u00e1 la masterclass de coro y orquesta impartida por el director Francesc Valldecabres dentro del programa formativo del festival. Esta experiencia \u00fanica reunir\u00e1 a alumnos y profesionales en un proyecto colaborativo donde m\u00fasica y escena se fusionan. La direcci\u00f3n esc\u00e9nica correr\u00e1 a cargo de Mireia Andreu, especialista en teatro y profesora reconocida, que aportar\u00e1 una visi\u00f3n dramat\u00fargica al concierto. La actuaci\u00f3n final ser\u00e1 el resultado de un proceso intensivo de trabajo art\u00edstico y pedag\u00f3gico, donde el aprendizaje y la creatividad compartida dar\u00e1n lugar a una puesta en escena innovadora, abierta al p\u00fablico y cargada de emoci\u00f3n<\/span><span style=\"font-family: -apple-system, BlinkMacSystemFont, 'Segoe UI', Roboto, Oxygen-Sans, Ubuntu, Cantarell, 'Helvetica Neue', sans-serif;\">.<\/span><\/p>\n<p>&nbsp;<\/p>\n<p><span style=\"color: #000000;\"><strong>DIRECCI\u00d3N MUSICAL<\/strong><\/span><\/p>\n<p><span style=\"font-weight: 400;\">Francesc Valldecabres estudi\u00f3 en el Conservatorio de Valencia, donde se titul\u00f3 en Direcci\u00f3n de Orquesta, Direcci\u00f3n Coral, Improvisaci\u00f3n-Acompa\u00f1amiento y Clavec\u00edn. Ampli\u00f3 su formaci\u00f3n con m\u00e1steres en Est\u00e9tica y Creatividad Musical en la Universidad de Valencia, Musicolog\u00eda en la Universidad Aut\u00f3noma de Barcelona y Direcci\u00f3n Coral en el Conservatorio de R\u00f3terdam. Ha participado en clases magistrales con maestros como F. Br\u00fcggen y A. van Beek. Ha colaborado como pianista y correpetidor con formaciones como Laurens Collegium y Turiae Camerata, y ha dirigido orquestas y coros de toda Europa. Tambi\u00e9n ha grabado una quincena de discos dedicados al patrimonio valenciano<\/span><span style=\"font-family: -apple-system, BlinkMacSystemFont, 'Segoe UI', Roboto, Oxygen-Sans, Ubuntu, Cantarell, 'Helvetica Neue', sans-serif;\">.<\/span><\/p>\n<p>&nbsp;<\/p>\n<p><span style=\"color: #000000;\"><strong>DIRECCI\u00d3N ESC\u00c9NICA<\/strong><\/span><\/p>\n<p><span style=\"font-weight: 400;\">Mireia Andreu curs\u00f3 estudios de arte dram\u00e1tico y direcci\u00f3n esc\u00e9nica en el Institut del Teatre de Barcelona. En 2001 se incorpor\u00f3 a la compa\u00f1\u00eda La Carnicer\u00eda Teatro de Rodrigo Garc\u00eda, donde asumi\u00f3 tareas de ayudante de direcci\u00f3n y producci\u00f3n en obras que giraron por teatros y festivales de toda Europa. En 2004 recibi\u00f3 el Premio UB\u00da al mejor espect\u00e1culo de producci\u00f3n contempor\u00e1nea y, en 2009, el Premio UNESCO a la mejor producci\u00f3n teatral contempor\u00e1nea. Desde 2005 desarrolla su carrera art\u00edstica en el campo de la videocreaci\u00f3n y el cine experimental. Ha creado espect\u00e1culos presentados en espacios como el MACBA, el Centre d&#8217;Art Lo Pati, el Festival de Filosof\u00eda Pensa de Barcelona y A Cel Obert de Tortosa<\/span><span style=\"font-family: -apple-system, BlinkMacSystemFont, 'Segoe UI', Roboto, Oxygen-Sans, Ubuntu, Cantarell, 'Helvetica Neue', sans-serif;\">.<\/span><\/p>\n<p>&nbsp;<\/p>\n<p><span style=\"font-weight: 400;\"><br \/>\nJaume Mart\u00ednez de Le\u00f3n es un creador visual con una trayectoria que fusiona las artes visuales y sonoras con una profunda sensibilidad art\u00edstica. Desde hace a\u00f1os, sus propuestas esc\u00e9nicas y visuales \u2014a menudo presentes en Proto~Fest\u2014 exploran la realidad contempor\u00e1nea, invitando a la reflexi\u00f3n social a trav\u00e9s de la belleza y la innovaci\u00f3n. No concibe el arte como simple entretenimiento, sino como una herramienta para cuestionar e interpretar nuestro entorno. Su trabajo se caracteriza por universos visuales y sonoros inmersivos que, sin ser did\u00e1cticos, provocan una mirada cr\u00edtica en el espectador<\/span><span style=\"font-family: -apple-system, BlinkMacSystemFont, 'Segoe UI', Roboto, Oxygen-Sans, Ubuntu, Cantarell, 'Helvetica Neue', sans-serif;\">.<\/span>[\/vc_column_text][\/vc_column][\/vc_row]<\/p>\n","protected":false},"excerpt":{"rendered":"<p>[vc_row row_height_percent=\u00bb0&#8243; back_color=\u00bbcolor-jevc\u00bb overlay_alpha=\u00bb50&#8243; gutter_size=\u00bb3&#8243; column_width_percent=\u00bb100&#8243; shift_y=\u00bb0&#8243; z_index=\u00bb0&#8243; uncode_shortcode_id=\u00bb181188&#8243; back_color_type=\u00bbuncode-palette\u00bb][vc_column width=\u00bb1\/1&#8243;][vc_custom_heading text_color=\u00bbcolor-jevc\u00bb heading_semantic=\u00bbh1&#8243; text_font=\u00bbfont-555555&#8243; text_size=\u00bbh1&#8243; uncode_shortcode_id=\u00bb171313&#8243; text_color_type=\u00bbuncode-palette\u00bb]ESQUERDA III: LA SOLEDAD [&hellip;]<\/p>\n","protected":false},"author":1,"featured_media":0,"parent":0,"menu_order":0,"comment_status":"closed","ping_status":"closed","template":"","meta":{"_monsterinsights_skip_tracking":false,"_monsterinsights_sitenote_active":false,"_monsterinsights_sitenote_note":"","_monsterinsights_sitenote_category":0,"footnotes":""},"yoast_head":"<!-- This site is optimized with the Yoast SEO plugin v21.3 - https:\/\/yoast.com\/wordpress\/plugins\/seo\/ -->\n<title>ESPECTACLE: ESQUERDA III - LA SOLITUD DEL COS. UNA LIT\u00daRGIA D&#039;AIRE I OSSOS. - Proto-fest<\/title>\n<meta name=\"description\" content=\"R\u00c8QUIEM DE MOZART. Alumnat de Cor i Orquestra, direcci\u00f3 de Francesc Valldecabres i direcci\u00f3 esc\u00e8nica de Mireia Andreu i Jaume Mart\u00ednez.\" \/>\n<meta name=\"robots\" content=\"index, follow, max-snippet:-1, max-image-preview:large, max-video-preview:-1\" \/>\n<link rel=\"canonical\" href=\"https:\/\/proto-fest.com\/es\/espectacle-esquerda-3-la-solitud-del-cos\/\" \/>\n<meta property=\"og:locale\" content=\"es_ES\" \/>\n<meta property=\"og:type\" content=\"article\" \/>\n<meta property=\"og:title\" content=\"ESPECTACLE: ESQUERDA III - LA SOLITUD DEL COS. UNA LIT\u00daRGIA D&#039;AIRE I OSSOS.\" \/>\n<meta property=\"og:description\" content=\"R\u00c8QUIEM DE MOZART. Alumnat de Cor i Orquestra, direcci\u00f3 de Francesc Valldecabres i direcci\u00f3 esc\u00e8nica de Mireia Andreu i Jaume Mart\u00ednez.\" \/>\n<meta property=\"og:url\" content=\"https:\/\/proto-fest.com\/es\/espectacle-esquerda-3-la-solitud-del-cos\/\" \/>\n<meta property=\"og:site_name\" content=\"Proto-fest\" \/>\n<meta property=\"article:modified_time\" content=\"2025-07-31T11:03:36+00:00\" \/>\n<meta property=\"og:image\" content=\"https:\/\/proto-fest.com\/wp-content\/uploads\/2025\/05\/logo_proto5_social-01.png\" \/>\n\t<meta property=\"og:image:width\" content=\"200\" \/>\n\t<meta property=\"og:image:height\" content=\"200\" \/>\n\t<meta property=\"og:image:type\" content=\"image\/png\" \/>\n<meta name=\"twitter:card\" content=\"summary_large_image\" \/>\n<meta name=\"twitter:title\" content=\"ESPECTACLE: ESQUERDA III - LA SOLITUD DEL COS. UNA LIT\u00daRGIA D&#039;AIRE I OSSOS.\" \/>\n<meta name=\"twitter:description\" content=\"R\u00c8QUIEM DE MOZART. Alumnat de Cor i Orquestra, direcci\u00f3 de Francesc Valldecabres i direcci\u00f3 esc\u00e8nica de Mireia Andreu i Jaume Mart\u00ednez.\" \/>\n<meta name=\"twitter:image\" content=\"https:\/\/proto-fest.com\/wp-content\/uploads\/2025\/05\/logo_proto5_social-01.png\" \/>\n<meta name=\"twitter:label1\" content=\"Tiempo de lectura\" \/>\n\t<meta name=\"twitter:data1\" content=\"5 minutos\" \/>\n<script type=\"application\/ld+json\" class=\"yoast-schema-graph\">{\"@context\":\"https:\/\/schema.org\",\"@graph\":[{\"@type\":\"WebPage\",\"@id\":\"https:\/\/proto-fest.com\/es\/espectacle-esquerda-3-la-solitud-del-cos\/\",\"url\":\"https:\/\/proto-fest.com\/es\/espectacle-esquerda-3-la-solitud-del-cos\/\",\"name\":\"ESPECTACLE: ESQUERDA III - LA SOLITUD DEL COS. UNA LIT\u00daRGIA D'AIRE I OSSOS. - Proto-fest\",\"isPartOf\":{\"@id\":\"https:\/\/proto-fest.com\/es\/#website\"},\"datePublished\":\"2025-06-21T15:50:19+00:00\",\"dateModified\":\"2025-07-31T11:03:36+00:00\",\"description\":\"R\u00c8QUIEM DE MOZART. Alumnat de Cor i Orquestra, direcci\u00f3 de Francesc Valldecabres i direcci\u00f3 esc\u00e8nica de Mireia Andreu i Jaume Mart\u00ednez.\",\"breadcrumb\":{\"@id\":\"https:\/\/proto-fest.com\/es\/espectacle-esquerda-3-la-solitud-del-cos\/#breadcrumb\"},\"inLanguage\":\"es\",\"potentialAction\":[{\"@type\":\"ReadAction\",\"target\":[\"https:\/\/proto-fest.com\/es\/espectacle-esquerda-3-la-solitud-del-cos\/\"]}]},{\"@type\":\"BreadcrumbList\",\"@id\":\"https:\/\/proto-fest.com\/es\/espectacle-esquerda-3-la-solitud-del-cos\/#breadcrumb\",\"itemListElement\":[{\"@type\":\"ListItem\",\"position\":1,\"name\":\"Home\",\"item\":\"https:\/\/proto-fest.com\/es\/\"},{\"@type\":\"ListItem\",\"position\":2,\"name\":\"ESPECTACLE: ESQUERDA III &#8211; LA SOLITUD DEL COS. UNA LIT\u00daRGIA D&#8217;AIRE I OSSOS.\"}]},{\"@type\":\"WebSite\",\"@id\":\"https:\/\/proto-fest.com\/es\/#website\",\"url\":\"https:\/\/proto-fest.com\/es\/\",\"name\":\"Proto-fest\",\"description\":\"Festival de m\u00fasica Tortosa\",\"publisher\":{\"@id\":\"https:\/\/proto-fest.com\/es\/#organization\"},\"potentialAction\":[{\"@type\":\"SearchAction\",\"target\":{\"@type\":\"EntryPoint\",\"urlTemplate\":\"https:\/\/proto-fest.com\/es\/?s={search_term_string}\"},\"query-input\":\"required name=search_term_string\"}],\"inLanguage\":\"es\"},{\"@type\":\"Organization\",\"@id\":\"https:\/\/proto-fest.com\/es\/#organization\",\"name\":\"Proto-fest\",\"url\":\"https:\/\/proto-fest.com\/es\/\",\"logo\":{\"@type\":\"ImageObject\",\"inLanguage\":\"es\",\"@id\":\"https:\/\/proto-fest.com\/es\/#\/schema\/logo\/image\/\",\"url\":\"https:\/\/proto-fest.com\/wp-content\/uploads\/2026\/04\/cropped-cropped-logo_proto6_header-01-1-1.png\",\"contentUrl\":\"https:\/\/proto-fest.com\/wp-content\/uploads\/2026\/04\/cropped-cropped-logo_proto6_header-01-1-1.png\",\"width\":323,\"height\":143,\"caption\":\"Proto-fest\"},\"image\":{\"@id\":\"https:\/\/proto-fest.com\/es\/#\/schema\/logo\/image\/\"}}]}<\/script>\n<!-- \/ Yoast SEO plugin. -->","yoast_head_json":{"title":"ESPECTACLE: ESQUERDA III - LA SOLITUD DEL COS. UNA LIT\u00daRGIA D'AIRE I OSSOS. - Proto-fest","description":"R\u00c8QUIEM DE MOZART. Alumnat de Cor i Orquestra, direcci\u00f3 de Francesc Valldecabres i direcci\u00f3 esc\u00e8nica de Mireia Andreu i Jaume Mart\u00ednez.","robots":{"index":"index","follow":"follow","max-snippet":"max-snippet:-1","max-image-preview":"max-image-preview:large","max-video-preview":"max-video-preview:-1"},"canonical":"https:\/\/proto-fest.com\/es\/espectacle-esquerda-3-la-solitud-del-cos\/","og_locale":"es_ES","og_type":"article","og_title":"ESPECTACLE: ESQUERDA III - LA SOLITUD DEL COS. UNA LIT\u00daRGIA D'AIRE I OSSOS.","og_description":"R\u00c8QUIEM DE MOZART. Alumnat de Cor i Orquestra, direcci\u00f3 de Francesc Valldecabres i direcci\u00f3 esc\u00e8nica de Mireia Andreu i Jaume Mart\u00ednez.","og_url":"https:\/\/proto-fest.com\/es\/espectacle-esquerda-3-la-solitud-del-cos\/","og_site_name":"Proto-fest","article_modified_time":"2025-07-31T11:03:36+00:00","og_image":[{"width":200,"height":200,"url":"https:\/\/proto-fest.com\/wp-content\/uploads\/2025\/05\/logo_proto5_social-01.png","type":"image\/png"}],"twitter_card":"summary_large_image","twitter_title":"ESPECTACLE: ESQUERDA III - LA SOLITUD DEL COS. UNA LIT\u00daRGIA D'AIRE I OSSOS.","twitter_description":"R\u00c8QUIEM DE MOZART. Alumnat de Cor i Orquestra, direcci\u00f3 de Francesc Valldecabres i direcci\u00f3 esc\u00e8nica de Mireia Andreu i Jaume Mart\u00ednez.","twitter_image":"https:\/\/proto-fest.com\/wp-content\/uploads\/2025\/05\/logo_proto5_social-01.png","twitter_misc":{"Tiempo de lectura":"5 minutos"},"schema":{"@context":"https:\/\/schema.org","@graph":[{"@type":"WebPage","@id":"https:\/\/proto-fest.com\/es\/espectacle-esquerda-3-la-solitud-del-cos\/","url":"https:\/\/proto-fest.com\/es\/espectacle-esquerda-3-la-solitud-del-cos\/","name":"ESPECTACLE: ESQUERDA III - LA SOLITUD DEL COS. UNA LIT\u00daRGIA D'AIRE I OSSOS. - Proto-fest","isPartOf":{"@id":"https:\/\/proto-fest.com\/es\/#website"},"datePublished":"2025-06-21T15:50:19+00:00","dateModified":"2025-07-31T11:03:36+00:00","description":"R\u00c8QUIEM DE MOZART. Alumnat de Cor i Orquestra, direcci\u00f3 de Francesc Valldecabres i direcci\u00f3 esc\u00e8nica de Mireia Andreu i Jaume Mart\u00ednez.","breadcrumb":{"@id":"https:\/\/proto-fest.com\/es\/espectacle-esquerda-3-la-solitud-del-cos\/#breadcrumb"},"inLanguage":"es","potentialAction":[{"@type":"ReadAction","target":["https:\/\/proto-fest.com\/es\/espectacle-esquerda-3-la-solitud-del-cos\/"]}]},{"@type":"BreadcrumbList","@id":"https:\/\/proto-fest.com\/es\/espectacle-esquerda-3-la-solitud-del-cos\/#breadcrumb","itemListElement":[{"@type":"ListItem","position":1,"name":"Home","item":"https:\/\/proto-fest.com\/es\/"},{"@type":"ListItem","position":2,"name":"ESPECTACLE: ESQUERDA III &#8211; LA SOLITUD DEL COS. UNA LIT\u00daRGIA D&#8217;AIRE I OSSOS."}]},{"@type":"WebSite","@id":"https:\/\/proto-fest.com\/es\/#website","url":"https:\/\/proto-fest.com\/es\/","name":"Proto-fest","description":"Festival de m\u00fasica Tortosa","publisher":{"@id":"https:\/\/proto-fest.com\/es\/#organization"},"potentialAction":[{"@type":"SearchAction","target":{"@type":"EntryPoint","urlTemplate":"https:\/\/proto-fest.com\/es\/?s={search_term_string}"},"query-input":"required name=search_term_string"}],"inLanguage":"es"},{"@type":"Organization","@id":"https:\/\/proto-fest.com\/es\/#organization","name":"Proto-fest","url":"https:\/\/proto-fest.com\/es\/","logo":{"@type":"ImageObject","inLanguage":"es","@id":"https:\/\/proto-fest.com\/es\/#\/schema\/logo\/image\/","url":"https:\/\/proto-fest.com\/wp-content\/uploads\/2026\/04\/cropped-cropped-logo_proto6_header-01-1-1.png","contentUrl":"https:\/\/proto-fest.com\/wp-content\/uploads\/2026\/04\/cropped-cropped-logo_proto6_header-01-1-1.png","width":323,"height":143,"caption":"Proto-fest"},"image":{"@id":"https:\/\/proto-fest.com\/es\/#\/schema\/logo\/image\/"}}]}},"_links":{"self":[{"href":"https:\/\/proto-fest.com\/es\/wp-json\/wp\/v2\/pages\/59883"}],"collection":[{"href":"https:\/\/proto-fest.com\/es\/wp-json\/wp\/v2\/pages"}],"about":[{"href":"https:\/\/proto-fest.com\/es\/wp-json\/wp\/v2\/types\/page"}],"author":[{"embeddable":true,"href":"https:\/\/proto-fest.com\/es\/wp-json\/wp\/v2\/users\/1"}],"replies":[{"embeddable":true,"href":"https:\/\/proto-fest.com\/es\/wp-json\/wp\/v2\/comments?post=59883"}],"version-history":[{"count":3,"href":"https:\/\/proto-fest.com\/es\/wp-json\/wp\/v2\/pages\/59883\/revisions"}],"predecessor-version":[{"id":59946,"href":"https:\/\/proto-fest.com\/es\/wp-json\/wp\/v2\/pages\/59883\/revisions\/59946"}],"wp:attachment":[{"href":"https:\/\/proto-fest.com\/es\/wp-json\/wp\/v2\/media?parent=59883"}],"curies":[{"name":"wp","href":"https:\/\/api.w.org\/{rel}","templated":true}]}}