{"id":59909,"date":"2025-06-22T08:23:03","date_gmt":"2025-06-22T06:23:03","guid":{"rendered":"https:\/\/proto-fest.com\/espectacle-esquerda-4-fossa\/"},"modified":"2025-07-25T15:51:25","modified_gmt":"2025-07-25T13:51:25","slug":"espectacle-esquerda-4-fossa","status":"publish","type":"page","link":"https:\/\/proto-fest.com\/es\/espectacle-esquerda-4-fossa\/","title":{"rendered":"ESPECTACLE: ESQUERDA IV &#8211; FOSSA. SANG I MEL ALS LLAVIS."},"content":{"rendered":"<p>[vc_row row_height_percent=\u00bb0&#8243; back_color=\u00bbcolor-jevc\u00bb overlay_alpha=\u00bb50&#8243; gutter_size=\u00bb3&#8243; column_width_percent=\u00bb100&#8243; shift_y=\u00bb0&#8243; z_index=\u00bb0&#8243; uncode_shortcode_id=\u00bb181188&#8243; back_color_type=\u00bbuncode-palette\u00bb][vc_column width=\u00bb1\/1&#8243;][vc_custom_heading text_color=\u00bbcolor-jevc\u00bb heading_semantic=\u00bbh1&#8243; text_font=\u00bbfont-555555&#8243; text_size=\u00bbh1&#8243; uncode_shortcode_id=\u00bb964079&#8243; text_color_type=\u00bbuncode-palette\u00bb]<span class=\"font-555555\" style=\"font-weight: 400; color: #ffffff;\"><span style=\"font-weight: 400;\">ESQUERDA IV: FOSA. SANGRE Y MIEL EN LOS LABIOS.<\/span><\/span>[\/vc_custom_heading][vc_custom_heading text_color=\u00bbcolor-jevc\u00bb heading_semantic=\u00bbh1&#8243; text_font=\u00bbfont-813966&#8243; text_size=\u00bbfontsize-828701&#8243; uncode_shortcode_id=\u00bb403976&#8243; text_color_type=\u00bbuncode-palette\u00bb]<\/p>\n<h2><span class=\"font-187764 font-102516 font-813966\" style=\"font-weight: 400; color: #ffffff;\"><span style=\"font-weight: 400;\">Coro de c\u00e1mara participativo y Erdesz Viola Trio<\/span><\/span><\/h2>\n<h2><span class=\"font-187764 font-102516 font-813966\" style=\"font-weight: 400; color: #ffffff;\"><span style=\"font-weight: 400;\">Francesc Valldecabres, director <\/span><\/span><\/h2>\n<h2><span class=\"font-187764 font-102516 font-813966\" style=\"font-weight: 400; color: #ffffff;\"><span style=\"font-weight: 400;\">Mireia Andreu y Jaume Mart\u00ednez, direcci\u00f3n art\u00edstica\u00a0<\/span><\/span><\/h2>\n<p>[\/vc_custom_heading][\/vc_column][\/vc_row][vc_row unlock_row=\u00bb\u00bb row_height_percent=\u00bb0&#8243; back_color=\u00bbcolor-xsdn\u00bb overlay_alpha=\u00bb50&#8243; gutter_size=\u00bb3&#8243; column_width_percent=\u00bb100&#8243; shift_y=\u00bb0&#8243; z_index=\u00bb0&#8243; inverted_device_order=\u00bbyes\u00bb uncode_shortcode_id=\u00bb188268&#8243; back_color_type=\u00bbuncode-palette\u00bb][vc_column column_width_percent=\u00bb100&#8243; position_vertical=\u00bbmiddle\u00bb gutter_size=\u00bb1&#8243; style=\u00bbdark\u00bb overlay_alpha=\u00bb50&#8243; shift_x=\u00bb0&#8243; shift_y=\u00bb0&#8243; shift_y_down=\u00bb0&#8243; z_index=\u00bb0&#8243; medium_width=\u00bb0&#8243; mobile_width=\u00bb0&#8243; width=\u00bb1\/2&#8243; uncode_shortcode_id=\u00bb107810&#8243;][vc_custom_heading text_font=\u00bbfont-105735&#8243; text_size=\u00bbh4&#8243; uncode_shortcode_id=\u00bb197550&#8243;]<span style=\"color: #000000;\">S\u00e1bado, 2 de agosto,<\/span><br \/>\n<span style=\"color: #000000;\">a las 21.30 h<br \/>\n<\/span>[\/vc_custom_heading][vc_empty_space empty_h=\u00bb0&#8243;][vc_custom_heading heading_semantic=\u00bbh5&#8243; text_font=\u00bbfont-555555&#8243; text_size=\u00bbh4&#8243; uncode_shortcode_id=\u00bb448741&#8243;]<span style=\"color: #000000;\">Plaza de la Inmaculada<\/span>[\/vc_custom_heading][vc_custom_heading heading_semantic=\u00bbh3&#8243; text_font=\u00bbfont-942005&#8243; text_size=\u00bbh5&#8243; text_weight=\u00bb400&#8243; uncode_shortcode_id=\u00bb110886&#8243;]<span style=\"color: #000000;\"><a style=\"color: #000000;\" href=\"https:\/\/maps.app.goo.gl\/geFXnnGeK8L6K2Sd7\" target=\"_blank\" rel=\"noopener\">Ver ubicaci\u00f3n<\/a><\/span>[\/vc_custom_heading][vc_empty_space empty_h=\u00bb0&#8243;][vc_custom_heading heading_semantic=\u00bbh5&#8243; text_font=\u00bbfont-555555&#8243; text_size=\u00bbh5&#8243; uncode_shortcode_id=\u00bb464736&#8243;]<span style=\"color: #000000;\">Entrada: Gratuita.<\/span>[\/vc_custom_heading][\/vc_column][vc_column width=\u00bb1\/2&#8243;][vc_single_image media=\u00bb59454&#8243; media_width_percent=\u00bb100&#8243; uncode_shortcode_id=\u00bb767723&#8243;][\/vc_column][\/vc_row][vc_row][vc_column width=\u00bb1\/1&#8243;][vc_separator sep_color=\u00bbcolor-jevc\u00bb uncode_shortcode_id=\u00bb102172&#8243; sep_color_type=\u00bbuncode-palette\u00bb][vc_custom_heading heading_semantic=\u00bbh5&#8243; text_font=\u00bbfont-555555&#8243; text_size=\u00bbh4&#8243; uncode_shortcode_id=\u00bb258929&#8243;]<span style=\"font-weight: 400;\">Las piedras sangran fragmentos de cohetes y promesas. No caminamos entre ruinas: nadamos en intestinos de ni\u00f1os. Cada salpicadura en el muro es un mapa de casas que ya no sostendr\u00e1n sue\u00f1os. La memoria no es recuerdo: es un cad\u00e1ver con cord\u00f3n umbilical conectado a las noticias. Las sombras de 1492 se agachan para beber de las fosas de 2024. Los muertos no descansan: aplastan bajo la huella de los tanques, y cada nombre arrancado de la piel quema como f\u00f3sforo blanco en la lengua de quienes callan.<\/span><\/p>\n<p>&nbsp;<\/p>\n<p><span style=\"font-weight: 400;\">La fosa no es met\u00e1fora: es un vientre que pare muerte bajo las bombas de un dron pagado con tus impuestos. Son las ra\u00edces de olivares milenarios convertidas en cuchillos que se hunden en las gargantas de los supervivientes. En medio del ritmo fren\u00e9tico de sirenas y gritos, eres prisionero. Los pol\u00edticos subastan \u00f3rganos en el mercado de la indiferencia y llaman \u201cpaz\u201d al silencio de los que ya no pueden gritar. Cuando el polvo de las escuelas derrumbadas llene tus pulmones y el dron resuene en tu sue\u00f1o, escuchar\u00e1s el \u00faltimo mensaje de una periodista asesinada, mezclado con el zumbido que te mantiene firme en la cama. Es la confesi\u00f3n escrita con sangre que te obliga a mirar el abismo.<\/span>[\/vc_custom_heading][vc_separator sep_color=\u00bbcolor-jevc\u00bb uncode_shortcode_id=\u00bb102172&#8243; sep_color_type=\u00bbuncode-palette\u00bb][vc_column_text text_lead=\u00bbyes\u00bb text_color=\u00bbcolor-jevc\u00bb uncode_shortcode_id=\u00bb779288&#8243; text_color_type=\u00bbuncode-palette\u00bb]<span style=\"color: #000000;\"><strong>INT\u00c9RPRETES<\/strong><\/span><\/p>\n<p><span style=\"font-weight: 400;\">Erdesz Viola Trio. Formado exclusivamente por violas, es una formaci\u00f3n poco habitual en los escenarios. Proto-fest 2025 presenta una experiencia ins\u00f3lita, con el atractivo a\u00f1adido de un repertorio interpretado con instrumentos elaborados por el prestigioso lutier h\u00fangaro Otto Erdesz. El tr\u00edo debut\u00f3 en Londres en febrero de 2024 en un Concierto por la Paz y estren\u00f3 mundialmente <em>Agnus Dei<\/em>, obra del compositor israel\u00ed Oded Zehavi<\/span><span style=\"font-family: -apple-system, BlinkMacSystemFont, 'Segoe UI', Roboto, Oxygen-Sans, Ubuntu, Cantarell, 'Helvetica Neue', sans-serif;\">.<\/span><\/p>\n<p>&nbsp;<\/p>\n<p><span style=\"color: #000000;\"><strong>DIRECCI\u00d3N MUSICAL<\/strong><\/span><\/p>\n<p><span style=\"font-weight: 400;\">Francesc Valldecabres estudi\u00f3 en el Conservatorio de Valencia, donde se titul\u00f3 en Direcci\u00f3n de Orquesta, Direcci\u00f3n Coral, Improvisaci\u00f3n-Acompa\u00f1amiento y Clavec\u00edn. Ampli\u00f3 su formaci\u00f3n con m\u00e1steres en Est\u00e9tica y Creatividad Musical en la Universidad de Valencia, Musicolog\u00eda en la Universidad Aut\u00f3noma de Barcelona y Direcci\u00f3n Coral en el Conservatorio de R\u00f3terdam. Ha participado en clases magistrales con maestros como F. Br\u00fcggen y A. van Beek. Ha colaborado como pianista y correpetidor con formaciones como Laurens Collegium y Turiae Camerata, y ha dirigido orquestas y coros de toda Europa. Ha grabado una quincena de discos dedicados al patrimonio valenciano<\/span><span style=\"font-family: -apple-system, BlinkMacSystemFont, 'Segoe UI', Roboto, Oxygen-Sans, Ubuntu, Cantarell, 'Helvetica Neue', sans-serif;\">.<\/span><\/p>\n<p>&nbsp;<\/p>\n<p><span style=\"color: #000000;\"><strong>DIRECCI\u00d3N ESC\u00c9NICA<\/strong><\/span><\/p>\n<p><span style=\"font-weight: 400;\">Mireia Andreu estudi\u00f3 arte dram\u00e1tico y direcci\u00f3n esc\u00e9nica en el Institut del Teatre de Barcelona. En 2001 se incorpor\u00f3 a la compa\u00f1\u00eda la Carnicer\u00eda Teatro de Rodrigo Garc\u00eda, donde fue ayudante de direcci\u00f3n y producci\u00f3n en obras que giraron por Europa. En 2004 recibi\u00f3 el Premio UB\u00da al mejor espect\u00e1culo de producci\u00f3n contempor\u00e1nea y, en 2009, el Premio UNESCO a la mejor producci\u00f3n teatral contempor\u00e1nea. Desde 2005 desarrolla una trayectoria art\u00edstica en videocreaci\u00f3n y cine experimental. Ha presentado espect\u00e1culos en espacios como el MACBA, el Centre d&#8217;Art Lo Pati, el Festival de Filosof\u00eda Pensa de Barcelona y A Cel Obert de Tortosa.<\/span><\/p>\n<p>&nbsp;<\/p>\n<p><span style=\"font-weight: 400;\">Jaume Mart\u00ednez de Le\u00f3n es un creador visual con una trayectoria que fusiona artes visuales y sonoras con profunda sensibilidad art\u00edstica. Sus propuestas esc\u00e9nicas y visuales, a menudo presentes en el Proto~Fest, exploran la realidad contempor\u00e1nea, invitando a la reflexi\u00f3n social desde la belleza y la innovaci\u00f3n. Concibe el arte como una herramienta para cuestionar y reinterpretar nuestro entorno. Su trabajo se caracteriza por universos visuales y sonoros inmersivos que, sin ser did\u00e1cticos, provocan una mirada cr\u00edtica en el espectador<\/span><span style=\"font-family: -apple-system, BlinkMacSystemFont, 'Segoe UI', Roboto, Oxygen-Sans, Ubuntu, Cantarell, 'Helvetica Neue', sans-serif;\">.<\/span>[\/vc_column_text][\/vc_column][\/vc_row]<\/p>\n","protected":false},"excerpt":{"rendered":"<p>[vc_row row_height_percent=\u00bb0&#8243; back_color=\u00bbcolor-jevc\u00bb overlay_alpha=\u00bb50&#8243; gutter_size=\u00bb3&#8243; column_width_percent=\u00bb100&#8243; shift_y=\u00bb0&#8243; z_index=\u00bb0&#8243; uncode_shortcode_id=\u00bb181188&#8243; back_color_type=\u00bbuncode-palette\u00bb][vc_column width=\u00bb1\/1&#8243;][vc_custom_heading text_color=\u00bbcolor-jevc\u00bb heading_semantic=\u00bbh1&#8243; text_font=\u00bbfont-555555&#8243; text_size=\u00bbh1&#8243; uncode_shortcode_id=\u00bb964079&#8243; text_color_type=\u00bbuncode-palette\u00bb]ESQUERDA IV: FOSA. SANGRE [&hellip;]<\/p>\n","protected":false},"author":1,"featured_media":0,"parent":0,"menu_order":0,"comment_status":"closed","ping_status":"closed","template":"","meta":{"_monsterinsights_skip_tracking":false,"_monsterinsights_sitenote_active":false,"_monsterinsights_sitenote_note":"","_monsterinsights_sitenote_category":0,"footnotes":""},"yoast_head":"<!-- This site is optimized with the Yoast SEO plugin v21.3 - https:\/\/yoast.com\/wordpress\/plugins\/seo\/ -->\n<title>ESPECTACLE: ESQUERDA IV - FOSSA. SANG I MEL ALS LLAVIS. - Proto-fest<\/title>\n<meta name=\"description\" content=\"Amb cor de cambra participatiu i Erdesz Viola Trio, direcci\u00f3 de Francesc Valldecabres i direcci\u00f3 esc\u00e8nica de Mireia Andreu i Jaume Mart\u00ednez.\" \/>\n<meta name=\"robots\" content=\"index, follow, max-snippet:-1, max-image-preview:large, max-video-preview:-1\" \/>\n<link rel=\"canonical\" href=\"https:\/\/proto-fest.com\/es\/espectacle-esquerda-4-fossa\/\" \/>\n<meta property=\"og:locale\" content=\"es_ES\" \/>\n<meta property=\"og:type\" content=\"article\" \/>\n<meta property=\"og:title\" content=\"ESPECTACLE: ESQUERDA IV - FOSSA. SANG I MEL ALS LLAVIS.\" \/>\n<meta property=\"og:description\" content=\"Amb cor de cambra participatiu i Erdesz Viola Trio, direcci\u00f3 de Francesc Valldecabres i direcci\u00f3 esc\u00e8nica de Mireia Andreu i Jaume Mart\u00ednez.\" \/>\n<meta property=\"og:url\" content=\"https:\/\/proto-fest.com\/es\/espectacle-esquerda-4-fossa\/\" \/>\n<meta property=\"og:site_name\" content=\"Proto-fest\" \/>\n<meta property=\"article:modified_time\" content=\"2025-07-25T13:51:25+00:00\" \/>\n<meta property=\"og:image\" content=\"https:\/\/proto-fest.com\/wp-content\/uploads\/2025\/05\/logo_proto5_social-01.png\" \/>\n\t<meta property=\"og:image:width\" content=\"200\" \/>\n\t<meta property=\"og:image:height\" content=\"200\" \/>\n\t<meta property=\"og:image:type\" content=\"image\/png\" \/>\n<meta name=\"twitter:card\" content=\"summary_large_image\" \/>\n<meta name=\"twitter:title\" content=\"CONCERT INAUGURAL: L\u2019OMBRA DE FARINELLIESPECTACLE: ESQUERDA IV - FOSSA. SANG I MEL ALS LLAVIS.\" \/>\n<meta name=\"twitter:description\" content=\"Amb cor de cambra participatiu i Erdesz Viola Trio, direcci\u00f3 de Francesc Valldecabres i direcci\u00f3 esc\u00e8nica de Mireia Andreu i Jaume Mart\u00ednez.\" \/>\n<meta name=\"twitter:image\" content=\"https:\/\/proto-fest.com\/wp-content\/uploads\/2025\/05\/logo_proto5_social-01.png\" \/>\n<meta name=\"twitter:label1\" content=\"Tiempo de lectura\" \/>\n\t<meta name=\"twitter:data1\" content=\"5 minutos\" \/>\n<script type=\"application\/ld+json\" class=\"yoast-schema-graph\">{\"@context\":\"https:\/\/schema.org\",\"@graph\":[{\"@type\":\"WebPage\",\"@id\":\"https:\/\/proto-fest.com\/es\/espectacle-esquerda-4-fossa\/\",\"url\":\"https:\/\/proto-fest.com\/es\/espectacle-esquerda-4-fossa\/\",\"name\":\"ESPECTACLE: ESQUERDA IV - FOSSA. SANG I MEL ALS LLAVIS. - Proto-fest\",\"isPartOf\":{\"@id\":\"https:\/\/proto-fest.com\/es\/#website\"},\"datePublished\":\"2025-06-22T06:23:03+00:00\",\"dateModified\":\"2025-07-25T13:51:25+00:00\",\"description\":\"Amb cor de cambra participatiu i Erdesz Viola Trio, direcci\u00f3 de Francesc Valldecabres i direcci\u00f3 esc\u00e8nica de Mireia Andreu i Jaume Mart\u00ednez.\",\"breadcrumb\":{\"@id\":\"https:\/\/proto-fest.com\/es\/espectacle-esquerda-4-fossa\/#breadcrumb\"},\"inLanguage\":\"es\",\"potentialAction\":[{\"@type\":\"ReadAction\",\"target\":[\"https:\/\/proto-fest.com\/es\/espectacle-esquerda-4-fossa\/\"]}]},{\"@type\":\"BreadcrumbList\",\"@id\":\"https:\/\/proto-fest.com\/es\/espectacle-esquerda-4-fossa\/#breadcrumb\",\"itemListElement\":[{\"@type\":\"ListItem\",\"position\":1,\"name\":\"Home\",\"item\":\"https:\/\/proto-fest.com\/es\/\"},{\"@type\":\"ListItem\",\"position\":2,\"name\":\"ESPECTACLE: ESQUERDA IV &#8211; FOSSA. SANG I MEL ALS LLAVIS.\"}]},{\"@type\":\"WebSite\",\"@id\":\"https:\/\/proto-fest.com\/es\/#website\",\"url\":\"https:\/\/proto-fest.com\/es\/\",\"name\":\"Proto-fest\",\"description\":\"Festival de m\u00fasica Tortosa\",\"publisher\":{\"@id\":\"https:\/\/proto-fest.com\/es\/#organization\"},\"potentialAction\":[{\"@type\":\"SearchAction\",\"target\":{\"@type\":\"EntryPoint\",\"urlTemplate\":\"https:\/\/proto-fest.com\/es\/?s={search_term_string}\"},\"query-input\":\"required name=search_term_string\"}],\"inLanguage\":\"es\"},{\"@type\":\"Organization\",\"@id\":\"https:\/\/proto-fest.com\/es\/#organization\",\"name\":\"Proto-fest\",\"url\":\"https:\/\/proto-fest.com\/es\/\",\"logo\":{\"@type\":\"ImageObject\",\"inLanguage\":\"es\",\"@id\":\"https:\/\/proto-fest.com\/es\/#\/schema\/logo\/image\/\",\"url\":\"https:\/\/proto-fest.com\/wp-content\/uploads\/2026\/04\/cropped-cropped-logo_proto6_header-01-1-1.png\",\"contentUrl\":\"https:\/\/proto-fest.com\/wp-content\/uploads\/2026\/04\/cropped-cropped-logo_proto6_header-01-1-1.png\",\"width\":323,\"height\":143,\"caption\":\"Proto-fest\"},\"image\":{\"@id\":\"https:\/\/proto-fest.com\/es\/#\/schema\/logo\/image\/\"}}]}<\/script>\n<!-- \/ Yoast SEO plugin. -->","yoast_head_json":{"title":"ESPECTACLE: ESQUERDA IV - FOSSA. SANG I MEL ALS LLAVIS. - Proto-fest","description":"Amb cor de cambra participatiu i Erdesz Viola Trio, direcci\u00f3 de Francesc Valldecabres i direcci\u00f3 esc\u00e8nica de Mireia Andreu i Jaume Mart\u00ednez.","robots":{"index":"index","follow":"follow","max-snippet":"max-snippet:-1","max-image-preview":"max-image-preview:large","max-video-preview":"max-video-preview:-1"},"canonical":"https:\/\/proto-fest.com\/es\/espectacle-esquerda-4-fossa\/","og_locale":"es_ES","og_type":"article","og_title":"ESPECTACLE: ESQUERDA IV - FOSSA. SANG I MEL ALS LLAVIS.","og_description":"Amb cor de cambra participatiu i Erdesz Viola Trio, direcci\u00f3 de Francesc Valldecabres i direcci\u00f3 esc\u00e8nica de Mireia Andreu i Jaume Mart\u00ednez.","og_url":"https:\/\/proto-fest.com\/es\/espectacle-esquerda-4-fossa\/","og_site_name":"Proto-fest","article_modified_time":"2025-07-25T13:51:25+00:00","og_image":[{"width":200,"height":200,"url":"https:\/\/proto-fest.com\/wp-content\/uploads\/2025\/05\/logo_proto5_social-01.png","type":"image\/png"}],"twitter_card":"summary_large_image","twitter_title":"CONCERT INAUGURAL: L\u2019OMBRA DE FARINELLIESPECTACLE: ESQUERDA IV - FOSSA. SANG I MEL ALS LLAVIS.","twitter_description":"Amb cor de cambra participatiu i Erdesz Viola Trio, direcci\u00f3 de Francesc Valldecabres i direcci\u00f3 esc\u00e8nica de Mireia Andreu i Jaume Mart\u00ednez.","twitter_image":"https:\/\/proto-fest.com\/wp-content\/uploads\/2025\/05\/logo_proto5_social-01.png","twitter_misc":{"Tiempo de lectura":"5 minutos"},"schema":{"@context":"https:\/\/schema.org","@graph":[{"@type":"WebPage","@id":"https:\/\/proto-fest.com\/es\/espectacle-esquerda-4-fossa\/","url":"https:\/\/proto-fest.com\/es\/espectacle-esquerda-4-fossa\/","name":"ESPECTACLE: ESQUERDA IV - FOSSA. SANG I MEL ALS LLAVIS. - Proto-fest","isPartOf":{"@id":"https:\/\/proto-fest.com\/es\/#website"},"datePublished":"2025-06-22T06:23:03+00:00","dateModified":"2025-07-25T13:51:25+00:00","description":"Amb cor de cambra participatiu i Erdesz Viola Trio, direcci\u00f3 de Francesc Valldecabres i direcci\u00f3 esc\u00e8nica de Mireia Andreu i Jaume Mart\u00ednez.","breadcrumb":{"@id":"https:\/\/proto-fest.com\/es\/espectacle-esquerda-4-fossa\/#breadcrumb"},"inLanguage":"es","potentialAction":[{"@type":"ReadAction","target":["https:\/\/proto-fest.com\/es\/espectacle-esquerda-4-fossa\/"]}]},{"@type":"BreadcrumbList","@id":"https:\/\/proto-fest.com\/es\/espectacle-esquerda-4-fossa\/#breadcrumb","itemListElement":[{"@type":"ListItem","position":1,"name":"Home","item":"https:\/\/proto-fest.com\/es\/"},{"@type":"ListItem","position":2,"name":"ESPECTACLE: ESQUERDA IV &#8211; FOSSA. SANG I MEL ALS LLAVIS."}]},{"@type":"WebSite","@id":"https:\/\/proto-fest.com\/es\/#website","url":"https:\/\/proto-fest.com\/es\/","name":"Proto-fest","description":"Festival de m\u00fasica Tortosa","publisher":{"@id":"https:\/\/proto-fest.com\/es\/#organization"},"potentialAction":[{"@type":"SearchAction","target":{"@type":"EntryPoint","urlTemplate":"https:\/\/proto-fest.com\/es\/?s={search_term_string}"},"query-input":"required name=search_term_string"}],"inLanguage":"es"},{"@type":"Organization","@id":"https:\/\/proto-fest.com\/es\/#organization","name":"Proto-fest","url":"https:\/\/proto-fest.com\/es\/","logo":{"@type":"ImageObject","inLanguage":"es","@id":"https:\/\/proto-fest.com\/es\/#\/schema\/logo\/image\/","url":"https:\/\/proto-fest.com\/wp-content\/uploads\/2026\/04\/cropped-cropped-logo_proto6_header-01-1-1.png","contentUrl":"https:\/\/proto-fest.com\/wp-content\/uploads\/2026\/04\/cropped-cropped-logo_proto6_header-01-1-1.png","width":323,"height":143,"caption":"Proto-fest"},"image":{"@id":"https:\/\/proto-fest.com\/es\/#\/schema\/logo\/image\/"}}]}},"_links":{"self":[{"href":"https:\/\/proto-fest.com\/es\/wp-json\/wp\/v2\/pages\/59909"}],"collection":[{"href":"https:\/\/proto-fest.com\/es\/wp-json\/wp\/v2\/pages"}],"about":[{"href":"https:\/\/proto-fest.com\/es\/wp-json\/wp\/v2\/types\/page"}],"author":[{"embeddable":true,"href":"https:\/\/proto-fest.com\/es\/wp-json\/wp\/v2\/users\/1"}],"replies":[{"embeddable":true,"href":"https:\/\/proto-fest.com\/es\/wp-json\/wp\/v2\/comments?post=59909"}],"version-history":[{"count":1,"href":"https:\/\/proto-fest.com\/es\/wp-json\/wp\/v2\/pages\/59909\/revisions"}],"predecessor-version":[{"id":59910,"href":"https:\/\/proto-fest.com\/es\/wp-json\/wp\/v2\/pages\/59909\/revisions\/59910"}],"wp:attachment":[{"href":"https:\/\/proto-fest.com\/es\/wp-json\/wp\/v2\/media?parent=59909"}],"curies":[{"name":"wp","href":"https:\/\/api.w.org\/{rel}","templated":true}]}}