{"id":59912,"date":"2025-05-28T20:11:51","date_gmt":"2025-05-28T18:11:51","guid":{"rendered":"https:\/\/proto-fest.com\/programa-2025\/"},"modified":"2026-04-08T18:15:19","modified_gmt":"2026-04-08T16:15:19","slug":"programa-2025","status":"publish","type":"page","link":"https:\/\/proto-fest.com\/fr\/","title":{"rendered":"home 2026"},"content":{"rendered":"<p>[vc_row unlock_row_content=\u00a0\u00bbyes\u00a0\u00bb row_height_percent=\u00a0\u00bb100&Prime; overlay_alpha=\u00a0\u00bb50&Prime; gutter_size=\u00a0\u00bb3&Prime; column_width_percent=\u00a0\u00bb100&Prime; shift_y=\u00a0\u00bb0&Prime; z_index=\u00a0\u00bb0&Prime; uncode_shortcode_id=\u00a0\u00bb240361&Prime; front_end_with_slider=\u00a0\u00bbtrue\u00a0\u00bb][vc_column column_width_percent=\u00a0\u00bb100&Prime; position_horizontal=\u00a0\u00bbleft\u00a0\u00bb gutter_size=\u00a0\u00bb3&Prime; overlay_alpha=\u00a0\u00bb50&Prime; shift_x=\u00a0\u00bb0&Prime; shift_x_fixed=\u00a0\u00bbyes\u00a0\u00bb shift_y=\u00a0\u00bb0&Prime; shift_y_fixed=\u00a0\u00bbyes\u00a0\u00bb shift_y_down=\u00a0\u00bb0&Prime; shift_y_down_fixed=\u00a0\u00bbyes\u00a0\u00bb z_index=\u00a0\u00bb0&Prime; medium_width=\u00a0\u00bb0&Prime; mobile_width=\u00a0\u00bb0&Prime; width=\u00a0\u00bb1\/1&Prime; uncode_shortcode_id=\u00a0\u00bb195633&Prime;][uncode_slider slider_interval=\u00a0\u00bb5000&Prime; slider_navspeed=\u00a0\u00bb1000&Prime; slider_loop=\u00a0\u00bbyes\u00a0\u00bb slider_hide_arrows=\u00a0\u00bbyes\u00a0\u00bb][vc_row_inner row_inner_height_percent=\u00a0\u00bb75&Prime; force_width_grid=\u00a0\u00bbyes\u00a0\u00bb back_image=\u00a0\u00bb60050&Prime; back_image_auto=\u00a0\u00bbyes\u00a0\u00bb back_position=\u00a0\u00bbcenter center\u00a0\u00bb overlay_color=\u00a0\u00bbcolor-jevc\u00a0\u00bb overlay_alpha=\u00a0\u00bb0&Prime; gutter_size=\u00a0\u00bb3&Prime; shift_y=\u00a0\u00bb0&Prime; z_index=\u00a0\u00bb0&Prime; uncode_shortcode_id=\u00a0\u00bb141957&Prime; limit_content=\u00a0\u00bb\u00a0\u00bb front_end_with_slider=\u00a0\u00bbtrue\u00a0\u00bb overlay_color_type=\u00a0\u00bbuncode-palette\u00a0\u00bb shape_dividers=\u00a0\u00bb\u00a0\u00bb][vc_column_inner column_width_percent=\u00a0\u00bb100&Prime; position_horizontal=\u00a0\u00bbleft\u00a0\u00bb gutter_size=\u00a0\u00bb3&Prime; overlay_alpha=\u00a0\u00bb0&Prime; shift_x=\u00a0\u00bb0&Prime; shift_y=\u00a0\u00bb0&Prime; shift_y_down=\u00a0\u00bb0&Prime; z_index=\u00a0\u00bb0&Prime; medium_width=\u00a0\u00bb0&Prime; mobile_width=\u00a0\u00bb0&Prime; width=\u00a0\u00bb1\/1&Prime; uncode_shortcode_id=\u00a0\u00bb126834&Prime; link_to=\u00a0\u00bburl:https%3A%2F%2Fproto-fest.com%2F|title:PROGRAMA%202025&Prime;][\/vc_column_inner][\/vc_row_inner][vc_row_inner row_inner_height_percent=\u00a0\u00bb75&Prime; force_width_grid=\u00a0\u00bbyes\u00a0\u00bb back_image=\u00a0\u00bb60054&Prime; back_image_auto=\u00a0\u00bbyes\u00a0\u00bb back_position=\u00a0\u00bbcenter center\u00a0\u00bb overlay_color=\u00a0\u00bbcolor-jevc\u00a0\u00bb overlay_alpha=\u00a0\u00bb20&Prime; gutter_size=\u00a0\u00bb3&Prime; shift_y=\u00a0\u00bb0&Prime; z_index=\u00a0\u00bb0&Prime; uncode_shortcode_id=\u00a0\u00bb242942&Prime; limit_content=\u00a0\u00bb\u00a0\u00bb front_end_with_slider=\u00a0\u00bbtrue\u00a0\u00bb overlay_color_type=\u00a0\u00bbuncode-palette\u00a0\u00bb shape_dividers=\u00a0\u00bb\u00a0\u00bb][vc_column_inner column_width_percent=\u00a0\u00bb100&Prime; position_horizontal=\u00a0\u00bbleft\u00a0\u00bb gutter_size=\u00a0\u00bb3&Prime; overlay_alpha=\u00a0\u00bb0&Prime; shift_x=\u00a0\u00bb0&Prime; shift_y=\u00a0\u00bb0&Prime; shift_y_down=\u00a0\u00bb0&Prime; z_index=\u00a0\u00bb0&Prime; medium_width=\u00a0\u00bb0&Prime; mobile_width=\u00a0\u00bb0&Prime; width=\u00a0\u00bb1\/1&Prime; uncode_shortcode_id=\u00a0\u00bb146238&Prime; link_to=\u00a0\u00bburl:https%3A%2F%2Fproto-fest.com%2Fespectacle-esquerda-1-crit%2F|title:ESQUERDA%20I\u00a0\u00bb][\/vc_column_inner][\/vc_row_inner][\/uncode_slider][\/vc_column][\/vc_row][vc_row unlock_row_content=\u00a0\u00bbyes\u00a0\u00bb row_height_percent=\u00a0\u00bb0&Prime; override_padding=\u00a0\u00bbyes\u00a0\u00bb h_padding=\u00a0\u00bb2&Prime; top_padding=\u00a0\u00bb2&Prime; bottom_padding=\u00a0\u00bb2&Prime; overlay_alpha=\u00a0\u00bb50&Prime; gutter_size=\u00a0\u00bb3&Prime; column_width_percent=\u00a0\u00bb100&Prime; shift_y=\u00a0\u00bb0&Prime; z_index=\u00a0\u00bb0&Prime; uncode_shortcode_id=\u00a0\u00bb831292&Prime;][vc_column column_width_percent=\u00a0\u00bb100&Prime; gutter_size=\u00a0\u00bb1&Prime; overlay_alpha=\u00a0\u00bb50&Prime; shift_x=\u00a0\u00bb0&Prime; shift_y=\u00a0\u00bb0&Prime; shift_y_down=\u00a0\u00bb0&Prime; z_index=\u00a0\u00bb0&Prime; medium_width=\u00a0\u00bb0&Prime; mobile_width=\u00a0\u00bb0&Prime; width=\u00a0\u00bb1\/1&Prime; uncode_shortcode_id=\u00a0\u00bb139156&Prime; link_to=\u00a0\u00bburl:https%3A%2F%2Fproto-fest.com%2Fen%2Fconcert-inaugural-lombra-de-farinelli%2F|title:CONCERT%20INAUGURAL.%20L&rsquo;OMBRA%20DE%20FARINELLI\u00a0\u00bb][vc_separator sep_color=\u00a0\u00bbcolor-jevc\u00a0\u00bb uncode_shortcode_id=\u00a0\u00bb203888&Prime; sep_color_type=\u00a0\u00bbuncode-palette\u00a0\u00bb el_height=\u00a0\u00bb2px\u00a0\u00bb][vc_empty_space empty_h=\u00a0\u00bb1&Prime;][vc_custom_heading heading_semantic=\u00a0\u00bbh3&Prime; text_font=\u00a0\u00bbfont-555555&Prime; uncode_shortcode_id=\u00a0\u00bb176013&Prime;]23 \/ 07[\/vc_custom_heading][vc_custom_heading heading_semantic=\u00a0\u00bbh3&Prime; text_font=\u00a0\u00bbfont-555555&Prime; text_size=\u00a0\u00bbh5&Prime; uncode_shortcode_id=\u00a0\u00bb166219&Prime;]De 10 a 14 h i de 16 a 19 h[\/vc_custom_heading][vc_separator sep_color=\u00a0\u00bbcolor-210407&Prime; uncode_shortcode_id=\u00a0\u00bb209954&Prime; sep_color_type=\u00a0\u00bbuncode-palette\u00a0\u00bb el_height=\u00a0\u00bb2px\u00a0\u00bb][vc_empty_space empty_h=\u00a0\u00bb1&Prime;][vc_custom_heading heading_semantic=\u00a0\u00bbh3&Prime; text_font=\u00a0\u00bbfont-555555&Prime; uncode_shortcode_id=\u00a0\u00bb672043&Prime;]MASTERCLASS D&rsquo;\u00d2PERA BARROCA[\/vc_custom_heading][vc_custom_heading heading_semantic=\u00a0\u00bbh3&Prime; text_font=\u00a0\u00bbfont-102516&Prime; uncode_shortcode_id=\u00a0\u00bb571284&Prime;]OPERA STUDIO amb Jordi Dom\u00e8nech[\/vc_custom_heading][\/vc_column][\/vc_row][vc_row row_height_percent=\u00a0\u00bb0&Prime; override_padding=\u00a0\u00bbyes\u00a0\u00bb h_padding=\u00a0\u00bb2&Prime; top_padding=\u00a0\u00bb0&Prime; bottom_padding=\u00a0\u00bb2&Prime; overlay_alpha=\u00a0\u00bb50&Prime; gutter_size=\u00a0\u00bb3&Prime; column_width_percent=\u00a0\u00bb100&Prime; shift_y=\u00a0\u00bb0&Prime; z_index=\u00a0\u00bb0&Prime; uncode_shortcode_id=\u00a0\u00bb208627&Prime;][vc_column column_width_percent=\u00a0\u00bb100&Prime; gutter_size=\u00a0\u00bb3&Prime; overlay_alpha=\u00a0\u00bb50&Prime; shift_x=\u00a0\u00bb0&Prime; shift_y=\u00a0\u00bb0&Prime; shift_y_down=\u00a0\u00bb0&Prime; z_index=\u00a0\u00bb0&Prime; medium_width=\u00a0\u00bb0&Prime; mobile_width=\u00a0\u00bb0&Prime; width=\u00a0\u00bb1\/1&Prime; uncode_shortcode_id=\u00a0\u00bb748403&Prime;][vc_button button_color=\u00a0\u00bbcolor-210407&Prime; size=\u00a0\u00bbbtn-xl\u00a0\u00bb border_width=\u00a0\u00bb0&Prime; link=\u00a0\u00bburl:https%3A%2F%2Fproto-fest.com%2Fen%2Fincripcions-masterclasses-2025%2F|title:Inscripcions%20Masterclasses%202026&Prime; button_color_type=\u00a0\u00bbuncode-palette\u00a0\u00bb uncode_shortcode_id=\u00a0\u00bb201988&Prime;]INSCRIU-T&rsquo;HI![\/vc_button][\/vc_column][\/vc_row][vc_row unlock_row_content=\u00a0\u00bbyes\u00a0\u00bb row_height_percent=\u00a0\u00bb0&Prime; overlay_alpha=\u00a0\u00bb50&Prime; gutter_size=\u00a0\u00bb3&Prime; column_width_percent=\u00a0\u00bb100&Prime; shift_y=\u00a0\u00bb0&Prime; z_index=\u00a0\u00bb0&Prime; uncode_shortcode_id=\u00a0\u00bb407929&Prime;][vc_column width=\u00a0\u00bb1\/1&Prime;][vc_separator sep_color=\u00a0\u00bbcolor-jevc\u00a0\u00bb uncode_shortcode_id=\u00a0\u00bb275309&Prime; sep_color_type=\u00a0\u00bbuncode-palette\u00a0\u00bb el_height=\u00a0\u00bb2px\u00a0\u00bb][vc_empty_space empty_h=\u00a0\u00bb2&Prime;][\/vc_column][\/vc_row][vc_row unlock_row_content=\u00a0\u00bbyes\u00a0\u00bb row_height_percent=\u00a0\u00bb0&Prime; overlay_alpha=\u00a0\u00bb50&Prime; gutter_size=\u00a0\u00bb3&Prime; column_width_percent=\u00a0\u00bb100&Prime; shift_y=\u00a0\u00bb0&Prime; z_index=\u00a0\u00bb0&Prime; uncode_shortcode_id=\u00a0\u00bb464967&Prime;][vc_column width=\u00a0\u00bb1\/1&Prime;][vc_single_image media=\u00a0\u00bb59290&Prime; media_width_percent=\u00a0\u00bb100&Prime; uncode_shortcode_id=\u00a0\u00bb176793&Prime;][\/vc_column][\/vc_row][vc_row][vc_column width=\u00a0\u00bb1\/1&Prime;][\/vc_column][\/vc_row]<\/p>\n","protected":false},"excerpt":{"rendered":"<p>[vc_row unlock_row_content=\u00a0\u00bbyes\u00a0\u00bb row_height_percent=\u00a0\u00bb100&Prime; overlay_alpha=\u00a0\u00bb50&Prime; gutter_size=\u00a0\u00bb3&Prime; column_width_percent=\u00a0\u00bb100&Prime; shift_y=\u00a0\u00bb0&Prime; z_index=\u00a0\u00bb0&Prime; uncode_shortcode_id=\u00a0\u00bb240361&Prime; front_end_with_slider=\u00a0\u00bbtrue\u00a0\u00bb][vc_column column_width_percent=\u00a0\u00bb100&Prime; position_horizontal=\u00a0\u00bbleft\u00a0\u00bb gutter_size=\u00a0\u00bb3&Prime; overlay_alpha=\u00a0\u00bb50&Prime; shift_x=\u00a0\u00bb0&Prime; shift_x_fixed=\u00a0\u00bbyes\u00a0\u00bb shift_y=\u00a0\u00bb0&Prime; shift_y_fixed=\u00a0\u00bbyes\u00a0\u00bb shift_y_down=\u00a0\u00bb0&Prime; shift_y_down_fixed=\u00a0\u00bbyes\u00a0\u00bb [&hellip;]<\/p>\n","protected":false},"author":1,"featured_media":60032,"parent":0,"menu_order":0,"comment_status":"closed","ping_status":"closed","template":"","meta":{"_monsterinsights_skip_tracking":false,"_monsterinsights_sitenote_active":false,"_monsterinsights_sitenote_note":"","_monsterinsights_sitenote_category":0,"footnotes":""},"yoast_head":"<!-- This site is optimized with the Yoast SEO plugin v21.3 - https:\/\/yoast.com\/wordpress\/plugins\/seo\/ -->\n<title>home 2026 - Proto-fest<\/title>\n<meta name=\"description\" content=\"Del 23 de juliol al 2 d&#039;agost de 2025 tindr\u00e0 lloc la 5a edici\u00f3 del Proto-fest. Festival de M\u00fasica de Tortosa.\" \/>\n<meta name=\"robots\" content=\"index, follow, max-snippet:-1, max-image-preview:large, max-video-preview:-1\" \/>\n<link rel=\"canonical\" href=\"https:\/\/proto-fest.com\/fr\/\" \/>\n<meta property=\"og:locale\" content=\"fr_FR\" \/>\n<meta property=\"og:type\" content=\"article\" \/>\n<meta property=\"og:title\" content=\"Proto-fest 5. Festival de M\u00fasica de Tortosa\" \/>\n<meta property=\"og:description\" content=\"Del 23 de juliol al 2 d&#039;agost de 2025 tindr\u00e0 lloc la 5a edici\u00f3 del Proto-fest. Festival de M\u00fasica de Tortosa.\" \/>\n<meta property=\"og:url\" content=\"https:\/\/proto-fest.com\/fr\/\" \/>\n<meta property=\"og:site_name\" content=\"Proto-fest\" \/>\n<meta property=\"article:modified_time\" content=\"2026-04-08T16:15:19+00:00\" \/>\n<meta property=\"og:image\" content=\"https:\/\/proto-fest.com\/wp-content\/uploads\/2025\/05\/logo_proto5_social-01.png\" \/>\n\t<meta property=\"og:image:width\" content=\"200\" \/>\n\t<meta property=\"og:image:height\" content=\"200\" \/>\n\t<meta property=\"og:image:type\" content=\"image\/png\" \/>\n<meta name=\"twitter:card\" content=\"summary_large_image\" \/>\n<meta name=\"twitter:title\" content=\"Proto-fest 5. Festival de M\u00fasica de Tortosa\" \/>\n<meta name=\"twitter:description\" content=\"Del 23 de juliol al 2 d&#039;agost de 2025 tindr\u00e0 lloc la 5a edici\u00f3 del Proto-fest. Festival de M\u00fasica de Tortosa.\" \/>\n<meta name=\"twitter:image\" content=\"https:\/\/proto-fest.com\/wp-content\/uploads\/2025\/05\/logo_proto5_social-01.png\" \/>\n<meta name=\"twitter:label1\" content=\"Dur\u00e9e de lecture estim\u00e9e\" \/>\n\t<meta name=\"twitter:data1\" content=\"2 minutes\" \/>\n<script type=\"application\/ld+json\" class=\"yoast-schema-graph\">{\"@context\":\"https:\/\/schema.org\",\"@graph\":[{\"@type\":\"WebPage\",\"@id\":\"https:\/\/proto-fest.com\/fr\/\",\"url\":\"https:\/\/proto-fest.com\/fr\/\",\"name\":\"home 2026 - Proto-fest\",\"isPartOf\":{\"@id\":\"https:\/\/proto-fest.com\/fr\/#website\"},\"datePublished\":\"2025-05-28T18:11:51+00:00\",\"dateModified\":\"2026-04-08T16:15:19+00:00\",\"description\":\"Del 23 de juliol al 2 d'agost de 2025 tindr\u00e0 lloc la 5a edici\u00f3 del Proto-fest. Festival de M\u00fasica de Tortosa.\",\"breadcrumb\":{\"@id\":\"https:\/\/proto-fest.com\/fr\/#breadcrumb\"},\"inLanguage\":\"fr-FR\",\"potentialAction\":[{\"@type\":\"ReadAction\",\"target\":[\"https:\/\/proto-fest.com\/fr\/\"]}]},{\"@type\":\"BreadcrumbList\",\"@id\":\"https:\/\/proto-fest.com\/fr\/#breadcrumb\",\"itemListElement\":[{\"@type\":\"ListItem\",\"position\":1,\"name\":\"Home\",\"item\":\"https:\/\/proto-fest.com\/fr\/\"},{\"@type\":\"ListItem\",\"position\":2,\"name\":\"home 2026\"}]},{\"@type\":\"WebSite\",\"@id\":\"https:\/\/proto-fest.com\/fr\/#website\",\"url\":\"https:\/\/proto-fest.com\/fr\/\",\"name\":\"Proto-fest\",\"description\":\"Festival de m\u00fasica Tortosa\",\"publisher\":{\"@id\":\"https:\/\/proto-fest.com\/fr\/#organization\"},\"potentialAction\":[{\"@type\":\"SearchAction\",\"target\":{\"@type\":\"EntryPoint\",\"urlTemplate\":\"https:\/\/proto-fest.com\/fr\/?s={search_term_string}\"},\"query-input\":\"required name=search_term_string\"}],\"inLanguage\":\"fr-FR\"},{\"@type\":\"Organization\",\"@id\":\"https:\/\/proto-fest.com\/fr\/#organization\",\"name\":\"Proto-fest\",\"url\":\"https:\/\/proto-fest.com\/fr\/\",\"logo\":{\"@type\":\"ImageObject\",\"inLanguage\":\"fr-FR\",\"@id\":\"https:\/\/proto-fest.com\/fr\/#\/schema\/logo\/image\/\",\"url\":\"https:\/\/proto-fest.com\/wp-content\/uploads\/2026\/04\/cropped-cropped-logo_proto6_header-01-1-1.png\",\"contentUrl\":\"https:\/\/proto-fest.com\/wp-content\/uploads\/2026\/04\/cropped-cropped-logo_proto6_header-01-1-1.png\",\"width\":323,\"height\":143,\"caption\":\"Proto-fest\"},\"image\":{\"@id\":\"https:\/\/proto-fest.com\/fr\/#\/schema\/logo\/image\/\"}}]}<\/script>\n<!-- \/ Yoast SEO plugin. -->","yoast_head_json":{"title":"home 2026 - Proto-fest","description":"Del 23 de juliol al 2 d'agost de 2025 tindr\u00e0 lloc la 5a edici\u00f3 del Proto-fest. Festival de M\u00fasica de Tortosa.","robots":{"index":"index","follow":"follow","max-snippet":"max-snippet:-1","max-image-preview":"max-image-preview:large","max-video-preview":"max-video-preview:-1"},"canonical":"https:\/\/proto-fest.com\/fr\/","og_locale":"fr_FR","og_type":"article","og_title":"Proto-fest 5. Festival de M\u00fasica de Tortosa","og_description":"Del 23 de juliol al 2 d'agost de 2025 tindr\u00e0 lloc la 5a edici\u00f3 del Proto-fest. Festival de M\u00fasica de Tortosa.","og_url":"https:\/\/proto-fest.com\/fr\/","og_site_name":"Proto-fest","article_modified_time":"2026-04-08T16:15:19+00:00","og_image":[{"width":200,"height":200,"url":"https:\/\/proto-fest.com\/wp-content\/uploads\/2025\/05\/logo_proto5_social-01.png","type":"image\/png"}],"twitter_card":"summary_large_image","twitter_title":"Proto-fest 5. Festival de M\u00fasica de Tortosa","twitter_description":"Del 23 de juliol al 2 d'agost de 2025 tindr\u00e0 lloc la 5a edici\u00f3 del Proto-fest. Festival de M\u00fasica de Tortosa.","twitter_image":"https:\/\/proto-fest.com\/wp-content\/uploads\/2025\/05\/logo_proto5_social-01.png","twitter_misc":{"Dur\u00e9e de lecture estim\u00e9e":"2 minutes"},"schema":{"@context":"https:\/\/schema.org","@graph":[{"@type":"WebPage","@id":"https:\/\/proto-fest.com\/fr\/","url":"https:\/\/proto-fest.com\/fr\/","name":"home 2026 - Proto-fest","isPartOf":{"@id":"https:\/\/proto-fest.com\/fr\/#website"},"datePublished":"2025-05-28T18:11:51+00:00","dateModified":"2026-04-08T16:15:19+00:00","description":"Del 23 de juliol al 2 d'agost de 2025 tindr\u00e0 lloc la 5a edici\u00f3 del Proto-fest. Festival de M\u00fasica de Tortosa.","breadcrumb":{"@id":"https:\/\/proto-fest.com\/fr\/#breadcrumb"},"inLanguage":"fr-FR","potentialAction":[{"@type":"ReadAction","target":["https:\/\/proto-fest.com\/fr\/"]}]},{"@type":"BreadcrumbList","@id":"https:\/\/proto-fest.com\/fr\/#breadcrumb","itemListElement":[{"@type":"ListItem","position":1,"name":"Home","item":"https:\/\/proto-fest.com\/fr\/"},{"@type":"ListItem","position":2,"name":"home 2026"}]},{"@type":"WebSite","@id":"https:\/\/proto-fest.com\/fr\/#website","url":"https:\/\/proto-fest.com\/fr\/","name":"Proto-fest","description":"Festival de m\u00fasica Tortosa","publisher":{"@id":"https:\/\/proto-fest.com\/fr\/#organization"},"potentialAction":[{"@type":"SearchAction","target":{"@type":"EntryPoint","urlTemplate":"https:\/\/proto-fest.com\/fr\/?s={search_term_string}"},"query-input":"required name=search_term_string"}],"inLanguage":"fr-FR"},{"@type":"Organization","@id":"https:\/\/proto-fest.com\/fr\/#organization","name":"Proto-fest","url":"https:\/\/proto-fest.com\/fr\/","logo":{"@type":"ImageObject","inLanguage":"fr-FR","@id":"https:\/\/proto-fest.com\/fr\/#\/schema\/logo\/image\/","url":"https:\/\/proto-fest.com\/wp-content\/uploads\/2026\/04\/cropped-cropped-logo_proto6_header-01-1-1.png","contentUrl":"https:\/\/proto-fest.com\/wp-content\/uploads\/2026\/04\/cropped-cropped-logo_proto6_header-01-1-1.png","width":323,"height":143,"caption":"Proto-fest"},"image":{"@id":"https:\/\/proto-fest.com\/fr\/#\/schema\/logo\/image\/"}}]}},"_links":{"self":[{"href":"https:\/\/proto-fest.com\/fr\/wp-json\/wp\/v2\/pages\/59912"}],"collection":[{"href":"https:\/\/proto-fest.com\/fr\/wp-json\/wp\/v2\/pages"}],"about":[{"href":"https:\/\/proto-fest.com\/fr\/wp-json\/wp\/v2\/types\/page"}],"author":[{"embeddable":true,"href":"https:\/\/proto-fest.com\/fr\/wp-json\/wp\/v2\/users\/1"}],"replies":[{"embeddable":true,"href":"https:\/\/proto-fest.com\/fr\/wp-json\/wp\/v2\/comments?post=59912"}],"version-history":[{"count":6,"href":"https:\/\/proto-fest.com\/fr\/wp-json\/wp\/v2\/pages\/59912\/revisions"}],"predecessor-version":[{"id":60082,"href":"https:\/\/proto-fest.com\/fr\/wp-json\/wp\/v2\/pages\/59912\/revisions\/60082"}],"wp:featuredmedia":[{"embeddable":true,"href":"https:\/\/proto-fest.com\/fr\/wp-json\/wp\/v2\/media\/60032"}],"wp:attachment":[{"href":"https:\/\/proto-fest.com\/fr\/wp-json\/wp\/v2\/media?parent=59912"}],"curies":[{"name":"wp","href":"https:\/\/api.w.org\/{rel}","templated":true}]}}